{"id":26663,"date":"2024-05-24T11:36:43","date_gmt":"2024-05-24T09:36:43","guid":{"rendered":"https:\/\/www.marthapalermo.it\/?page_id=26663"},"modified":"2025-07-26T20:47:38","modified_gmt":"2025-07-26T18:47:38","slug":"annual-courses-in-music-advanced-training-2024-2025","status":"publish","type":"page","link":"https:\/\/www.marthapalermo.it\/en\/annual-courses-in-music-advanced-training-2024-2025\/","title":{"rendered":"Annual Courses in Music Advanced Training 2024-2025"},"content":{"rendered":"\t\t<div data-elementor-type=\"wp-page\" data-elementor-id=\"26663\" class=\"elementor elementor-26663\" data-elementor-post-type=\"page\">\n\t\t\t\t\t\t<section class=\"elementor-section elementor-top-section elementor-element elementor-element-b12e58f elementor-section-full_width elementor-section-content-middle elementor-section-height-default elementor-section-height-default\" data-id=\"b12e58f\" data-element_type=\"section\" data-e-type=\"section\">\n\t\t\t\t\t\t<div class=\"elementor-container elementor-column-gap-narrow\">\n\t\t\t\t\t<div class=\"elementor-column elementor-col-100 elementor-top-column elementor-element elementor-element-b3abc76\" data-id=\"b3abc76\" data-element_type=\"column\" data-e-type=\"column\">\n\t\t\t<div class=\"elementor-widget-wrap elementor-element-populated\">\n\t\t\t\t\t\t<div class=\"elementor-element elementor-element-8cdef76 elementor-widget elementor-widget-heading\" data-id=\"8cdef76\" data-element_type=\"widget\" data-e-type=\"widget\" data-widget_type=\"heading.default\">\n\t\t\t\t<div class=\"elementor-widget-container\">\n\t\t\t\t\t<h1 class=\"elementor-heading-title elementor-size-default\"> <b>ANNUAL COURSES<\/b><\/h1>\t\t\t\t<\/div>\n\t\t\t\t<\/div>\n\t\t\t\t<div class=\"elementor-element elementor-element-a7a1bc6 elementor-widget elementor-widget-heading\" data-id=\"a7a1bc6\" data-element_type=\"widget\" data-e-type=\"widget\" data-widget_type=\"heading.default\">\n\t\t\t\t<div class=\"elementor-widget-container\">\n\t\t\t\t\t<h5 class=\"elementor-heading-title elementor-size-default\">OF HIGH MUSIC PERFECTION<br>20<b>24<\/b>-20<b>25<\/b><\/h5>\t\t\t\t<\/div>\n\t\t\t\t<\/div>\n\t\t\t\t<div class=\"elementor-element elementor-element-07ee8a9 elementor-widget elementor-widget-gallery\" data-id=\"07ee8a9\" data-element_type=\"widget\" data-e-type=\"widget\" data-settings=\"{&quot;columns&quot;:9,&quot;columns_laptop&quot;:9,&quot;columns_mobile&quot;:5,&quot;gap&quot;:{&quot;unit&quot;:&quot;px&quot;,&quot;size&quot;:3,&quot;sizes&quot;:[]},&quot;gap_laptop&quot;:{&quot;unit&quot;:&quot;px&quot;,&quot;size&quot;:3,&quot;sizes&quot;:[]},&quot;gap_mobile&quot;:{&quot;unit&quot;:&quot;px&quot;,&quot;size&quot;:1,&quot;sizes&quot;:[]},&quot;aspect_ratio&quot;:&quot;9:16&quot;,&quot;columns_tablet&quot;:9,&quot;columns_mobile_extra&quot;:9,&quot;lazyload&quot;:&quot;yes&quot;,&quot;gallery_layout&quot;:&quot;grid&quot;,&quot;gap_tablet&quot;:{&quot;unit&quot;:&quot;px&quot;,&quot;size&quot;:10,&quot;sizes&quot;:[]},&quot;gap_mobile_extra&quot;:{&quot;unit&quot;:&quot;px&quot;,&quot;size&quot;:10,&quot;sizes&quot;:[]},&quot;content_hover_animation&quot;:&quot;fade-in&quot;}\" data-widget_type=\"gallery.default\">\n\t\t\t\t<div class=\"elementor-widget-container\">\n\t\t\t\t\t\t\t<div class=\"elementor-gallery__container\">\n\t\t\t\t\t\t\t<div class=\"e-gallery-item elementor-gallery-item elementor-animated-content\">\n\t\t\t\t\t<div class=\"e-gallery-image elementor-gallery-item__image\" data-thumbnail=\"https:\/\/www.marthapalermo.it\/wp-content\/uploads\/2023\/07\/Gilbert_Imperial.jpg\" data-width=\"500\" data-height=\"500\" aria-label=\"\" role=\"img\" ><\/div>\n\t\t\t\t\t\t\t\t\t\t\t\t\t\t<\/div>\n\t\t\t\t\t\t\t<div class=\"e-gallery-item elementor-gallery-item elementor-animated-content\">\n\t\t\t\t\t<div class=\"e-gallery-image elementor-gallery-item__image\" data-thumbnail=\"https:\/\/www.marthapalermo.it\/wp-content\/uploads\/2023\/07\/Lorenzo-Micheli.jpeg\" data-width=\"500\" data-height=\"500\" aria-label=\"\" role=\"img\" ><\/div>\n\t\t\t\t\t\t\t\t\t\t\t\t\t\t<\/div>\n\t\t\t\t\t\t\t<div class=\"e-gallery-item elementor-gallery-item elementor-animated-content\">\n\t\t\t\t\t<div class=\"e-gallery-image elementor-gallery-item__image\" data-thumbnail=\"https:\/\/www.marthapalermo.it\/wp-content\/uploads\/2023\/07\/Jouve.jpg\" data-width=\"500\" data-height=\"500\" aria-label=\"\" role=\"img\" ><\/div>\n\t\t\t\t\t\t\t\t\t\t\t\t\t\t<\/div>\n\t\t\t\t\t\t\t<div class=\"e-gallery-item elementor-gallery-item elementor-animated-content\">\n\t\t\t\t\t<div class=\"e-gallery-image elementor-gallery-item__image\" data-thumbnail=\"https:\/\/www.marthapalermo.it\/wp-content\/uploads\/2023\/06\/sollima.jpg\" data-width=\"500\" data-height=\"500\" aria-label=\"copyright Francesco Ferla\" role=\"img\" ><\/div>\n\t\t\t\t\t\t\t\t\t\t\t\t\t\t<\/div>\n\t\t\t\t\t\t\t<div class=\"e-gallery-item elementor-gallery-item elementor-animated-content\">\n\t\t\t\t\t<div class=\"e-gallery-image elementor-gallery-item__image\" data-thumbnail=\"https:\/\/www.marthapalermo.it\/wp-content\/uploads\/2023\/06\/Amedeo-Cicchese.jpg\" data-width=\"500\" data-height=\"500\" aria-label=\"Copyright Ernesto Caserato\" role=\"img\" ><\/div>\n\t\t\t\t\t\t\t\t\t\t\t\t\t\t<\/div>\n\t\t\t\t\t\t\t<div class=\"e-gallery-item elementor-gallery-item elementor-animated-content\">\n\t\t\t\t\t<div class=\"e-gallery-image elementor-gallery-item__image\" data-thumbnail=\"https:\/\/www.marthapalermo.it\/wp-content\/uploads\/2023\/07\/DP1A7290MassimoPolidori.jpg\" data-width=\"466\" data-height=\"700\" aria-label=\"\" role=\"img\" ><\/div>\n\t\t\t\t\t\t\t\t\t\t\t\t\t\t<\/div>\n\t\t\t\t\t\t\t<div class=\"e-gallery-item elementor-gallery-item elementor-animated-content\">\n\t\t\t\t\t<div class=\"e-gallery-image elementor-gallery-item__image\" data-thumbnail=\"https:\/\/www.marthapalermo.it\/wp-content\/uploads\/2023\/06\/Riccardo_Ghiani.jpg\" data-width=\"500\" data-height=\"500\" aria-label=\"\" role=\"img\" ><\/div>\n\t\t\t\t\t\t\t\t\t\t\t\t\t\t<\/div>\n\t\t\t\t\t\t\t<div class=\"e-gallery-item elementor-gallery-item elementor-animated-content\">\n\t\t\t\t\t<div class=\"e-gallery-image elementor-gallery-item__image\" data-thumbnail=\"https:\/\/www.marthapalermo.it\/wp-content\/uploads\/2024\/05\/Gianluca-Campo-e1716542586935.webp\" data-width=\"802\" data-height=\"1050\" aria-label=\"\" role=\"img\" ><\/div>\n\t\t\t\t\t\t\t\t\t\t\t\t\t\t<\/div>\n\t\t\t\t\t\t\t<div class=\"e-gallery-item elementor-gallery-item elementor-animated-content\">\n\t\t\t\t\t<div class=\"e-gallery-image elementor-gallery-item__image\" data-thumbnail=\"https:\/\/www.marthapalermo.it\/wp-content\/uploads\/2024\/05\/P.-Bernold-portrait-vertical-AF-Jean-Baptiste-Millot-copia.webp\" data-width=\"798\" data-height=\"1200\" aria-label=\"\" role=\"img\" ><\/div>\n\t\t\t\t\t\t\t\t\t\t\t\t\t\t<\/div>\n\t\t\t\t\t<\/div>\n\t\t\t\t\t<\/div>\n\t\t\t\t<\/div>\n\t\t\t\t<div class=\"elementor-element elementor-element-12d30d0 elementor-widget elementor-widget-text-editor\" data-id=\"12d30d0\" data-element_type=\"widget\" data-e-type=\"widget\" data-widget_type=\"text-editor.default\">\n\t\t\t\t<div class=\"elementor-widget-container\">\n\t\t\t\t\t\t\t\t\tMARTHA \u2b24 MUSIC ART HOUSE ACADEMY\t\t\t\t\t\t\t\t<\/div>\n\t\t\t\t<\/div>\n\t\t\t\t<div class=\"elementor-element elementor-element-f872b6a elementor-widget elementor-widget-text-editor\" data-id=\"f872b6a\" data-element_type=\"widget\" data-e-type=\"widget\" data-widget_type=\"text-editor.default\">\n\t\t\t\t<div class=\"elementor-widget-container\">\n\t\t\t\t\t\t\t\t\t<span style=\"color: #d4625e;\">\u2b24<\/span>Conducted by <b>maestros from the international scene<\/b> and leading orchestras in <b>Europe<\/b>.\t\t\t\t\t\t\t\t<\/div>\n\t\t\t\t<\/div>\n\t\t\t\t<div class=\"elementor-element elementor-element-5266f66 elementor-widget elementor-widget-text-editor\" data-id=\"5266f66\" data-element_type=\"widget\" data-e-type=\"widget\" data-widget_type=\"text-editor.default\">\n\t\t\t\t<div class=\"elementor-widget-container\">\n\t\t\t\t\t\t\t\t\t<p><span style=\"color: #d4625e;\">\u2b24<\/span> Each annual course comprises <b> eight monthly meetings <\/b><\/p>\t\t\t\t\t\t\t\t<\/div>\n\t\t\t\t<\/div>\n\t\t\t\t<div class=\"elementor-element elementor-element-ac0b031 elementor-widget elementor-widget-text-editor\" data-id=\"ac0b031\" data-element_type=\"widget\" data-e-type=\"widget\" data-widget_type=\"text-editor.default\">\n\t\t\t\t<div class=\"elementor-widget-container\">\n\t\t\t\t\t\t\t\t\t<p><span style=\"color: #d4625e;\">\u2b24<\/span> They include <strong>workshops and seminars<\/strong> focusing on topics that are indispensable in a <b><span style=\"font-weight: 400;\">concert performer&#8217;s career<\/span><\/b> today<\/p>\t\t\t\t\t\t\t\t<\/div>\n\t\t\t\t<\/div>\n\t\t\t\t<div class=\"elementor-element elementor-element-bf08057 elementor-widget elementor-widget-text-editor\" data-id=\"bf08057\" data-element_type=\"widget\" data-e-type=\"widget\" data-widget_type=\"text-editor.default\">\n\t\t\t\t<div class=\"elementor-widget-container\">\n\t\t\t\t\t\t\t\t\t<span style=\"color: #d4625e;\">\u2b24<\/span> In Palermo, from October 2024 to July 2025\t\t\t\t\t\t\t\t<\/div>\n\t\t\t\t<\/div>\n\t\t\t\t\t<\/div>\n\t\t<\/div>\n\t\t\t\t\t<\/div>\n\t\t<\/section>\n\t\t\t\t<section class=\"elementor-section elementor-top-section elementor-element elementor-element-410581a elementor-section-full_width elementor-section-content-middle elementor-section-height-default elementor-section-height-default\" data-id=\"410581a\" data-element_type=\"section\" data-e-type=\"section\" id=\"Pianoforte\">\n\t\t\t\t\t\t<div class=\"elementor-container elementor-column-gap-narrow\">\n\t\t\t\t\t<div class=\"elementor-column elementor-col-100 elementor-top-column elementor-element elementor-element-f77396b\" data-id=\"f77396b\" data-element_type=\"column\" data-e-type=\"column\">\n\t\t\t<div class=\"elementor-widget-wrap elementor-element-populated\">\n\t\t\t\t\t\t<div class=\"elementor-element elementor-element-f41d07a elementor-widget-divider--view-line elementor-widget elementor-widget-divider\" data-id=\"f41d07a\" data-element_type=\"widget\" data-e-type=\"widget\" data-widget_type=\"divider.default\">\n\t\t\t\t<div class=\"elementor-widget-container\">\n\t\t\t\t\t\t\t<div class=\"elementor-divider\">\n\t\t\t<span class=\"elementor-divider-separator\">\n\t\t\t\t\t\t<\/span>\n\t\t<\/div>\n\t\t\t\t\t\t<\/div>\n\t\t\t\t<\/div>\n\t\t\t\t\t<\/div>\n\t\t<\/div>\n\t\t\t\t\t<\/div>\n\t\t<\/section>\n\t\t\t\t<section class=\"elementor-section elementor-top-section elementor-element elementor-element-96f13f4 elementor-section-full_width elementor-section-content-middle elementor-section-height-default elementor-section-height-default\" data-id=\"96f13f4\" data-element_type=\"section\" data-e-type=\"section\">\n\t\t\t\t\t\t<div class=\"elementor-container elementor-column-gap-narrow\">\n\t\t\t\t\t<div class=\"elementor-column elementor-col-50 elementor-top-column elementor-element elementor-element-2e32461\" data-id=\"2e32461\" data-element_type=\"column\" data-e-type=\"column\">\n\t\t\t<div class=\"elementor-widget-wrap elementor-element-populated\">\n\t\t\t\t\t\t<div class=\"elementor-element elementor-element-e0d45cb elementor-widget elementor-widget-heading\" data-id=\"e0d45cb\" data-element_type=\"widget\" data-e-type=\"widget\" data-widget_type=\"heading.default\">\n\t\t\t\t<div class=\"elementor-widget-container\">\n\t\t\t\t\t<h5 class=\"elementor-heading-title elementor-size-default\">\u25cf GUITAR<\/h5>\t\t\t\t<\/div>\n\t\t\t\t<\/div>\n\t\t\t\t\t<\/div>\n\t\t<\/div>\n\t\t\t\t<div class=\"elementor-column elementor-col-50 elementor-top-column elementor-element elementor-element-f8ce0c6\" data-id=\"f8ce0c6\" data-element_type=\"column\" data-e-type=\"column\" data-settings=\"{&quot;background_background&quot;:&quot;classic&quot;}\">\n\t\t\t<div class=\"elementor-widget-wrap elementor-element-populated\">\n\t\t\t\t\t\t<div class=\"elementor-element elementor-element-41002eb elementor-widget-laptop__width-initial elementor-widget-mobile__width-inherit elementor-widget elementor-widget-toggle\" data-id=\"41002eb\" data-element_type=\"widget\" data-e-type=\"widget\" data-widget_type=\"toggle.default\">\n\t\t\t\t<div class=\"elementor-widget-container\">\n\t\t\t\t\t\t\t<div class=\"elementor-toggle\">\n\t\t\t\t\t\t\t<div class=\"elementor-toggle-item\">\n\t\t\t\t\t<div id=\"elementor-tab-title-6811\" class=\"elementor-tab-title\" data-tab=\"1\" role=\"button\" aria-controls=\"elementor-tab-content-6811\" aria-expanded=\"false\">\n\t\t\t\t\t\t\t\t\t\t\t\t<span class=\"elementor-toggle-icon elementor-toggle-icon-right\" aria-hidden=\"true\">\n\t\t\t\t\t\t\t\t\t\t\t\t\t\t\t<span class=\"elementor-toggle-icon-closed\"><svg xmlns=\"http:\/\/www.w3.org\/2000\/svg\" viewBox=\"0 0 235.51 237.99\"><defs><style>      .cls-1 {        fill: #22282b;      }    <\/style><\/defs><title>SocialMadRisorsa 13<\/title><g id=\"Livello_2\" data-name=\"Livello 2\"><g id=\"Strumento\"><path class=\"cls-1\" d=\"M128.41,108.33h107.1V129.9H128.41V238H106.84V129.9H0V108.33H106.84V0h21.57Z\"><\/path><\/g><\/g><\/svg><\/span>\n\t\t\t\t\t\t\t\t<span class=\"elementor-toggle-icon-opened\"><svg xmlns=\"http:\/\/www.w3.org\/2000\/svg\" width=\"237\" height=\"235\" viewBox=\"0 0 237 235\"><title>MENO-MARTHA<\/title><rect x=\"0.99\" y=\"106.31\" width=\"235.51\" height=\"21.57\" fill=\"#d36962\"><\/rect><\/svg><\/span>\n\t\t\t\t\t\t\t\t\t\t\t\t\t<\/span>\n\t\t\t\t\t\t\t\t\t\t\t\t<a class=\"elementor-toggle-title\" tabindex=\"0\">Annual Advanced Guitar Training Course <p style=\"font-size:18px;color:#D4625E\">Gilbert Imp\u00e9rial - Lorenzo Micheli - J\u00e9r\u00e9my Jouve<\/p><\/a>\n\t\t\t\t\t<\/div>\n\n\t\t\t\t\t<div id=\"elementor-tab-content-6811\" class=\"elementor-tab-content elementor-clearfix\" data-tab=\"1\" role=\"region\" aria-labelledby=\"elementor-tab-title-6811\"><p>\t\t<div data-elementor-type=\"section\" data-elementor-id=\"31360\" class=\"elementor elementor-31360 elementor-26884 elementor-26884\" data-elementor-post-type=\"elementor_library\">\n\t\t\t\t\t<section class=\"elementor-section elementor-top-section elementor-element elementor-element-2b491b5 elementor-section-full_width elementor-section-height-default elementor-section-height-default\" data-id=\"2b491b5\" data-element_type=\"section\" data-e-type=\"section\">\n\t\t\t\t\t\t<div class=\"elementor-container elementor-column-gap-wide\">\n\t\t\t\t\t<div class=\"elementor-column elementor-col-33 elementor-top-column elementor-element elementor-element-2b0266c\" data-id=\"2b0266c\" data-element_type=\"column\" data-e-type=\"column\">\n\t\t\t<div class=\"elementor-widget-wrap elementor-element-populated\">\n\t\t\t\t\t\t<div class=\"elementor-element elementor-element-e16291c elementor-position-top elementor-widget elementor-widget-image-box\" data-id=\"e16291c\" data-element_type=\"widget\" data-e-type=\"widget\" data-widget_type=\"image-box.default\">\n\t\t\t\t<div class=\"elementor-widget-container\">\n\t\t\t\t\t<div class=\"elementor-image-box-wrapper\"><figure class=\"elementor-image-box-img\"><img decoding=\"async\" src=\"https:\/\/www.marthapalermo.it\/wp-content\/uploads\/elementor\/thumbs\/Gilbert_Imperial-r1non5dkv9lyr87o4rok6kkyvpor1ka39712kp35fk.jpg\" title=\"Gilbert_Imperial\" alt=\"Gilbert Imp\u00e9rial\" loading=\"lazy\" \/><\/figure><div class=\"elementor-image-box-content\"><h5 class=\"elementor-image-box-title\">Gilbert Imp\u00e9rial<\/h5><p class=\"elementor-image-box-description\">He received the Solistendiplom under M. J\u00fcrgen Ruck and the Konzertdiplom with Elena Casoli at the Haute Ecole des Arts de Berne.<\/p><\/div><\/div>\t\t\t\t<\/div>\n\t\t\t\t<\/div>\n\t\t\t\t\t<\/div>\n\t\t<\/div>\n\t\t\t\t<div class=\"elementor-column elementor-col-33 elementor-top-column elementor-element elementor-element-929bc6b\" data-id=\"929bc6b\" data-element_type=\"column\" data-e-type=\"column\">\n\t\t\t<div class=\"elementor-widget-wrap elementor-element-populated\">\n\t\t\t\t\t\t<div class=\"elementor-element elementor-element-5cd7045 elementor-position-top elementor-widget elementor-widget-image-box\" data-id=\"5cd7045\" data-element_type=\"widget\" data-e-type=\"widget\" data-widget_type=\"image-box.default\">\n\t\t\t\t<div class=\"elementor-widget-container\">\n\t\t\t\t\t<div class=\"elementor-image-box-wrapper\"><figure class=\"elementor-image-box-img\"><img decoding=\"async\" src=\"https:\/\/www.marthapalermo.it\/wp-content\/uploads\/elementor\/thumbs\/Lorenzo-Micheli-r1np58rqfgdo8zxhh390oi7ejqi47t42qr4k5g9bnk.jpeg\" title=\"Lorenzo-Micheli\" alt=\"Lorenzo Micheli\" loading=\"lazy\" \/><\/figure><div class=\"elementor-image-box-content\"><h5 class=\"elementor-image-box-title\">Lorenzo Micheli<\/h5><p class=\"elementor-image-box-description\">Winner of the &#8220;M. Pittaluga&#8221; in Alexandria and &#8220;Guitar Foundation of America&#8221; in Charleston. Lecturer at the Conservatorio della Svizzera italiana and &#8220;Pedro de Olavide&#8221; University of Sevilla. \n<\/p><\/div><\/div>\t\t\t\t<\/div>\n\t\t\t\t<\/div>\n\t\t\t\t\t<\/div>\n\t\t<\/div>\n\t\t\t\t<div class=\"elementor-column elementor-col-33 elementor-top-column elementor-element elementor-element-99324ca\" data-id=\"99324ca\" data-element_type=\"column\" data-e-type=\"column\">\n\t\t\t<div class=\"elementor-widget-wrap elementor-element-populated\">\n\t\t\t\t\t\t<div class=\"elementor-element elementor-element-50ca292 elementor-position-top elementor-widget elementor-widget-image-box\" data-id=\"50ca292\" data-element_type=\"widget\" data-e-type=\"widget\" data-widget_type=\"image-box.default\">\n\t\t\t\t<div class=\"elementor-widget-container\">\n\t\t\t\t\t<div class=\"elementor-image-box-wrapper\"><figure class=\"elementor-image-box-img\"><img decoding=\"async\" src=\"https:\/\/www.marthapalermo.it\/wp-content\/uploads\/elementor\/thumbs\/Jouve-r1non5dkv9lyr87o4rok6kkyvpor1ka39712kp35fk.jpg\" title=\"Jouve\" alt=\"J\u00e9r\u00e9my Jouve\" loading=\"lazy\" \/><\/figure><div class=\"elementor-image-box-content\"><h5 class=\"elementor-image-box-title\">J\u00e9r\u00e9my Jouve<\/h5><p class=\"elementor-image-box-description\">Lecturer at the Conservatoire \u00e0 rayonnement r\u00e9gional de Paris and at the P\u00f4le Sup\u00e9rieur Paris Boulogne-Billancourt.<\/p><\/div><\/div>\t\t\t\t<\/div>\n\t\t\t\t<\/div>\n\t\t\t\t\t<\/div>\n\t\t<\/div>\n\t\t\t\t\t<\/div>\n\t\t<\/section>\n\t\t\t\t<section class=\"elementor-section elementor-top-section elementor-element elementor-element-a1db8f8 elementor-section-full_width elementor-section-content-middle elementor-section-height-default elementor-section-height-default\" data-id=\"a1db8f8\" data-element_type=\"section\" data-e-type=\"section\" data-settings=\"{&quot;background_background&quot;:&quot;classic&quot;}\">\n\t\t\t\t\t\t<div class=\"elementor-container elementor-column-gap-narrow\">\n\t\t\t\t\t<div class=\"elementor-column elementor-col-100 elementor-top-column elementor-element elementor-element-b39f350\" data-id=\"b39f350\" data-element_type=\"column\" data-e-type=\"column\">\n\t\t\t<div class=\"elementor-widget-wrap elementor-element-populated\">\n\t\t\t\t\t\t<div class=\"elementor-element elementor-element-0ac4e08 elementor-widget elementor-widget-button\" data-id=\"0ac4e08\" data-element_type=\"widget\" data-e-type=\"widget\" data-widget_type=\"button.default\">\n\t\t\t\t<div class=\"elementor-widget-container\">\n\t\t\t\t\t\t\t\t\t<div class=\"elementor-button-wrapper\">\n\t\t\t\t\t<a class=\"elementor-button elementor-button-link elementor-size-sm\" href=\"https:\/\/www.marthapalermo.it\/en\/advanced-annual-guitar-course\/\">\n\t\t\t\t\t\t<span class=\"elementor-button-content-wrapper\">\n\t\t\t\t\t\t\t\t\t<span class=\"elementor-button-text\">LEARN MORE<\/span>\n\t\t\t\t\t<\/span>\n\t\t\t\t\t<\/a>\n\t\t\t\t<\/div>\n\t\t\t\t\t\t\t\t<\/div>\n\t\t\t\t<\/div>\n\t\t\t\t\t<\/div>\n\t\t<\/div>\n\t\t\t\t\t<\/div>\n\t\t<\/section>\n\t\t\t\t<\/div>\n\t\t<\/p>\n<\/div>\n\t\t\t\t<\/div>\n\t\t\t\t\t\t\t\t<\/div>\n\t\t\t\t\t\t<\/div>\n\t\t\t\t<\/div>\n\t\t\t\t\t<\/div>\n\t\t<\/div>\n\t\t\t\t\t<\/div>\n\t\t<\/section>\n\t\t\t\t<section class=\"elementor-section elementor-top-section elementor-element elementor-element-cc90b3f elementor-section-full_width elementor-section-content-middle elementor-section-height-default elementor-section-height-default\" data-id=\"cc90b3f\" data-element_type=\"section\" data-e-type=\"section\">\n\t\t\t\t\t\t<div class=\"elementor-container elementor-column-gap-narrow\">\n\t\t\t\t\t<div class=\"elementor-column elementor-col-100 elementor-top-column elementor-element elementor-element-291e76f\" data-id=\"291e76f\" data-element_type=\"column\" data-e-type=\"column\">\n\t\t\t<div class=\"elementor-widget-wrap elementor-element-populated\">\n\t\t\t\t\t\t<div class=\"elementor-element elementor-element-a218ce8 elementor-widget-divider--view-line elementor-widget elementor-widget-divider\" data-id=\"a218ce8\" data-element_type=\"widget\" data-e-type=\"widget\" data-widget_type=\"divider.default\">\n\t\t\t\t<div class=\"elementor-widget-container\">\n\t\t\t\t\t\t\t<div class=\"elementor-divider\">\n\t\t\t<span class=\"elementor-divider-separator\">\n\t\t\t\t\t\t<\/span>\n\t\t<\/div>\n\t\t\t\t\t\t<\/div>\n\t\t\t\t<\/div>\n\t\t\t\t\t<\/div>\n\t\t<\/div>\n\t\t\t\t\t<\/div>\n\t\t<\/section>\n\t\t\t\t<section class=\"elementor-section elementor-top-section elementor-element elementor-element-2776dca elementor-section-full_width elementor-section-content-middle elementor-section-height-default elementor-section-height-default\" data-id=\"2776dca\" data-element_type=\"section\" data-e-type=\"section\">\n\t\t\t\t\t\t<div class=\"elementor-container elementor-column-gap-narrow\">\n\t\t\t\t\t<div class=\"elementor-column elementor-col-50 elementor-top-column elementor-element elementor-element-0194444\" data-id=\"0194444\" data-element_type=\"column\" data-e-type=\"column\">\n\t\t\t<div class=\"elementor-widget-wrap elementor-element-populated\">\n\t\t\t\t\t\t<div class=\"elementor-element elementor-element-28edfa1 elementor-widget elementor-widget-heading\" data-id=\"28edfa1\" data-element_type=\"widget\" data-e-type=\"widget\" data-widget_type=\"heading.default\">\n\t\t\t\t<div class=\"elementor-widget-container\">\n\t\t\t\t\t<h5 class=\"elementor-heading-title elementor-size-default\">\u25cf CELLO<\/h5>\t\t\t\t<\/div>\n\t\t\t\t<\/div>\n\t\t\t\t\t<\/div>\n\t\t<\/div>\n\t\t\t\t<div class=\"elementor-column elementor-col-50 elementor-top-column elementor-element elementor-element-4be878c\" data-id=\"4be878c\" data-element_type=\"column\" data-e-type=\"column\" data-settings=\"{&quot;background_background&quot;:&quot;classic&quot;}\">\n\t\t\t<div class=\"elementor-widget-wrap elementor-element-populated\">\n\t\t\t\t\t\t<div class=\"elementor-element elementor-element-b8b90db elementor-widget-laptop__width-initial elementor-widget-mobile__width-inherit elementor-widget elementor-widget-toggle\" data-id=\"b8b90db\" data-element_type=\"widget\" data-e-type=\"widget\" data-widget_type=\"toggle.default\">\n\t\t\t\t<div class=\"elementor-widget-container\">\n\t\t\t\t\t\t\t<div class=\"elementor-toggle\">\n\t\t\t\t\t\t\t<div class=\"elementor-toggle-item\">\n\t\t\t\t\t<div id=\"elementor-tab-title-1931\" class=\"elementor-tab-title\" data-tab=\"1\" role=\"button\" aria-controls=\"elementor-tab-content-1931\" aria-expanded=\"false\">\n\t\t\t\t\t\t\t\t\t\t\t\t<span class=\"elementor-toggle-icon elementor-toggle-icon-right\" aria-hidden=\"true\">\n\t\t\t\t\t\t\t\t\t\t\t\t\t\t\t<span class=\"elementor-toggle-icon-closed\"><svg xmlns=\"http:\/\/www.w3.org\/2000\/svg\" viewBox=\"0 0 235.51 237.99\"><defs><style>      .cls-1 {        fill: #22282b;      }    <\/style><\/defs><title>SocialMadRisorsa 13<\/title><g id=\"Livello_2\" data-name=\"Livello 2\"><g id=\"Strumento\"><path class=\"cls-1\" d=\"M128.41,108.33h107.1V129.9H128.41V238H106.84V129.9H0V108.33H106.84V0h21.57Z\"><\/path><\/g><\/g><\/svg><\/span>\n\t\t\t\t\t\t\t\t<span class=\"elementor-toggle-icon-opened\"><svg xmlns=\"http:\/\/www.w3.org\/2000\/svg\" width=\"237\" height=\"235\" viewBox=\"0 0 237 235\"><title>MENO-MARTHA<\/title><rect x=\"0.99\" y=\"106.31\" width=\"235.51\" height=\"21.57\" fill=\"#d36962\"><\/rect><\/svg><\/span>\n\t\t\t\t\t\t\t\t\t\t\t\t\t<\/span>\n\t\t\t\t\t\t\t\t\t\t\t\t<a class=\"elementor-toggle-title\" tabindex=\"0\">Annual Advanced Cello Training Course<p style=\"font-size:18px;color:#D4625E\">Giovanni Sollima - Amedeo Cicchese - Massimo Polidori<\/p><\/a>\n\t\t\t\t\t<\/div>\n\n\t\t\t\t\t<div id=\"elementor-tab-content-1931\" class=\"elementor-tab-content elementor-clearfix\" data-tab=\"1\" role=\"region\" aria-labelledby=\"elementor-tab-title-1931\"><p>\t\t<div data-elementor-type=\"section\" data-elementor-id=\"26849\" class=\"elementor elementor-26849 elementor-26848 elementor-26848\" data-elementor-post-type=\"elementor_library\">\n\t\t\t\t\t<section class=\"elementor-section elementor-top-section elementor-element elementor-element-787fd85 elementor-section-full_width elementor-section-height-default elementor-section-height-default\" data-id=\"787fd85\" data-element_type=\"section\" data-e-type=\"section\">\n\t\t\t\t\t\t<div class=\"elementor-container elementor-column-gap-wide\">\n\t\t\t\t\t<div class=\"elementor-column elementor-col-33 elementor-top-column elementor-element elementor-element-e227484\" data-id=\"e227484\" data-element_type=\"column\" data-e-type=\"column\">\n\t\t\t<div class=\"elementor-widget-wrap elementor-element-populated\">\n\t\t\t\t\t\t<div class=\"elementor-element elementor-element-3f0ec75f elementor-position-top elementor-widget elementor-widget-image-box\" data-id=\"3f0ec75f\" data-element_type=\"widget\" data-e-type=\"widget\" data-widget_type=\"image-box.default\">\n\t\t\t\t<div class=\"elementor-widget-container\">\n\t\t\t\t\t<div class=\"elementor-image-box-wrapper\"><figure class=\"elementor-image-box-img\"><img decoding=\"async\" src=\"https:\/\/www.marthapalermo.it\/wp-content\/uploads\/elementor\/thumbs\/sollima-r1non4fqofkofm91a99xm2tiabtdtv6cx2dl3f4jls.jpg\" title=\"sollimacopyright Francesco Ferla.jpg\" alt=\"copyright Francesco Ferla\" loading=\"lazy\" \/><\/figure><div class=\"elementor-image-box-content\"><h5 class=\"elementor-image-box-title\">Giovanni Sollima<\/h5><p class=\"elementor-image-box-description\">Performer, composer, and teacher at the Accademia di Santa Cecilia in Rome. Founder of the 100 Cellos.<\/p><\/div><\/div>\t\t\t\t<\/div>\n\t\t\t\t<\/div>\n\t\t\t\t\t<\/div>\n\t\t<\/div>\n\t\t\t\t<div class=\"elementor-column elementor-col-33 elementor-top-column elementor-element elementor-element-dc3764f\" data-id=\"dc3764f\" data-element_type=\"column\" data-e-type=\"column\">\n\t\t\t<div class=\"elementor-widget-wrap elementor-element-populated\">\n\t\t\t\t\t\t<div class=\"elementor-element elementor-element-c0b179 elementor-position-top elementor-widget elementor-widget-image-box\" data-id=\"c0b179\" data-element_type=\"widget\" data-e-type=\"widget\" data-widget_type=\"image-box.default\">\n\t\t\t\t<div class=\"elementor-widget-container\">\n\t\t\t\t\t<div class=\"elementor-image-box-wrapper\"><figure class=\"elementor-image-box-img\"><img decoding=\"async\" src=\"https:\/\/www.marthapalermo.it\/wp-content\/uploads\/elementor\/thumbs\/Amedeo-Cicchese-e1773601158273-rkk3a6vbn8z0aaaacppd3mwppv0qs53z4tkwigzwhs.jpg\" title=\"Amedeo-Cicchese\" alt=\"Copyright Ernesto Caserato\" loading=\"lazy\" \/><\/figure><div class=\"elementor-image-box-content\"><h5 class=\"elementor-image-box-title\">Amedeo Cicchese<\/h5><p class=\"elementor-image-box-description\">Principal Cellist of the Orchestra of the Teatro Regio in Turin.<\/p><\/div><\/div>\t\t\t\t<\/div>\n\t\t\t\t<\/div>\n\t\t\t\t\t<\/div>\n\t\t<\/div>\n\t\t\t\t<div class=\"elementor-column elementor-col-33 elementor-top-column elementor-element elementor-element-642b763\" data-id=\"642b763\" data-element_type=\"column\" data-e-type=\"column\">\n\t\t\t<div class=\"elementor-widget-wrap elementor-element-populated\">\n\t\t\t\t\t\t<div class=\"elementor-element elementor-element-85ae75e elementor-position-top elementor-widget elementor-widget-image-box\" data-id=\"85ae75e\" data-element_type=\"widget\" data-e-type=\"widget\" data-widget_type=\"image-box.default\">\n\t\t\t\t<div class=\"elementor-widget-container\">\n\t\t\t\t\t<div class=\"elementor-image-box-wrapper\"><figure class=\"elementor-image-box-img\"><img decoding=\"async\" src=\"https:\/\/www.marthapalermo.it\/wp-content\/uploads\/elementor\/thumbs\/MassimoPolidori-r1np5bl8zyhj7tte0mgwdzhsbw47uwf9r530la554w.jpg\" title=\"MassimoPolidori\" alt=\"Massimo Polidori\" loading=\"lazy\" \/><\/figure><div class=\"elementor-image-box-content\"><h5 class=\"elementor-image-box-title\">Massimo Polidori<\/h5><p class=\"elementor-image-box-description\">Principal Cellist of the Orchestra of Teatro alla Scala.<\/p><\/div><\/div>\t\t\t\t<\/div>\n\t\t\t\t<\/div>\n\t\t\t\t\t<\/div>\n\t\t<\/div>\n\t\t\t\t\t<\/div>\n\t\t<\/section>\n\t\t\t\t<section class=\"elementor-section elementor-top-section elementor-element elementor-element-4f2aa0b elementor-section-full_width elementor-section-content-middle elementor-section-height-default elementor-section-height-default\" data-id=\"4f2aa0b\" data-element_type=\"section\" data-e-type=\"section\" data-settings=\"{&quot;background_background&quot;:&quot;classic&quot;}\">\n\t\t\t\t\t\t<div class=\"elementor-container elementor-column-gap-narrow\">\n\t\t\t\t\t<div class=\"elementor-column elementor-col-100 elementor-top-column elementor-element elementor-element-1f9670b\" data-id=\"1f9670b\" data-element_type=\"column\" data-e-type=\"column\">\n\t\t\t<div class=\"elementor-widget-wrap elementor-element-populated\">\n\t\t\t\t\t\t<div class=\"elementor-element elementor-element-f921798 elementor-widget elementor-widget-button\" data-id=\"f921798\" data-element_type=\"widget\" data-e-type=\"widget\" data-widget_type=\"button.default\">\n\t\t\t\t<div class=\"elementor-widget-container\">\n\t\t\t\t\t\t\t\t\t<div class=\"elementor-button-wrapper\">\n\t\t\t\t\t<a class=\"elementor-button elementor-button-link elementor-size-sm\" href=\"https:\/\/www.marthapalermo.it\/en\/cello-advanced-annual-training-course\/\">\n\t\t\t\t\t\t<span class=\"elementor-button-content-wrapper\">\n\t\t\t\t\t\t\t\t\t<span class=\"elementor-button-text\">FIND OUT MORE<\/span>\n\t\t\t\t\t<\/span>\n\t\t\t\t\t<\/a>\n\t\t\t\t<\/div>\n\t\t\t\t\t\t\t\t<\/div>\n\t\t\t\t<\/div>\n\t\t\t\t\t<\/div>\n\t\t<\/div>\n\t\t\t\t\t<\/div>\n\t\t<\/section>\n\t\t\t\t<\/div>\n\t\t<\/p>\n<\/div>\n\t\t\t\t<\/div>\n\t\t\t\t\t\t\t\t<\/div>\n\t\t\t\t\t\t<\/div>\n\t\t\t\t<\/div>\n\t\t\t\t\t<\/div>\n\t\t<\/div>\n\t\t\t\t\t<\/div>\n\t\t<\/section>\n\t\t\t\t<section class=\"elementor-section elementor-top-section elementor-element elementor-element-5dd50c1 elementor-section-full_width elementor-section-content-middle elementor-section-height-default elementor-section-height-default\" data-id=\"5dd50c1\" data-element_type=\"section\" data-e-type=\"section\">\n\t\t\t\t\t\t<div class=\"elementor-container elementor-column-gap-narrow\">\n\t\t\t\t\t<div class=\"elementor-column elementor-col-100 elementor-top-column elementor-element elementor-element-aa3f8d3\" data-id=\"aa3f8d3\" data-element_type=\"column\" data-e-type=\"column\">\n\t\t\t<div class=\"elementor-widget-wrap elementor-element-populated\">\n\t\t\t\t\t\t<div class=\"elementor-element elementor-element-2fc17fb elementor-widget-divider--view-line elementor-widget elementor-widget-divider\" data-id=\"2fc17fb\" data-element_type=\"widget\" data-e-type=\"widget\" data-widget_type=\"divider.default\">\n\t\t\t\t<div class=\"elementor-widget-container\">\n\t\t\t\t\t\t\t<div class=\"elementor-divider\">\n\t\t\t<span class=\"elementor-divider-separator\">\n\t\t\t\t\t\t<\/span>\n\t\t<\/div>\n\t\t\t\t\t\t<\/div>\n\t\t\t\t<\/div>\n\t\t\t\t\t<\/div>\n\t\t<\/div>\n\t\t\t\t\t<\/div>\n\t\t<\/section>\n\t\t\t\t<section class=\"elementor-section elementor-top-section elementor-element elementor-element-369ccaa elementor-section-full_width elementor-section-content-middle elementor-section-height-default elementor-section-height-default\" data-id=\"369ccaa\" data-element_type=\"section\" data-e-type=\"section\">\n\t\t\t\t\t\t<div class=\"elementor-container elementor-column-gap-narrow\">\n\t\t\t\t\t<div class=\"elementor-column elementor-col-50 elementor-top-column elementor-element elementor-element-e7b2af0\" data-id=\"e7b2af0\" data-element_type=\"column\" data-e-type=\"column\">\n\t\t\t<div class=\"elementor-widget-wrap elementor-element-populated\">\n\t\t\t\t\t\t<div class=\"elementor-element elementor-element-39ee95d elementor-widget elementor-widget-heading\" data-id=\"39ee95d\" data-element_type=\"widget\" data-e-type=\"widget\" data-widget_type=\"heading.default\">\n\t\t\t\t<div class=\"elementor-widget-container\">\n\t\t\t\t\t<h5 class=\"elementor-heading-title elementor-size-default\">\u25cf FLUTE<\/h5>\t\t\t\t<\/div>\n\t\t\t\t<\/div>\n\t\t\t\t\t<\/div>\n\t\t<\/div>\n\t\t\t\t<div class=\"elementor-column elementor-col-50 elementor-top-column elementor-element elementor-element-cb4b1a2\" data-id=\"cb4b1a2\" data-element_type=\"column\" data-e-type=\"column\" data-settings=\"{&quot;background_background&quot;:&quot;classic&quot;}\">\n\t\t\t<div class=\"elementor-widget-wrap elementor-element-populated\">\n\t\t\t\t\t\t<div class=\"elementor-element elementor-element-eac9643 elementor-widget-laptop__width-initial elementor-widget-mobile__width-inherit elementor-widget elementor-widget-toggle\" data-id=\"eac9643\" data-element_type=\"widget\" data-e-type=\"widget\" data-widget_type=\"toggle.default\">\n\t\t\t\t<div class=\"elementor-widget-container\">\n\t\t\t\t\t\t\t<div class=\"elementor-toggle\">\n\t\t\t\t\t\t\t<div class=\"elementor-toggle-item\">\n\t\t\t\t\t<div id=\"elementor-tab-title-2461\" class=\"elementor-tab-title\" data-tab=\"1\" role=\"button\" aria-controls=\"elementor-tab-content-2461\" aria-expanded=\"false\">\n\t\t\t\t\t\t\t\t\t\t\t\t<span class=\"elementor-toggle-icon elementor-toggle-icon-right\" aria-hidden=\"true\">\n\t\t\t\t\t\t\t\t\t\t\t\t\t\t\t<span class=\"elementor-toggle-icon-closed\"><svg xmlns=\"http:\/\/www.w3.org\/2000\/svg\" viewBox=\"0 0 235.51 237.99\"><defs><style>      .cls-1 {        fill: #22282b;      }    <\/style><\/defs><title>SocialMadRisorsa 13<\/title><g id=\"Livello_2\" data-name=\"Livello 2\"><g id=\"Strumento\"><path class=\"cls-1\" d=\"M128.41,108.33h107.1V129.9H128.41V238H106.84V129.9H0V108.33H106.84V0h21.57Z\"><\/path><\/g><\/g><\/svg><\/span>\n\t\t\t\t\t\t\t\t<span class=\"elementor-toggle-icon-opened\"><svg xmlns=\"http:\/\/www.w3.org\/2000\/svg\" width=\"237\" height=\"235\" viewBox=\"0 0 237 235\"><title>MENO-MARTHA<\/title><rect x=\"0.99\" y=\"106.31\" width=\"235.51\" height=\"21.57\" fill=\"#d36962\"><\/rect><\/svg><\/span>\n\t\t\t\t\t\t\t\t\t\t\t\t\t<\/span>\n\t\t\t\t\t\t\t\t\t\t\t\t<a class=\"elementor-toggle-title\" tabindex=\"0\">Annual Advanced Flute Training Course<p style=\"font-size:18px;color:#D4625E\">Riccardo Ghiani - Philippe Bernold - Gianluca Campo<\/p><\/a>\n\t\t\t\t\t<\/div>\n\n\t\t\t\t\t<div id=\"elementor-tab-content-2461\" class=\"elementor-tab-content elementor-clearfix\" data-tab=\"1\" role=\"region\" aria-labelledby=\"elementor-tab-title-2461\"><p>\t\t<div data-elementor-type=\"section\" data-elementor-id=\"26886\" class=\"elementor elementor-26886 elementor-26691 elementor-26691\" data-elementor-post-type=\"elementor_library\">\n\t\t\t\t\t<section class=\"elementor-section elementor-top-section elementor-element elementor-element-3ed7ccc elementor-section-full_width elementor-section-height-default elementor-section-height-default\" data-id=\"3ed7ccc\" data-element_type=\"section\" data-e-type=\"section\">\n\t\t\t\t\t\t<div class=\"elementor-container elementor-column-gap-wide\">\n\t\t\t\t\t<div class=\"elementor-column elementor-col-33 elementor-top-column elementor-element elementor-element-41d8a79\" data-id=\"41d8a79\" data-element_type=\"column\" data-e-type=\"column\">\n\t\t\t<div class=\"elementor-widget-wrap elementor-element-populated\">\n\t\t\t\t\t\t<div class=\"elementor-element elementor-element-949d6d6 elementor-position-top elementor-widget elementor-widget-image-box\" data-id=\"949d6d6\" data-element_type=\"widget\" data-e-type=\"widget\" data-widget_type=\"image-box.default\">\n\t\t\t\t<div class=\"elementor-widget-container\">\n\t\t\t\t\t<div class=\"elementor-image-box-wrapper\"><figure class=\"elementor-image-box-img\"><img decoding=\"async\" src=\"https:\/\/www.marthapalermo.it\/wp-content\/uploads\/elementor\/thumbs\/Riccardo_Ghiani-r1non3hxpgbtq0g4unqh5nweqa5n9xacgqb9rjn5t4.jpg\" title=\"Riccardo_Ghiani\" alt=\"Riccardo Ghiani\" loading=\"lazy\" \/><\/figure><div class=\"elementor-image-box-content\"><h5 class=\"elementor-image-box-title\">Riccardo Ghiani<\/h5><p class=\"elementor-image-box-description\">Principal Flute of the Orchestra of the Teatro Lirico di Cagliari.<\/p><\/div><\/div>\t\t\t\t<\/div>\n\t\t\t\t<\/div>\n\t\t\t\t\t<\/div>\n\t\t<\/div>\n\t\t\t\t<div class=\"elementor-column elementor-col-33 elementor-top-column elementor-element elementor-element-3fe532d\" data-id=\"3fe532d\" data-element_type=\"column\" data-e-type=\"column\">\n\t\t\t<div class=\"elementor-widget-wrap elementor-element-populated\">\n\t\t\t\t\t\t<div class=\"elementor-element elementor-element-49b7acb elementor-position-top elementor-widget elementor-widget-image-box\" data-id=\"49b7acb\" data-element_type=\"widget\" data-e-type=\"widget\" data-widget_type=\"image-box.default\">\n\t\t\t\t<div class=\"elementor-widget-container\">\n\t\t\t\t\t<div class=\"elementor-image-box-wrapper\"><figure class=\"elementor-image-box-img\"><img decoding=\"async\" src=\"https:\/\/www.marthapalermo.it\/wp-content\/uploads\/elementor\/thumbs\/P.-Bernold-qwal7dm5hrsuk2vfpkb188fx1ytbfl3ftxgt45vsjk.webp\" title=\"P. Bernold\" alt=\"P. Bernold\" loading=\"lazy\" \/><\/figure><div class=\"elementor-image-box-content\"><h5 class=\"elementor-image-box-title\">Philippe Bernold<\/h5><p class=\"elementor-image-box-description\">Professor of Chamber Music and Flute at the National Conservatory of Paris.<\/p><\/div><\/div>\t\t\t\t<\/div>\n\t\t\t\t<\/div>\n\t\t\t\t\t<\/div>\n\t\t<\/div>\n\t\t\t\t<div class=\"elementor-column elementor-col-33 elementor-top-column elementor-element elementor-element-9975ee1\" data-id=\"9975ee1\" data-element_type=\"column\" data-e-type=\"column\">\n\t\t\t<div class=\"elementor-widget-wrap elementor-element-populated\">\n\t\t\t\t\t\t<div class=\"elementor-element elementor-element-7f86e11 elementor-position-top elementor-widget elementor-widget-image-box\" data-id=\"7f86e11\" data-element_type=\"widget\" data-e-type=\"widget\" data-widget_type=\"image-box.default\">\n\t\t\t\t<div class=\"elementor-widget-container\">\n\t\t\t\t\t<div class=\"elementor-image-box-wrapper\"><figure class=\"elementor-image-box-img\"><img decoding=\"async\" src=\"https:\/\/www.marthapalermo.it\/wp-content\/uploads\/elementor\/thumbs\/Gianluca-Campo-e1716542586935-qwal7dm5hrsuk2vfpkb188fx1ytbfl3ftxgt45vsjk.webp\" title=\"Gianluca Campo\" alt=\"Gianluca Campo\" loading=\"lazy\" \/><\/figure><div class=\"elementor-image-box-content\"><h5 class=\"elementor-image-box-title\">Gianluca Campo<\/h5><p class=\"elementor-image-box-description\">Solo Flute of the Teatro La Fenice in Venice<\/p><\/div><\/div>\t\t\t\t<\/div>\n\t\t\t\t<\/div>\n\t\t\t\t\t<\/div>\n\t\t<\/div>\n\t\t\t\t\t<\/div>\n\t\t<\/section>\n\t\t\t\t<section class=\"elementor-section elementor-top-section elementor-element elementor-element-a1db8f8 elementor-section-full_width elementor-section-content-middle elementor-section-height-default elementor-section-height-default\" data-id=\"a1db8f8\" data-element_type=\"section\" data-e-type=\"section\" data-settings=\"{&quot;background_background&quot;:&quot;classic&quot;}\">\n\t\t\t\t\t\t<div class=\"elementor-container elementor-column-gap-narrow\">\n\t\t\t\t\t<div class=\"elementor-column elementor-col-100 elementor-top-column elementor-element elementor-element-b39f350\" data-id=\"b39f350\" data-element_type=\"column\" data-e-type=\"column\">\n\t\t\t<div class=\"elementor-widget-wrap elementor-element-populated\">\n\t\t\t\t\t\t<div class=\"elementor-element elementor-element-0ac4e08 elementor-widget elementor-widget-button\" data-id=\"0ac4e08\" data-element_type=\"widget\" data-e-type=\"widget\" data-widget_type=\"button.default\">\n\t\t\t\t<div class=\"elementor-widget-container\">\n\t\t\t\t\t\t\t\t\t<div class=\"elementor-button-wrapper\">\n\t\t\t\t\t<a class=\"elementor-button elementor-button-link elementor-size-sm\" href=\"https:\/\/www.marthapalermo.it\/en\/advanced-training-annual-flute-course\/\">\n\t\t\t\t\t\t<span class=\"elementor-button-content-wrapper\">\n\t\t\t\t\t\t\t\t\t<span class=\"elementor-button-text\">FIND OUT MORE<\/span>\n\t\t\t\t\t<\/span>\n\t\t\t\t\t<\/a>\n\t\t\t\t<\/div>\n\t\t\t\t\t\t\t\t<\/div>\n\t\t\t\t<\/div>\n\t\t\t\t\t<\/div>\n\t\t<\/div>\n\t\t\t\t\t<\/div>\n\t\t<\/section>\n\t\t\t\t<\/div>\n\t\t<\/p>\n<\/div>\n\t\t\t\t<\/div>\n\t\t\t\t\t\t\t\t<\/div>\n\t\t\t\t\t\t<\/div>\n\t\t\t\t<\/div>\n\t\t\t\t\t<\/div>\n\t\t<\/div>\n\t\t\t\t\t<\/div>\n\t\t<\/section>\n\t\t\t\t<section class=\"elementor-section elementor-top-section elementor-element elementor-element-f75f421 elementor-section-full_width elementor-section-content-middle elementor-section-height-default elementor-section-height-default\" data-id=\"f75f421\" data-element_type=\"section\" data-e-type=\"section\">\n\t\t\t\t\t\t<div class=\"elementor-container elementor-column-gap-narrow\">\n\t\t\t\t\t<div class=\"elementor-column elementor-col-100 elementor-top-column elementor-element elementor-element-a7f2b87\" data-id=\"a7f2b87\" data-element_type=\"column\" data-e-type=\"column\">\n\t\t\t<div class=\"elementor-widget-wrap elementor-element-populated\">\n\t\t\t\t\t\t<div class=\"elementor-element elementor-element-1f0dd29 elementor-widget-divider--view-line elementor-widget elementor-widget-divider\" data-id=\"1f0dd29\" data-element_type=\"widget\" data-e-type=\"widget\" data-widget_type=\"divider.default\">\n\t\t\t\t<div class=\"elementor-widget-container\">\n\t\t\t\t\t\t\t<div class=\"elementor-divider\">\n\t\t\t<span class=\"elementor-divider-separator\">\n\t\t\t\t\t\t<\/span>\n\t\t<\/div>\n\t\t\t\t\t\t<\/div>\n\t\t\t\t<\/div>\n\t\t\t\t\t<\/div>\n\t\t<\/div>\n\t\t\t\t\t<\/div>\n\t\t<\/section>\n\t\t\t\t<section class=\"elementor-section elementor-top-section elementor-element elementor-element-abfedba elementor-section-full_width elementor-section-content-middle elementor-section-height-default elementor-section-height-default\" data-id=\"abfedba\" data-element_type=\"section\" data-e-type=\"section\" data-settings=\"{&quot;background_background&quot;:&quot;classic&quot;}\">\n\t\t\t\t\t\t<div class=\"elementor-container elementor-column-gap-narrow\">\n\t\t\t\t\t<div class=\"elementor-column elementor-col-100 elementor-top-column elementor-element elementor-element-e22209a\" data-id=\"e22209a\" data-element_type=\"column\" data-e-type=\"column\">\n\t\t\t<div class=\"elementor-widget-wrap elementor-element-populated\">\n\t\t\t\t\t\t<div class=\"elementor-element elementor-element-ae9debb elementor-widget elementor-widget-heading\" data-id=\"ae9debb\" data-element_type=\"widget\" data-e-type=\"widget\" data-widget_type=\"heading.default\">\n\t\t\t\t<div class=\"elementor-widget-container\">\n\t\t\t\t\t<span class=\"elementor-heading-title elementor-size-default\"><span style=\"color:#D4625E\">\u2b24 <\/span>NEWS 2024 - 2025\n\n<\/span>\t\t\t\t<\/div>\n\t\t\t\t<\/div>\n\t\t\t\t<div class=\"elementor-element elementor-element-a380df3 elementor-widget elementor-widget-text-editor\" data-id=\"a380df3\" data-element_type=\"widget\" data-e-type=\"widget\" data-widget_type=\"text-editor.default\">\n\t\t\t\t<div class=\"elementor-widget-container\">\n\t\t\t\t\t\t\t\t\tCHAMB<strong>ER MUSIC <\/strong>\t\t\t\t\t\t\t\t<\/div>\n\t\t\t\t<\/div>\n\t\t\t\t<div class=\"elementor-element elementor-element-2d71d04 elementor-widget elementor-widget-heading\" data-id=\"2d71d04\" data-element_type=\"widget\" data-e-type=\"widget\" data-widget_type=\"heading.default\">\n\t\t\t\t<div class=\"elementor-widget-container\">\n\t\t\t\t\t<h2 class=\"elementor-heading-title elementor-size-default\">It is possible to participate in the annual course with a chamber music ensemble\n<\/h2>\t\t\t\t<\/div>\n\t\t\t\t<\/div>\n\t\t\t\t<div class=\"elementor-element elementor-element-b52f0a7 elementor-widget elementor-widget-text-editor\" data-id=\"b52f0a7\" data-element_type=\"widget\" data-e-type=\"widget\" data-widget_type=\"text-editor.default\">\n\t\t\t\t<div class=\"elementor-widget-container\">\n\t\t\t\t\t\t\t\t\t<p>The address is aimed at groups <strong>from duo to quintet<\/strong>.<br>The group will be able to participate in lessons with all the teachers, with the aim of preparing a concert programme.<br>The best groups, indicated by the teachers, will be selected and will have the opportunity to perform in MARTHA&#8217;s concert seasons or at other institutions.<\/p><p>The cost of the chamber music course is intended for the entire group.<\/p>\t\t\t\t\t\t\t\t<\/div>\n\t\t\t\t<\/div>\n\t\t\t\t<div class=\"elementor-element elementor-element-9299f3b elementor-widget-divider--view-line elementor-widget elementor-widget-divider\" data-id=\"9299f3b\" data-element_type=\"widget\" data-e-type=\"widget\" data-widget_type=\"divider.default\">\n\t\t\t\t<div class=\"elementor-widget-container\">\n\t\t\t\t\t\t\t<div class=\"elementor-divider\">\n\t\t\t<span class=\"elementor-divider-separator\">\n\t\t\t\t\t\t<\/span>\n\t\t<\/div>\n\t\t\t\t\t\t<\/div>\n\t\t\t\t<\/div>\n\t\t\t\t\t<\/div>\n\t\t<\/div>\n\t\t\t\t\t<\/div>\n\t\t<\/section>\n\t\t\t\t<section class=\"elementor-section elementor-top-section elementor-element elementor-element-51040cd6 elementor-section-full_width elementor-section-content-middle elementor-section-stretched elementor-hidden-desktop elementor-hidden-laptop elementor-hidden-tablet elementor-hidden-mobile_extra elementor-hidden-mobile elementor-section-height-default elementor-section-height-default\" data-id=\"51040cd6\" data-element_type=\"section\" data-e-type=\"section\" id=\"info\" data-settings=\"{&quot;stretch_section&quot;:&quot;section-stretched&quot;,&quot;background_background&quot;:&quot;classic&quot;}\">\n\t\t\t\t\t\t\t<div class=\"elementor-background-overlay\"><\/div>\n\t\t\t\t\t\t\t<div class=\"elementor-container elementor-column-gap-narrow\">\n\t\t\t\t\t<div class=\"elementor-column elementor-col-100 elementor-top-column elementor-element elementor-element-7efac146\" data-id=\"7efac146\" data-element_type=\"column\" data-e-type=\"column\" id=\"programma\">\n\t\t\t<div class=\"elementor-widget-wrap elementor-element-populated\">\n\t\t\t\t\t\t<div class=\"elementor-element elementor-element-288c10c elementor-widget elementor-widget-heading\" data-id=\"288c10c\" data-element_type=\"widget\" data-e-type=\"widget\" data-widget_type=\"heading.default\">\n\t\t\t\t<div class=\"elementor-widget-container\">\n\t\t\t\t\t<h5 class=\"elementor-heading-title elementor-size-default\">\u25cf<b>SUBSCR<span style=\"font-weight: 500\">IBE <\/span><\/b><span style=\"font-weight: 400\">TO <span style=\"font-weight: 100\">RECEIVE <\/span>UPDATES<\/span><\/h5>\t\t\t\t<\/div>\n\t\t\t\t<\/div>\n\t\t\t\t<div class=\"elementor-element elementor-element-69b938c elementor-widget__width-initial elementor-widget-mobile__width-inherit elementor-widget elementor-widget-text-editor\" data-id=\"69b938c\" data-element_type=\"widget\" data-e-type=\"widget\" data-widget_type=\"text-editor.default\">\n\t\t\t\t<div class=\"elementor-widget-container\">\n\t\t\t\t\t\t\t\t\t<p><span style=\"color: #d4625e;\"><strong>The official launch of the Academic Year 2023-2024 of MARTHA is just a few days away.<\/strong><\/span><\/p><p><strong> <\/strong><\/p><p>To get a preview of the details and costs with the <strong>Early Bird discount<\/strong>, please fill out the form below, and we will send you an email as soon as the course information becomes available.<\/p>\t\t\t\t\t\t\t\t<\/div>\n\t\t\t\t<\/div>\n\t\t\t\t<div class=\"elementor-element elementor-element-c7c6016 elementor-button-align-start elementor-widget__width-inherit elementor-widget elementor-widget-form\" data-id=\"c7c6016\" data-element_type=\"widget\" data-e-type=\"widget\" data-settings=\"{&quot;step_next_label&quot;:&quot;Next&quot;,&quot;step_previous_label&quot;:&quot;Previous&quot;,&quot;button_width&quot;:&quot;100&quot;,&quot;step_type&quot;:&quot;number_text&quot;,&quot;step_icon_shape&quot;:&quot;circle&quot;}\" data-widget_type=\"form.default\">\n\t\t\t\t<div class=\"elementor-widget-container\">\n\t\t\t\t\t\t\t<form class=\"elementor-form\" method=\"post\" name=\"New Form\" aria-label=\"New Form\">\n\t\t\t<input type=\"hidden\" name=\"post_id\" value=\"26663\"\/>\n\t\t\t<input type=\"hidden\" name=\"form_id\" value=\"c7c6016\"\/>\n\t\t\t<input type=\"hidden\" name=\"referer_title\" value=\"Annual Courses in Music Advanced Training 2024-2025\" \/>\n\n\t\t\t\t\t\t\t<input type=\"hidden\" name=\"queried_id\" value=\"26663\"\/>\n\t\t\t\n\t\t\t<div class=\"elementor-form-fields-wrapper elementor-labels-above\">\n\t\t\t\t\t\t\t\t<div class=\"elementor-field-type-text elementor-field-group elementor-column elementor-field-group-nome elementor-col-33 elementor-field-required\">\n\t\t\t\t\t\t\t\t\t\t\t\t\t<input size=\"1\" type=\"text\" name=\"form_fields[nome]\" id=\"form-field-nome\" class=\"elementor-field elementor-size-sm  elementor-field-textual\" placeholder=\"Name\" required=\"required\">\n\t\t\t\t\t\t\t\t\t\t\t<\/div>\n\t\t\t\t\t\t\t\t<div class=\"elementor-field-type-text elementor-field-group elementor-column elementor-field-group-Cognome elementor-col-33 elementor-field-required\">\n\t\t\t\t\t\t\t\t\t\t\t\t\t<input size=\"1\" type=\"text\" name=\"form_fields[Cognome]\" id=\"form-field-Cognome\" class=\"elementor-field elementor-size-sm  elementor-field-textual\" placeholder=\"Last name\" required=\"required\">\n\t\t\t\t\t\t\t\t\t\t\t<\/div>\n\t\t\t\t\t\t\t\t<div class=\"elementor-field-type-email elementor-field-group elementor-column elementor-field-group-email elementor-col-33 elementor-field-required\">\n\t\t\t\t\t\t\t\t\t\t\t\t\t<input size=\"1\" type=\"email\" name=\"form_fields[email]\" id=\"form-field-email\" class=\"elementor-field elementor-size-sm  elementor-field-textual\" placeholder=\"Email\" required=\"required\">\n\t\t\t\t\t\t\t\t\t\t\t<\/div>\n\t\t\t\t\t\t\t\t<div class=\"elementor-field-type-radio elementor-field-group elementor-column elementor-field-group-master elementor-col-100 elementor-field-required\">\n\t\t\t\t\t\t\t\t\t\t\t\t<label for=\"form-field-master\" class=\"elementor-field-label\">\n\t\t\t\t\t\t\t\tMaster of:\t\t\t\t\t\t\t<\/label>\n\t\t\t\t\t\t<div class=\"elementor-field-subgroup  \"><span class=\"elementor-field-option\"><input type=\"radio\" value=\"Piano Master&#039;s Program in Music Performance and Interpretation\" id=\"form-field-master-0\" name=\"form_fields[master]\" required=\"required\"> <label for=\"form-field-master-0\">Piano Master's Program in Music Performance and Interpretation<\/label><\/span><span class=\"elementor-field-option\"><input type=\"radio\" value=\"Guitar Master&#039;s Program in Music Performance and Interpretation\" id=\"form-field-master-1\" name=\"form_fields[master]\" required=\"required\"> <label for=\"form-field-master-1\">Guitar Master's Program in Music Performance and Interpretation<\/label><\/span><span class=\"elementor-field-option\"><input type=\"radio\" value=\"Violin Master&#039;s Program in Music Performance and Orchestral Studies\" id=\"form-field-master-2\" name=\"form_fields[master]\" required=\"required\"> <label for=\"form-field-master-2\">Violin Master's Program in Music Performance and Orchestral Studies<\/label><\/span><span class=\"elementor-field-option\"><input type=\"radio\" value=\"Cello Master&#039;s Program in Music Performance and Orchestral Studies\" id=\"form-field-master-3\" name=\"form_fields[master]\" required=\"required\"> <label for=\"form-field-master-3\">Cello Master's Program in Music Performance and Orchestral Studies<\/label><\/span><span class=\"elementor-field-option\"><input type=\"radio\" value=\"Flute Master&#039;s Program in Music Performance and Orchestral Studies\" id=\"form-field-master-4\" name=\"form_fields[master]\" required=\"required\"> <label for=\"form-field-master-4\">Flute Master's Program in Music Performance and Orchestral Studies<\/label><\/span><\/div>\t\t\t\t<\/div>\n\t\t\t\t\t\t\t\t<div class=\"elementor-field-type-acceptance elementor-field-group elementor-column elementor-field-group-accettazione elementor-col-100 elementor-field-required\">\n\t\t\t\t\t\t\t<div class=\"elementor-field-subgroup\">\n\t\t\t<span class=\"elementor-field-option\">\n\t\t\t\t<input type=\"checkbox\" name=\"form_fields[accettazione]\" id=\"form-field-accettazione\" class=\"elementor-field elementor-size-sm  elementor-acceptance-field\" required=\"required\">\n\t\t\t\t<label for=\"form-field-accettazione\"><span style=\"font-size:10px; color:white; \">I have read and accept the <a style=\"color:white;\" href=\"http:\/\/www.marthapalermo.it\/privacy-policy\" target=\"\u201d_blank\u201d\">privacy policy.<\/a><\/span><span style=\"font-size:10px;\"> I agree to receive information from MARTHA. This site is protected by reCAPTCHA. Google <a style=\"color:white;\" href=\"https:\/\/policies.google.com\/privacy\">privacy policy<\/a> and <a style=\"color:white;\" href=\"https:\/\/policies.google.com\/terms\">terms of service<\/a> apply\n<\/span><\/label>\t\t\t<\/span>\n\t\t<\/div>\n\t\t\t\t\t\t<\/div>\n\t\t\t\t\t\t\t\t<div class=\"elementor-field-type-recaptcha_v3 elementor-field-group elementor-column elementor-field-group-field_f4e356c elementor-col-100 recaptcha_v3-bottomright\">\n\t\t\t\t\t<div class=\"elementor-field\" id=\"form-field-field_f4e356c\"><div class=\"elementor-g-recaptcha\" data-sitekey=\"6Ld6c4ErAAAAAMZ8yXefBiweZ71pgirabTbRE6Mw\" data-type=\"v3\" data-action=\"Form\" data-badge=\"bottomright\" data-size=\"invisible\"><\/div><\/div>\t\t\t\t<\/div>\n\t\t\t\t\t\t\t\t<div class=\"elementor-field-group elementor-column elementor-field-type-submit elementor-col-100 e-form__buttons\">\n\t\t\t\t\t<button class=\"elementor-button elementor-size-sm\" type=\"submit\">\n\t\t\t\t\t\t<span class=\"elementor-button-content-wrapper\">\n\t\t\t\t\t\t\t\t\t\t\t\t\t\t\t\t\t\t\t\t\t\t<span class=\"elementor-button-text\">SUBMIT<\/span>\n\t\t\t\t\t\t\t\t\t\t\t\t\t<\/span>\n\t\t\t\t\t<\/button>\n\t\t\t\t<\/div>\n\t\t\t<\/div>\n\t\t<\/form>\n\t\t\t\t\t\t<\/div>\n\t\t\t\t<\/div>\n\t\t\t\t\t<\/div>\n\t\t<\/div>\n\t\t\t\t\t<\/div>\n\t\t<\/section>\n\t\t\t\t<section class=\"elementor-section elementor-top-section elementor-element elementor-element-f851832 elementor-section-full_width elementor-section-stretched elementor-section-height-default elementor-section-height-default\" data-id=\"f851832\" data-element_type=\"section\" data-e-type=\"section\" data-settings=\"{&quot;stretch_section&quot;:&quot;section-stretched&quot;,&quot;background_background&quot;:&quot;classic&quot;}\">\n\t\t\t\t\t\t<div class=\"elementor-container elementor-column-gap-default\">\n\t\t\t\t\t<div class=\"elementor-column elementor-col-100 elementor-top-column elementor-element elementor-element-3012ee2\" data-id=\"3012ee2\" data-element_type=\"column\" data-e-type=\"column\">\n\t\t\t<div class=\"elementor-widget-wrap elementor-element-populated\">\n\t\t\t\t\t\t<div class=\"elementor-element elementor-element-43904a9 elementor-widget elementor-widget-heading\" data-id=\"43904a9\" data-element_type=\"widget\" data-e-type=\"widget\" data-widget_type=\"heading.default\">\n\t\t\t\t<div class=\"elementor-widget-container\">\n\t\t\t\t\t<h1 class=\"elementor-heading-title elementor-size-default\"><b>MASTERCLASS<\/b> \u2b24<br>and WORKSHOP <\/h1>\t\t\t\t<\/div>\n\t\t\t\t<\/div>\n\t\t\t\t\t<\/div>\n\t\t<\/div>\n\t\t\t\t\t<\/div>\n\t\t<\/section>\n\t\t\t\t<section class=\"elementor-section elementor-top-section elementor-element elementor-element-29b0b06 elementor-section-full_width elementor-section-content-middle elementor-section-height-default elementor-section-height-default\" data-id=\"29b0b06\" data-element_type=\"section\" data-e-type=\"section\" data-settings=\"{&quot;background_background&quot;:&quot;classic&quot;}\">\n\t\t\t\t\t\t<div class=\"elementor-container elementor-column-gap-no\">\n\t\t\t\t\t<div class=\"elementor-column elementor-col-50 elementor-top-column elementor-element elementor-element-3e497f8\" data-id=\"3e497f8\" data-element_type=\"column\" data-e-type=\"column\">\n\t\t\t<div class=\"elementor-widget-wrap elementor-element-populated\">\n\t\t\t\t\t\t<div class=\"elementor-element elementor-element-4b1c18b elementor-widget elementor-widget-heading\" data-id=\"4b1c18b\" data-element_type=\"widget\" data-e-type=\"widget\" data-widget_type=\"heading.default\">\n\t\t\t\t<div class=\"elementor-widget-container\">\n\t\t\t\t\t<p class=\"elementor-heading-title elementor-size-default\">LEARNING AND DEVELOPING<\/p>\t\t\t\t<\/div>\n\t\t\t\t<\/div>\n\t\t\t\t<div class=\"elementor-element elementor-element-0b78e0f elementor-widget elementor-widget-text-editor\" data-id=\"0b78e0f\" data-element_type=\"widget\" data-e-type=\"widget\" data-widget_type=\"text-editor.default\">\n\t\t\t\t<div class=\"elementor-widget-container\">\n\t\t\t\t\t\t\t\t\tMartha aims to allow space for intensive learning experiences and opportunities to explore various disciplines that are functional to a musician&#8217;s career through a diverse schedule of masterclasses and workshops conducted by renowned maestros and industry experts.\t\t\t\t\t\t\t\t<\/div>\n\t\t\t\t<\/div>\n\t\t\t\t<div class=\"elementor-element elementor-element-8ab4d1f elementor-align-left elementor-widget elementor-widget-button\" data-id=\"8ab4d1f\" data-element_type=\"widget\" data-e-type=\"widget\" data-widget_type=\"button.default\">\n\t\t\t\t<div class=\"elementor-widget-container\">\n\t\t\t\t\t\t\t\t\t<div class=\"elementor-button-wrapper\">\n\t\t\t\t\t<a class=\"elementor-button elementor-button-link elementor-size-sm\" href=\"https:\/\/www.marthapalermo.it\/en\/categoria-evento\/masterclass-en\/\">\n\t\t\t\t\t\t<span class=\"elementor-button-content-wrapper\">\n\t\t\t\t\t\t\t\t\t<span class=\"elementor-button-text\">FIND OUT MORE<\/span>\n\t\t\t\t\t<\/span>\n\t\t\t\t\t<\/a>\n\t\t\t\t<\/div>\n\t\t\t\t\t\t\t\t<\/div>\n\t\t\t\t<\/div>\n\t\t\t\t\t<\/div>\n\t\t<\/div>\n\t\t\t\t<div class=\"elementor-column elementor-col-50 elementor-top-column elementor-element elementor-element-9ea7655\" data-id=\"9ea7655\" data-element_type=\"column\" data-e-type=\"column\">\n\t\t\t<div class=\"elementor-widget-wrap elementor-element-populated\">\n\t\t\t\t\t\t<div class=\"elementor-element elementor-element-805ac2e elementor-grid-2 elementor-grid-tablet-3 elementor-grid-mobile-2 elementor-products-grid elementor-wc-products elementor-widget elementor-widget-woocommerce-products\" data-id=\"805ac2e\" data-element_type=\"widget\" data-e-type=\"widget\" data-widget_type=\"woocommerce-products.default\">\n\t\t\t\t<div class=\"elementor-widget-container\">\n\t\t\t\t\t<div class=\"woocommerce columns-2 \"><ul class=\"products elementor-grid columns-2\">\n<li class=\"ast-article-single desktop-align-left tablet-align-left mobile-align-left product type-product post-33630 status-publish first instock product_cat-house-concert-en product_tag-house-concert has-post-thumbnail taxable shipping-taxable purchasable product-type-variable\">\n\t<div class=\"astra-shop-thumbnail-wrap\"><a href=\"https:\/\/www.marthapalermo.it\/en\/eventi\/house-concert-en\/morgen-piano-trio\/\" class=\"woocommerce-LoopProduct-link woocommerce-loop-product__link\"><img fetchpriority=\"high\" decoding=\"async\" width=\"600\" height=\"600\" src=\"https:\/\/www.marthapalermo.it\/wp-content\/uploads\/2025\/12\/MicroSeason_4-concerto_06-600x600.jpg\" class=\"attachment-woocommerce_thumbnail size-woocommerce_thumbnail\" alt=\"MicroSeason_4-concert_06\" srcset=\"https:\/\/www.marthapalermo.it\/wp-content\/uploads\/2025\/12\/MicroSeason_4-concerto_06-600x600.jpg 600w, https:\/\/www.marthapalermo.it\/wp-content\/uploads\/2025\/12\/MicroSeason_4-concerto_06-300x300.jpg 300w, https:\/\/www.marthapalermo.it\/wp-content\/uploads\/2025\/12\/MicroSeason_4-concerto_06-150x150.jpg 150w, https:\/\/www.marthapalermo.it\/wp-content\/uploads\/2025\/12\/MicroSeason_4-concerto_06-768x768.jpg 768w, https:\/\/www.marthapalermo.it\/wp-content\/uploads\/2025\/12\/MicroSeason_4-concerto_06-32x32.jpg 32w, https:\/\/www.marthapalermo.it\/wp-content\/uploads\/2025\/12\/MicroSeason_4-concerto_06-100x100.jpg 100w, https:\/\/www.marthapalermo.it\/wp-content\/uploads\/2025\/12\/MicroSeason_4-concerto_06.jpg 842w\" sizes=\"(max-width: 600px) 100vw, 600px\" \/><\/a><\/div><div class=\"astra-shop-summary-wrap\">\t\t\t<span class=\"ast-woo-product-category\">\n\t\t\t\tHouse concert\t\t\t<\/span>\n\t\t\t<a href=\"https:\/\/www.marthapalermo.it\/en\/eventi\/house-concert-en\/morgen-piano-trio\/\" class=\"ast-loop-product__link\"><h2 class=\"woocommerce-loop-product__title\">Morgen Piano Trio<\/h2><\/a><\/div><\/li>\n<li class=\"ast-article-single desktop-align-left tablet-align-left mobile-align-left product type-product post-34097 status-publish last instock product_cat-masterclass-en has-post-thumbnail taxable shipping-taxable purchasable product-type-variable\">\n\t<div class=\"astra-shop-thumbnail-wrap\"><a href=\"https:\/\/www.marthapalermo.it\/en\/eventi\/masterclass-en\/cello-orchestra-masterclass-auditions-copia\/\" class=\"woocommerce-LoopProduct-link woocommerce-loop-product__link\"><img decoding=\"async\" width=\"600\" height=\"600\" src=\"https:\/\/www.marthapalermo.it\/wp-content\/uploads\/2026\/04\/orchestra_flauto_2026_ITA.jpg\" class=\"attachment-woocommerce_thumbnail size-woocommerce_thumbnail\" alt=\"orchestra_flauto_2026_ITA\" srcset=\"https:\/\/www.marthapalermo.it\/wp-content\/uploads\/2026\/04\/orchestra_flauto_2026_ITA.jpg 600w, https:\/\/www.marthapalermo.it\/wp-content\/uploads\/2026\/04\/orchestra_flauto_2026_ITA-300x300.jpg 300w, https:\/\/www.marthapalermo.it\/wp-content\/uploads\/2026\/04\/orchestra_flauto_2026_ITA-150x150.jpg 150w, https:\/\/www.marthapalermo.it\/wp-content\/uploads\/2026\/04\/orchestra_flauto_2026_ITA-32x32.jpg 32w, https:\/\/www.marthapalermo.it\/wp-content\/uploads\/2026\/04\/orchestra_flauto_2026_ITA-100x100.jpg 100w\" sizes=\"(max-width: 600px) 100vw, 600px\" \/><\/a><\/div><div class=\"astra-shop-summary-wrap\">\t\t\t<span class=\"ast-woo-product-category\">\n\t\t\t\tMasterclass\t\t\t<\/span>\n\t\t\t<a href=\"https:\/\/www.marthapalermo.it\/en\/eventi\/masterclass-en\/cello-orchestra-masterclass-auditions-copia\/\" class=\"ast-loop-product__link\"><h2 class=\"woocommerce-loop-product__title\">The flute orchestra masterclass auditions<\/h2><\/a><\/div><\/li>\n<\/ul>\n<\/div>\t\t\t\t<\/div>\n\t\t\t\t<\/div>\n\t\t\t\t\t<\/div>\n\t\t<\/div>\n\t\t\t\t\t<\/div>\n\t\t<\/section>\n\t\t\t\t<section class=\"elementor-section elementor-top-section elementor-element elementor-element-a92723e elementor-section-full_width elementor-section-content-middle elementor-section-height-default elementor-section-height-default\" data-id=\"a92723e\" data-element_type=\"section\" data-e-type=\"section\">\n\t\t\t\t\t\t<div class=\"elementor-container elementor-column-gap-narrow\">\n\t\t\t\t\t<div class=\"elementor-column elementor-col-100 elementor-top-column elementor-element elementor-element-b52f20f\" data-id=\"b52f20f\" data-element_type=\"column\" data-e-type=\"column\">\n\t\t\t<div class=\"elementor-widget-wrap elementor-element-populated\">\n\t\t\t\t\t\t<div class=\"elementor-element elementor-element-5ab8208 elementor-widget-divider--view-line elementor-widget elementor-widget-divider\" data-id=\"5ab8208\" data-element_type=\"widget\" data-e-type=\"widget\" data-widget_type=\"divider.default\">\n\t\t\t\t<div class=\"elementor-widget-container\">\n\t\t\t\t\t\t\t<div class=\"elementor-divider\">\n\t\t\t<span class=\"elementor-divider-separator\">\n\t\t\t\t\t\t<\/span>\n\t\t<\/div>\n\t\t\t\t\t\t<\/div>\n\t\t\t\t<\/div>\n\t\t\t\t\t<\/div>\n\t\t<\/div>\n\t\t\t\t\t<\/div>\n\t\t<\/section>\n\t\t\t\t<section class=\"elementor-section elementor-top-section elementor-element elementor-element-93067c9 elementor-section-full_width elementor-section-stretched elementor-section-height-default elementor-section-height-default\" data-id=\"93067c9\" data-element_type=\"section\" data-e-type=\"section\" data-settings=\"{&quot;stretch_section&quot;:&quot;section-stretched&quot;}\">\n\t\t\t\t\t\t<div class=\"elementor-container elementor-column-gap-default\">\n\t\t\t\t\t<div class=\"elementor-column elementor-col-50 elementor-top-column elementor-element elementor-element-c440d62\" data-id=\"c440d62\" data-element_type=\"column\" data-e-type=\"column\">\n\t\t\t<div class=\"elementor-widget-wrap elementor-element-populated\">\n\t\t\t\t\t\t<div class=\"elementor-element elementor-element-844d87a elementor-widget elementor-widget-heading\" data-id=\"844d87a\" data-element_type=\"widget\" data-e-type=\"widget\" data-widget_type=\"heading.default\">\n\t\t\t\t<div class=\"elementor-widget-container\">\n\t\t\t\t\t<p class=\"elementor-heading-title elementor-size-default\">\u2b24 Calendar and Events<\/p>\t\t\t\t<\/div>\n\t\t\t\t<\/div>\n\t\t\t\t<div class=\"elementor-element elementor-element-5b02e23 elementor-widget__width-initial elementor-widget elementor-widget-wp-widget-fooevents_calendar_widget\" data-id=\"5b02e23\" data-element_type=\"widget\" data-e-type=\"widget\" data-widget_type=\"wp-widget-fooevents_calendar_widget.default\">\n\t\t\t\t<div class=\"elementor-widget-container\">\n\t\t\t\t\t<div id='8804_fooevents_calendar' class=\"fooevents_calendar\" style=\"clear:both\"><\/div>\r\n<script>\r\ndocument.addEventListener(\"DOMContentLoaded\", (event) => {\r\n    (function($) {\r\n        var localObj = '{\\\"id\\\":\\\"8804_fooevents_calendar\\\",\\\"header\\\":{\\\"left\\\":\\\"title\\\",\\\"center\\\":\\\"\\\",\\\"right\\\":\\\"prev,next\\\"},\\\"type\\\":\\\"Calendar\\\",\\\"locale\\\":\\\"en_US\\\",\\\"timeFormat\\\":\\\"H:mm\\\",\\\"buttonText\\\":{\\\"today\\\":\\\"Today\\\"},\\\"events\\\":[{\\\"title\\\":\\\"The flute orchestra masterclass auditions\\\",\\\"allDay\\\":true,\\\"start\\\":\\\"2026-05-04T09:00:00\\\",\\\"unformated_date\\\":\\\"4 Maggio 2026\\\",\\\"unformated_start_time\\\":\\\"09:00 \\\",\\\"unformated_end_time\\\":\\\"19:00\\\",\\\"timestamp\\\":1777885200,\\\"timezone\\\":\\\"\\\",\\\"url\\\":\\\"https:\\\\\/\\\\\/www.marthapalermo.it\\\\\/en\\\\\/eventi\\\\\/masterclass-en\\\\\/cello-orchestra-masterclass-auditions-copia\\\\\/\\\",\\\"location\\\":\\\"MARTHA - Music ART House Academy , via Siracusa 32 (Palermo)\\\",\\\"post_id\\\":34097,\\\"stock_num\\\":null,\\\"className\\\":\\\"\\\",\\\"color\\\":\\\"#16a75d\\\",\\\"textColor\\\":\\\"#ffffff\\\",\\\"end\\\":\\\"2026-05-07T23:00:00\\\",\\\"unformated_end_date\\\":\\\"6 Maggio 2026\\\",\\\"in_stock\\\":\\\"yes\\\"},{\\\"title\\\":\\\"Lighting cigarettes to ghosts\\\",\\\"allDay\\\":true,\\\"start\\\":\\\"2026-05-09T00:00:00\\\",\\\"unformated_date\\\":\\\"9 Maggio 2026\\\",\\\"unformated_start_time\\\":\\\"00:00 \\\",\\\"unformated_end_time\\\":\\\"00:00\\\",\\\"timestamp\\\":1778284800,\\\"timezone\\\":\\\"\\\",\\\"url\\\":\\\"https:\\\\\/\\\\\/www.marthapalermo.it\\\\\/en\\\\\/eventi\\\\\/exhibitions\\\\\/lighting-cigarettes-to-ghosts\\\\\/\\\",\\\"location\\\":\\\"\\\",\\\"post_id\\\":34061,\\\"stock_num\\\":null,\\\"className\\\":\\\"\\\",\\\"color\\\":\\\"#16a75d\\\",\\\"textColor\\\":\\\"#ffffff\\\",\\\"end\\\":\\\"2026-07-12T23:00:00\\\",\\\"unformated_end_date\\\":\\\"11 Luglio 2026\\\",\\\"in_stock\\\":\\\"yes\\\"},{\\\"title\\\":\\\"Cello orchestra masterclass auditions\\\",\\\"allDay\\\":true,\\\"start\\\":\\\"2026-04-20T09:00:00\\\",\\\"unformated_date\\\":\\\"20 Aprile 2026\\\",\\\"unformated_start_time\\\":\\\"09:00 \\\",\\\"unformated_end_time\\\":\\\"19:00\\\",\\\"timestamp\\\":1776675600,\\\"timezone\\\":\\\"\\\",\\\"url\\\":\\\"https:\\\\\/\\\\\/www.marthapalermo.it\\\\\/en\\\\\/eventi\\\\\/masterclass-en\\\\\/cello-masterclass-with-massimo-polidori-2\\\\\/\\\",\\\"location\\\":\\\"MARTHA - Music ART House Academy , via Siracusa 32 (Palermo)\\\",\\\"post_id\\\":33783,\\\"stock_num\\\":null,\\\"className\\\":\\\"\\\",\\\"color\\\":\\\"#16a75d\\\",\\\"textColor\\\":\\\"#ffffff\\\",\\\"end\\\":\\\"2026-04-24T23:00:00\\\",\\\"unformated_end_date\\\":\\\"23 Aprile 2026\\\",\\\"in_stock\\\":\\\"yes\\\"},{\\\"title\\\":\\\"Masterclass with Sebastian Jacot\\\",\\\"allDay\\\":true,\\\"start\\\":\\\"2026-04-17T09:00:00\\\",\\\"unformated_date\\\":\\\"17 Aprile 2026\\\",\\\"unformated_start_time\\\":\\\"09:00 \\\",\\\"unformated_end_time\\\":\\\"19:00\\\",\\\"timestamp\\\":1776416400,\\\"timezone\\\":\\\"\\\",\\\"url\\\":\\\"https:\\\\\/\\\\\/www.marthapalermo.it\\\\\/en\\\\\/eventi\\\\\/masterclass-en\\\\\/flute-masterclass-with-jacot\\\\\/\\\",\\\"location\\\":\\\"MARTHA - Music ART House Academy , via Siracusa 32 (Palermo)\\\",\\\"post_id\\\":33759,\\\"stock_num\\\":null,\\\"className\\\":\\\"\\\",\\\"color\\\":\\\"#16a75d\\\",\\\"textColor\\\":\\\"#ffffff\\\",\\\"end\\\":\\\"2026-04-20T23:00:00\\\",\\\"unformated_end_date\\\":\\\"19 Aprile 2026\\\",\\\"in_stock\\\":\\\"yes\\\"},{\\\"title\\\":\\\"The gym of emotions\\\",\\\"allDay\\\":true,\\\"start\\\":\\\"2026-04-14T10:00:00\\\",\\\"unformated_date\\\":\\\"14 Aprile 2026\\\",\\\"unformated_start_time\\\":\\\"10:00 \\\",\\\"unformated_end_time\\\":\\\"18:00\\\",\\\"timestamp\\\":1776160800,\\\"timezone\\\":\\\"\\\",\\\"url\\\":\\\"https:\\\\\/\\\\\/www.marthapalermo.it\\\\\/en\\\\\/eventi\\\\\/performing\\\\\/the-gym-of-emotions\\\\\/\\\",\\\"location\\\":\\\"MARTHA - Music ART House Academy , via Siracusa 32 (Palermo)\\\",\\\"post_id\\\":33707,\\\"stock_num\\\":20,\\\"className\\\":\\\"\\\",\\\"textColor\\\":\\\"#ffffff\\\",\\\"in_stock\\\":\\\"yes\\\"},{\\\"title\\\":\\\"Flute masterclass with Gianluca Campo\\\",\\\"allDay\\\":true,\\\"start\\\":\\\"2026-03-09T09:00:00\\\",\\\"unformated_date\\\":\\\"9 Marzo 2026\\\",\\\"unformated_start_time\\\":\\\"09:00 \\\",\\\"unformated_end_time\\\":\\\"19:00\\\",\\\"timestamp\\\":1773046800,\\\"timezone\\\":\\\"\\\",\\\"url\\\":\\\"https:\\\\\/\\\\\/www.marthapalermo.it\\\\\/en\\\\\/eventi\\\\\/masterclass-en\\\\\/flute-masterclass-with-gianluca-campo\\\\\/\\\",\\\"location\\\":\\\"MARTHA - Music ART House Academy , via Siracusa 32 (Palermo)\\\",\\\"post_id\\\":33586,\\\"stock_num\\\":null,\\\"className\\\":\\\"\\\",\\\"color\\\":\\\"#16a75d\\\",\\\"textColor\\\":\\\"#ffffff\\\",\\\"end\\\":\\\"2026-03-11T23:00:00\\\",\\\"unformated_end_date\\\":\\\"10 Marzo 2026\\\",\\\"in_stock\\\":\\\"yes\\\"},{\\\"title\\\":\\\"Cello masterclass with Massimo Polidori\\\",\\\"allDay\\\":true,\\\"start\\\":\\\"2026-03-04T09:00:00\\\",\\\"unformated_date\\\":\\\"4 Marzo 2026\\\",\\\"unformated_start_time\\\":\\\"09:00 \\\",\\\"unformated_end_time\\\":\\\"19:00\\\",\\\"timestamp\\\":1772614800,\\\"timezone\\\":\\\"\\\",\\\"url\\\":\\\"https:\\\\\/\\\\\/www.marthapalermo.it\\\\\/en\\\\\/eventi\\\\\/masterclass-en\\\\\/cello-masterclass-with-massimo-polidori\\\\\/\\\",\\\"location\\\":\\\"MARTHA - Music ART House Academy , via Siracusa 32 (Palermo)\\\",\\\"post_id\\\":33577,\\\"stock_num\\\":null,\\\"className\\\":\\\"\\\",\\\"color\\\":\\\"#16a75d\\\",\\\"textColor\\\":\\\"#ffffff\\\",\\\"end\\\":\\\"2026-03-06T23:00:00\\\",\\\"unformated_end_date\\\":\\\"5 Marzo 2026\\\",\\\"in_stock\\\":\\\"yes\\\"},{\\\"title\\\":\\\"Morgen Piano Trio\\\",\\\"allDay\\\":true,\\\"start\\\":\\\"2026-04-26T18:30:00\\\",\\\"unformated_date\\\":\\\"26 Aprile 2026\\\",\\\"unformated_start_time\\\":\\\"18:30 \\\",\\\"unformated_end_time\\\":\\\"21:00\\\",\\\"timestamp\\\":1777228200,\\\"timezone\\\":\\\"\\\",\\\"url\\\":\\\"https:\\\\\/\\\\\/www.marthapalermo.it\\\\\/en\\\\\/eventi\\\\\/house-concert-en\\\\\/morgen-piano-trio\\\\\/\\\",\\\"location\\\":\\\"MARTHA - Music ART House Academy , via Siracusa 32 (Palermo)\\\",\\\"post_id\\\":33630,\\\"stock_num\\\":22,\\\"className\\\":\\\"\\\",\\\"textColor\\\":\\\"#ffffff\\\",\\\"end\\\":\\\"2026-04-27T23:00:00\\\",\\\"unformated_end_date\\\":\\\"26 Aprile 2026\\\",\\\"in_stock\\\":\\\"yes\\\"},{\\\"title\\\":\\\"Baroque singing masterclass with Giuseppina Bridelli\\\",\\\"allDay\\\":true,\\\"start\\\":\\\"2026-03-26T10:00:00\\\",\\\"unformated_date\\\":\\\"26 Marzo 2026\\\",\\\"unformated_start_time\\\":\\\"10:00 \\\",\\\"unformated_end_time\\\":\\\"19:00\\\",\\\"timestamp\\\":1774519200,\\\"timezone\\\":\\\"\\\",\\\"url\\\":\\\"https:\\\\\/\\\\\/www.marthapalermo.it\\\\\/en\\\\\/eventi\\\\\/masterclass-en\\\\\/baroque-singing-masterclass-with-giuseppina-bridelli\\\\\/\\\",\\\"location\\\":\\\"MARTHA - Music ART House Academy , via Siracusa 32 (Palermo)\\\",\\\"post_id\\\":33437,\\\"stock_num\\\":null,\\\"className\\\":\\\"\\\",\\\"color\\\":\\\"#16a75d\\\",\\\"textColor\\\":\\\"#ffffff\\\",\\\"end\\\":\\\"2026-03-29T23:00:00\\\",\\\"unformated_end_date\\\":\\\"28 Marzo 2026\\\",\\\"in_stock\\\":\\\"yes\\\"},{\\\"title\\\":\\\"Cello masterclass with Giovanni Sollima\\\",\\\"allDay\\\":true,\\\"start\\\":\\\"2026-02-07T10:00:00\\\",\\\"unformated_date\\\":\\\"7 Febbraio 2026\\\",\\\"unformated_start_time\\\":\\\"10:00 \\\",\\\"unformated_end_time\\\":\\\"19:00\\\",\\\"timestamp\\\":1770458400,\\\"timezone\\\":\\\"\\\",\\\"url\\\":\\\"https:\\\\\/\\\\\/www.marthapalermo.it\\\\\/en\\\\\/eventi\\\\\/masterclass-en\\\\\/masterclass-with-sollima\\\\\/\\\",\\\"location\\\":\\\"MARTHA - Music ART House Academy , via Siracusa 32 (Palermo)\\\",\\\"post_id\\\":33258,\\\"stock_num\\\":null,\\\"className\\\":\\\"\\\",\\\"color\\\":\\\"#16a75d\\\",\\\"textColor\\\":\\\"#ffffff\\\",\\\"end\\\":\\\"2026-02-09T23:00:00\\\",\\\"unformated_end_date\\\":\\\"8 Febbraio 2026\\\",\\\"in_stock\\\":\\\"yes\\\"},{\\\"title\\\":\\\"Flute masterclass with Riccardo Ghiani\\\",\\\"allDay\\\":true,\\\"start\\\":\\\"2026-02-16T10:00:00\\\",\\\"unformated_date\\\":\\\"16 Febbraio 2026\\\",\\\"unformated_start_time\\\":\\\"10:00 \\\",\\\"unformated_end_time\\\":\\\"19:00\\\",\\\"timestamp\\\":1771236000,\\\"timezone\\\":\\\"\\\",\\\"url\\\":\\\"https:\\\\\/\\\\\/www.marthapalermo.it\\\\\/en\\\\\/eventi\\\\\/masterclass-en\\\\\/flute-masterclass-with-riccardo-ghiani\\\\\/\\\",\\\"location\\\":\\\"MARTHA - Music ART House Academy , via Siracusa 32 (Palermo)\\\",\\\"post_id\\\":33318,\\\"stock_num\\\":null,\\\"className\\\":\\\"\\\",\\\"color\\\":\\\"#16a75d\\\",\\\"textColor\\\":\\\"#ffffff\\\",\\\"end\\\":\\\"2026-03-03T23:00:00\\\",\\\"unformated_end_date\\\":\\\"3 Marzo 2026\\\",\\\"in_stock\\\":\\\"yes\\\"},{\\\"title\\\":\\\"Masterclass with Sebastian Jacot\\\",\\\"allDay\\\":true,\\\"start\\\":\\\"2026-01-21T10:00:00\\\",\\\"unformated_date\\\":\\\"21 Gennaio 2026\\\",\\\"unformated_start_time\\\":\\\"10:00 \\\",\\\"unformated_end_time\\\":\\\"19:00\\\",\\\"timestamp\\\":1768989600,\\\"timezone\\\":\\\"\\\",\\\"url\\\":\\\"https:\\\\\/\\\\\/www.marthapalermo.it\\\\\/en\\\\\/eventi\\\\\/masterclass-en\\\\\/masterclass-with-jacot\\\\\/\\\",\\\"location\\\":\\\"MARTHA - Music ART House Academy , via Siracusa 32 (Palermo)\\\",\\\"post_id\\\":32992,\\\"stock_num\\\":null,\\\"className\\\":\\\"\\\",\\\"color\\\":\\\"#16a75d\\\",\\\"textColor\\\":\\\"#ffffff\\\",\\\"end\\\":\\\"2026-01-24T23:00:00\\\",\\\"unformated_end_date\\\":\\\"23 Gennaio 2026\\\",\\\"in_stock\\\":\\\"yes\\\"},{\\\"title\\\":\\\"Masterclass with Amedeo Cicchese\\\",\\\"allDay\\\":true,\\\"start\\\":\\\"2026-01-12T10:00:00\\\",\\\"unformated_date\\\":\\\"12 Gennaio 2026\\\",\\\"unformated_start_time\\\":\\\"10:00 \\\",\\\"unformated_end_time\\\":\\\"19:00\\\",\\\"timestamp\\\":1768212000,\\\"timezone\\\":\\\"\\\",\\\"url\\\":\\\"https:\\\\\/\\\\\/www.marthapalermo.it\\\\\/en\\\\\/eventi\\\\\/masterclass-en\\\\\/masterclass-with-riccardo-ghiani-copia-3\\\\\/\\\",\\\"location\\\":\\\"MARTHA - Music ART House Academy , via Siracusa 32 (Palermo)\\\",\\\"post_id\\\":32971,\\\"stock_num\\\":null,\\\"className\\\":\\\"\\\",\\\"color\\\":\\\"#16a75d\\\",\\\"textColor\\\":\\\"#ffffff\\\",\\\"end\\\":\\\"2026-01-15T23:00:00\\\",\\\"unformated_end_date\\\":\\\"14 Gennaio 2026\\\",\\\"in_stock\\\":\\\"yes\\\"},{\\\"title\\\":\\\"Surprise concert\\\",\\\"allDay\\\":true,\\\"start\\\":\\\"2026-04-11T21:00:00\\\",\\\"unformated_date\\\":\\\"11 Aprile 2026\\\",\\\"unformated_start_time\\\":\\\"21:00 \\\",\\\"unformated_end_time\\\":\\\"00:00\\\",\\\"timestamp\\\":1775941200,\\\"timezone\\\":\\\"\\\",\\\"url\\\":\\\"https:\\\\\/\\\\\/www.marthapalermo.it\\\\\/en\\\\\/eventi\\\\\/house-concert-en\\\\\/surprise-concert\\\\\/\\\",\\\"location\\\":\\\"MARTHA - Music ART House Academy , via Siracusa 32 (Palermo)\\\",\\\"post_id\\\":33686,\\\"stock_num\\\":21,\\\"className\\\":\\\"\\\",\\\"textColor\\\":\\\"#ffffff\\\",\\\"in_stock\\\":\\\"yes\\\"},{\\\"title\\\":\\\"Italian Baroque\\\",\\\"allDay\\\":true,\\\"start\\\":\\\"2026-03-29T18:30:00\\\",\\\"unformated_date\\\":\\\"29 Marzo 2026\\\",\\\"unformated_start_time\\\":\\\"18:30 \\\",\\\"unformated_end_time\\\":\\\"00:00\\\",\\\"timestamp\\\":1774809000,\\\"timezone\\\":\\\"\\\",\\\"url\\\":\\\"https:\\\\\/\\\\\/www.marthapalermo.it\\\\\/en\\\\\/eventi\\\\\/house-concert-en\\\\\/italian-baroque\\\\\/\\\",\\\"location\\\":\\\"MARTHA - Music ART House Academy , via Siracusa 32 (Palermo)\\\",\\\"post_id\\\":33690,\\\"stock_num\\\":0,\\\"className\\\":\\\"fooevents_out_of_stock\\\",\\\"textColor\\\":\\\"#ffffff\\\",\\\"in_stock\\\":\\\"no\\\"},{\\\"title\\\":\\\"Trio Harmonia\\\",\\\"allDay\\\":true,\\\"start\\\":\\\"2026-03-01T18:30:00\\\",\\\"unformated_date\\\":\\\"1 Marzo 2026\\\",\\\"unformated_start_time\\\":\\\"18:30 \\\",\\\"unformated_end_time\\\":\\\"00:00\\\",\\\"timestamp\\\":1772389800,\\\"timezone\\\":\\\"\\\",\\\"url\\\":\\\"https:\\\\\/\\\\\/www.marthapalermo.it\\\\\/en\\\\\/eventi\\\\\/house-concert-en\\\\\/trio-harmonia\\\\\/\\\",\\\"location\\\":\\\"MARTHA - Music ART House Academy , via Siracusa 32 (Palermo)\\\",\\\"post_id\\\":33604,\\\"stock_num\\\":20,\\\"className\\\":\\\"\\\",\\\"textColor\\\":\\\"#ffffff\\\",\\\"in_stock\\\":\\\"yes\\\"},{\\\"title\\\":\\\"Lisa Redorici and Gianluca Blasio piano 4 hands\\\",\\\"allDay\\\":true,\\\"start\\\":\\\"2026-03-15T18:30:00\\\",\\\"unformated_date\\\":\\\"15 Marzo 2026\\\",\\\"unformated_start_time\\\":\\\"18:30 \\\",\\\"unformated_end_time\\\":\\\"00:00\\\",\\\"timestamp\\\":1773599400,\\\"timezone\\\":\\\"\\\",\\\"url\\\":\\\"https:\\\\\/\\\\\/www.marthapalermo.it\\\\\/en\\\\\/eventi\\\\\/house-concert-en\\\\\/lisa-redorici-and-gianluca-blasio-piano-4-hands\\\\\/\\\",\\\"location\\\":\\\"MARTHA - Music ART House Academy , via Siracusa 32 (Palermo)\\\",\\\"post_id\\\":33611,\\\"stock_num\\\":21,\\\"className\\\":\\\"\\\",\\\"textColor\\\":\\\"#ffffff\\\",\\\"in_stock\\\":\\\"yes\\\"},{\\\"title\\\":\\\"Masterclass with Giovanni Sollima\\\",\\\"allDay\\\":true,\\\"start\\\":\\\"2025-12-10T10:00:00\\\",\\\"unformated_date\\\":\\\"10 Dicembre 2025\\\",\\\"unformated_start_time\\\":\\\"10:00 \\\",\\\"unformated_end_time\\\":\\\"19:00\\\",\\\"timestamp\\\":1765360800,\\\"timezone\\\":\\\"\\\",\\\"url\\\":\\\"https:\\\\\/\\\\\/www.marthapalermo.it\\\\\/en\\\\\/eventi\\\\\/masterclass-en\\\\\/masterclass-with-giovanni-sollima-december-2025\\\\\/\\\",\\\"location\\\":\\\"MARTHA - Music ART House Academy , via Siracusa 32 (Palermo)\\\",\\\"post_id\\\":32660,\\\"stock_num\\\":null,\\\"className\\\":\\\"fooevents-expired-event-calendar\\\",\\\"color\\\":\\\"#16a75d\\\",\\\"textColor\\\":\\\"#ffffff\\\",\\\"end\\\":\\\"2025-12-12T23:00:00\\\",\\\"unformated_end_date\\\":\\\"11 Dicembre 2025\\\",\\\"in_stock\\\":\\\"yes\\\"},{\\\"title\\\":\\\"Masterclass with Riccardo Ghiani\\\",\\\"allDay\\\":true,\\\"start\\\":\\\"2025-12-13T10:00:00\\\",\\\"unformated_date\\\":\\\"13 Dicembre 2025\\\",\\\"unformated_start_time\\\":\\\"10:00 \\\",\\\"unformated_end_time\\\":\\\"19:00\\\",\\\"timestamp\\\":1765620000,\\\"timezone\\\":\\\"\\\",\\\"url\\\":\\\"https:\\\\\/\\\\\/www.marthapalermo.it\\\\\/en\\\\\/eventi\\\\\/masterclass-en\\\\\/masterclass-with-riccardo-ghiani-december-2025\\\\\/\\\",\\\"location\\\":\\\"MARTHA - Music ART House Academy , via Siracusa 32 (Palermo)\\\",\\\"post_id\\\":32629,\\\"stock_num\\\":null,\\\"className\\\":\\\"fooevents-expired-event-calendar\\\",\\\"color\\\":\\\"#16a75d\\\",\\\"textColor\\\":\\\"#ffffff\\\",\\\"end\\\":\\\"2025-12-15T23:00:00\\\",\\\"unformated_end_date\\\":\\\"14 Dicembre 2025\\\",\\\"in_stock\\\":\\\"yes\\\"},{\\\"title\\\":\\\"Echo of a light escape\\\",\\\"allDay\\\":true,\\\"start\\\":\\\"2025-11-07T16:00:00\\\",\\\"unformated_date\\\":\\\"7 Novembre 2025\\\",\\\"unformated_start_time\\\":\\\"16:00 \\\",\\\"unformated_end_time\\\":\\\"19:30\\\",\\\"timestamp\\\":1762531200,\\\"timezone\\\":\\\"\\\",\\\"url\\\":\\\"https:\\\\\/\\\\\/www.marthapalermo.it\\\\\/en\\\\\/eventi\\\\\/exhibitions\\\\\/echo-of-a-light-escape\\\\\/\\\",\\\"location\\\":\\\"\\\",\\\"post_id\\\":32028,\\\"stock_num\\\":null,\\\"className\\\":\\\"\\\",\\\"color\\\":\\\"#16a75d\\\",\\\"textColor\\\":\\\"#ffffff\\\",\\\"end\\\":\\\"2026-02-07T23:00:00\\\",\\\"unformated_end_date\\\":\\\"6 Febbraio 2026\\\",\\\"in_stock\\\":\\\"yes\\\"},{\\\"title\\\":\\\"ALESSIO MASI\\\",\\\"allDay\\\":true,\\\"start\\\":\\\"2025-12-21T18:30:00\\\",\\\"unformated_date\\\":\\\"21 Dicembre 2025\\\",\\\"unformated_start_time\\\":\\\"18:30 \\\",\\\"unformated_end_time\\\":\\\"00:00\\\",\\\"timestamp\\\":1766341800,\\\"timezone\\\":\\\"\\\",\\\"url\\\":\\\"https:\\\\\/\\\\\/www.marthapalermo.it\\\\\/en\\\\\/eventi\\\\\/house-concert-en\\\\\/alessio-masi\\\\\/\\\",\\\"location\\\":\\\"MARTHA - Music ART House Academy , via Siracusa 32 (Palermo)\\\",\\\"post_id\\\":31722,\\\"stock_num\\\":-4,\\\"className\\\":\\\"\\\",\\\"in_stock\\\":\\\"no\\\",\\\"end\\\":\\\"2026-02-11T23:00:00\\\",\\\"unformated_end_date\\\":\\\"13 Febbraio 2026\\\"},{\\\"title\\\":\\\"Masterclass with Riccardo Ghiani\\\",\\\"allDay\\\":true,\\\"start\\\":\\\"2025-11-19T10:00:00\\\",\\\"unformated_date\\\":\\\"19 Novembre 2025\\\",\\\"unformated_start_time\\\":\\\"10:00 \\\",\\\"unformated_end_time\\\":\\\"19:00\\\",\\\"timestamp\\\":1763546400,\\\"timezone\\\":\\\"\\\",\\\"url\\\":\\\"https:\\\\\/\\\\\/www.marthapalermo.it\\\\\/en\\\\\/eventi\\\\\/masterclass-en\\\\\/masterclass-with-riccardo-ghiani-copia\\\\\/\\\",\\\"location\\\":\\\"MARTHA - Music ART House Academy , via Siracusa 32 (Palermo)\\\",\\\"post_id\\\":32050,\\\"stock_num\\\":null,\\\"className\\\":\\\"fooevents-expired-event-calendar\\\",\\\"color\\\":\\\"#16a75d\\\",\\\"textColor\\\":\\\"#ffffff\\\",\\\"end\\\":\\\"2025-10-27T23:00:00\\\",\\\"unformated_end_date\\\":\\\"21 Dicembre 2025\\\",\\\"in_stock\\\":\\\"yes\\\"},{\\\"title\\\":\\\"Masterclass with Massimo Polidori\\\",\\\"allDay\\\":true,\\\"start\\\":\\\"2025-11-28T00:00:00\\\",\\\"unformated_date\\\":\\\"28 Novembre 2025\\\",\\\"unformated_start_time\\\":\\\"00:00 \\\",\\\"unformated_end_time\\\":\\\"00:00\\\",\\\"timestamp\\\":1764288000,\\\"timezone\\\":\\\"\\\",\\\"url\\\":\\\"https:\\\\\/\\\\\/www.marthapalermo.it\\\\\/en\\\\\/eventi\\\\\/masterclass-en\\\\\/meeting-with-massimo-polidori-copia\\\\\/\\\",\\\"location\\\":\\\"MARTHA - Music ART House Academy , via Siracusa 32 (Palermo)\\\",\\\"post_id\\\":32263,\\\"stock_num\\\":30,\\\"className\\\":\\\"fooevents-expired-event-calendar\\\",\\\"color\\\":\\\"#16a75d\\\",\\\"textColor\\\":\\\"#ffffff\\\",\\\"end\\\":\\\"2025-11-30T23:00:00\\\",\\\"unformated_end_date\\\":\\\"29 Novembre 2025\\\",\\\"in_stock\\\":\\\"yes\\\"},{\\\"title\\\":\\\"ALESSANDRO<br>LO GIUDICE<br>MARTINA NIFANTANI\\\",\\\"allDay\\\":true,\\\"start\\\":\\\"2025-11-23T18:30:00\\\",\\\"unformated_date\\\":\\\"23 Novembre 2025\\\",\\\"unformated_start_time\\\":\\\"18:30 \\\",\\\"unformated_end_time\\\":\\\"00:00\\\",\\\"timestamp\\\":1763922600,\\\"timezone\\\":\\\"\\\",\\\"url\\\":\\\"https:\\\\\/\\\\\/www.marthapalermo.it\\\\\/en\\\\\/eventi\\\\\/house-concert-en\\\\\/alexander-lo-giudice-martina-nifantani\\\\\/\\\",\\\"location\\\":\\\"MARTHA - Music ART House Academy , via Siracusa 32 (Palermo)\\\",\\\"post_id\\\":31752,\\\"stock_num\\\":6,\\\"className\\\":\\\"\\\",\\\"in_stock\\\":\\\"yes\\\",\\\"end\\\":\\\"2025-12-07T23:00:00\\\",\\\"unformated_end_date\\\":\\\"7 Dicembre 2025\\\"},{\\\"title\\\":\\\"RAFFAELA <br>CARDAROPOLI <br>PIERO CINOSI\\\",\\\"allDay\\\":true,\\\"start\\\":\\\"2025-11-09T18:30:00\\\",\\\"unformated_date\\\":\\\"9 Novembre 2025\\\",\\\"unformated_start_time\\\":\\\"18:30 \\\",\\\"unformated_end_time\\\":\\\"00:00\\\",\\\"timestamp\\\":1762713000,\\\"timezone\\\":\\\"\\\",\\\"url\\\":\\\"https:\\\\\/\\\\\/www.marthapalermo.it\\\\\/en\\\\\/eventi\\\\\/house-concert-en\\\\\/raffaela-cardaropoli-piero-cinosi\\\\\/\\\",\\\"location\\\":\\\"Martha Music Academy , via Siracusa 32\\\",\\\"post_id\\\":31747,\\\"stock_num\\\":18,\\\"className\\\":\\\"\\\",\\\"in_stock\\\":\\\"yes\\\"},{\\\"title\\\":\\\"STELA DICUSARA <br>LORENZO MEO\\\",\\\"allDay\\\":true,\\\"start\\\":\\\"2025-10-26T18:30:00\\\",\\\"unformated_date\\\":\\\"26 Ottobre 2025\\\",\\\"unformated_start_time\\\":\\\"18:30 \\\",\\\"unformated_end_time\\\":\\\"00:00\\\",\\\"timestamp\\\":1761503400,\\\"timezone\\\":\\\"\\\",\\\"url\\\":\\\"https:\\\\\/\\\\\/www.marthapalermo.it\\\\\/en\\\\\/eventi\\\\\/house-concert-en\\\\\/stela-dicusara-lorenzo-meo\\\\\/\\\",\\\"location\\\":\\\"Martha Music Academy , via Siracusa 32\\\",\\\"post_id\\\":31733,\\\"stock_num\\\":22,\\\"className\\\":\\\"\\\",\\\"in_stock\\\":\\\"yes\\\"},{\\\"title\\\":\\\"ARTURO TALLINI\\\",\\\"allDay\\\":true,\\\"start\\\":\\\"2025-10-12T18:30:00\\\",\\\"unformated_date\\\":\\\"12 Ottobre 2025\\\",\\\"unformated_start_time\\\":\\\"18:30 \\\",\\\"unformated_end_time\\\":\\\"00:00\\\",\\\"timestamp\\\":1760293800,\\\"timezone\\\":\\\"\\\",\\\"url\\\":\\\"https:\\\\\/\\\\\/www.marthapalermo.it\\\\\/en\\\\\/eventi\\\\\/house-concert-en\\\\\/arturo-tallini\\\\\/\\\",\\\"location\\\":\\\"Martha Music Academy , via Siracusa 32\\\",\\\"post_id\\\":31726,\\\"stock_num\\\":21,\\\"className\\\":\\\"\\\",\\\"in_stock\\\":\\\"yes\\\"},{\\\"title\\\":\\\"The academy concerts \\\\u25cf Cello \\\\u25cf\\\",\\\"allDay\\\":true,\\\"start\\\":\\\"2025-06-29T18:00:00\\\",\\\"unformated_date\\\":\\\"29 Giugno 2025\\\",\\\"unformated_start_time\\\":\\\"18:00 \\\",\\\"unformated_end_time\\\":\\\"19:00\\\",\\\"timestamp\\\":1751220000,\\\"timezone\\\":\\\"\\\",\\\"url\\\":\\\"https:\\\\\/\\\\\/www.marthapalermo.it\\\\\/en\\\\\/eventi\\\\\/house-concert-en\\\\\/the-academy-concerts-%e2%97%8f-cello-%e2%97%8f\\\\\/\\\",\\\"location\\\":\\\"Via Siracusa 32, Palermo\\\",\\\"post_id\\\":31829,\\\"stock_num\\\":null,\\\"className\\\":\\\"fooevents-expired-event-calendar\\\",\\\"end\\\":\\\"2025-07-03T23:00:00\\\",\\\"unformated_end_date\\\":\\\"3 Luglio 2025\\\",\\\"in_stock\\\":\\\"no\\\"},{\\\"title\\\":\\\"Masterclass with Riccardo Ghiani\\\",\\\"allDay\\\":true,\\\"start\\\":\\\"2025-07-01T00:00:00\\\",\\\"unformated_date\\\":\\\"1 Luglio 2025\\\",\\\"unformated_start_time\\\":\\\"00:00 \\\",\\\"unformated_end_time\\\":\\\"00:00\\\",\\\"timestamp\\\":1751328000,\\\"timezone\\\":\\\"\\\",\\\"url\\\":\\\"https:\\\\\/\\\\\/www.marthapalermo.it\\\\\/en\\\\\/eventi\\\\\/masterclass-en\\\\\/masterclass-with-riccardo-ghiani\\\\\/\\\",\\\"location\\\":\\\"\\\",\\\"post_id\\\":29400,\\\"stock_num\\\":null,\\\"className\\\":\\\"\\\",\\\"color\\\":\\\"#16a75d\\\",\\\"textColor\\\":\\\"#ffffff\\\",\\\"end\\\":\\\"2025-07-04T23:00:00\\\",\\\"unformated_end_date\\\":\\\"3 Luglio 2025\\\",\\\"in_stock\\\":\\\"yes\\\"},{\\\"title\\\":\\\"Nature Mind\\\",\\\"allDay\\\":true,\\\"start\\\":\\\"2025-05-09T16:00:00\\\",\\\"unformated_date\\\":\\\"9 Maggio 2025\\\",\\\"unformated_start_time\\\":\\\"16:00 \\\",\\\"unformated_end_time\\\":\\\"19:30\\\",\\\"timestamp\\\":1746806400,\\\"timezone\\\":\\\"\\\",\\\"url\\\":\\\"https:\\\\\/\\\\\/www.marthapalermo.it\\\\\/en\\\\\/eventi\\\\\/exhibitions\\\\\/nature-mind\\\\\/\\\",\\\"location\\\":\\\"\\\",\\\"post_id\\\":29298,\\\"stock_num\\\":null,\\\"className\\\":\\\"\\\",\\\"end\\\":\\\"2025-07-05T23:00:00\\\",\\\"unformated_end_date\\\":\\\"4 Luglio 2025\\\",\\\"in_stock\\\":\\\"yes\\\"},{\\\"title\\\":\\\"DESIR\\\\u00c9E RANCATORE\\\",\\\"allDay\\\":true,\\\"start\\\":\\\"2025-05-25T18:30:00\\\",\\\"unformated_date\\\":\\\"25 Maggio 2025\\\",\\\"unformated_start_time\\\":\\\"18:30 \\\",\\\"unformated_end_time\\\":\\\"00:00\\\",\\\"timestamp\\\":1748197800,\\\"timezone\\\":\\\"\\\",\\\"url\\\":\\\"https:\\\\\/\\\\\/www.marthapalermo.it\\\\\/en\\\\\/eventi\\\\\/house-concert-en\\\\\/gabriele-imbesi-copia\\\\\/\\\",\\\"location\\\":\\\"Martha Music Academy , via Siracusa 32\\\",\\\"post_id\\\":29153,\\\"stock_num\\\":17,\\\"className\\\":\\\"\\\",\\\"end\\\":\\\"2025-03-31T23:00:00\\\",\\\"unformated_end_date\\\":\\\"30 Marzo 2025\\\",\\\"in_stock\\\":\\\"yes\\\"},{\\\"title\\\":\\\"MASTERCLASS WITH <br>PHILIPPE BERNOLD\\\",\\\"allDay\\\":true,\\\"start\\\":\\\"2025-05-26T00:00:00\\\",\\\"unformated_date\\\":\\\"26 Maggio 2025\\\",\\\"unformated_start_time\\\":\\\"00:00 \\\",\\\"unformated_end_time\\\":\\\"00:00\\\",\\\"timestamp\\\":1748217600,\\\"timezone\\\":\\\"\\\",\\\"url\\\":\\\"https:\\\\\/\\\\\/www.marthapalermo.it\\\\\/en\\\\\/eventi\\\\\/masterclass-en\\\\\/masterclass-with-philippe-bernold\\\\\/\\\",\\\"location\\\":\\\"Martha Music Academy , via Siracusa 32\\\",\\\"post_id\\\":29089,\\\"stock_num\\\":28,\\\"className\\\":\\\"\\\",\\\"color\\\":\\\"#16a75d\\\",\\\"textColor\\\":\\\"#ffffff\\\",\\\"end\\\":\\\"2025-05-28T23:00:00\\\",\\\"unformated_end_date\\\":\\\"27 Maggio 2025\\\",\\\"in_stock\\\":\\\"yes\\\"},{\\\"title\\\":\\\"MASTERCLASS WITH <br>AMEDEO CICCHESE\\\",\\\"allDay\\\":true,\\\"start\\\":\\\"2025-06-01T00:00:00\\\",\\\"unformated_date\\\":\\\"1 Giugno 2025\\\",\\\"unformated_start_time\\\":\\\"00:00 \\\",\\\"unformated_end_time\\\":\\\"00:00\\\",\\\"timestamp\\\":1748736000,\\\"timezone\\\":\\\"\\\",\\\"url\\\":\\\"https:\\\\\/\\\\\/www.marthapalermo.it\\\\\/en\\\\\/eventi\\\\\/masterclass-en\\\\\/masterclass-with-amedeo-cicchese\\\\\/\\\",\\\"location\\\":\\\"\\\",\\\"post_id\\\":28940,\\\"stock_num\\\":30,\\\"className\\\":\\\"\\\",\\\"end\\\":\\\"2025-06-03T23:00:00\\\",\\\"unformated_end_date\\\":\\\"2 Giugno 2025\\\",\\\"in_stock\\\":\\\"yes\\\"},{\\\"title\\\":\\\"GABRIELE IMBESI\\\",\\\"allDay\\\":true,\\\"start\\\":\\\"2025-05-11T18:30:00\\\",\\\"unformated_date\\\":\\\"11 Maggio 2025\\\",\\\"unformated_start_time\\\":\\\"18:30 \\\",\\\"unformated_end_time\\\":\\\"00:00\\\",\\\"timestamp\\\":1746988200,\\\"timezone\\\":\\\"\\\",\\\"url\\\":\\\"https:\\\\\/\\\\\/www.marthapalermo.it\\\\\/en\\\\\/eventi\\\\\/house-concert-en\\\\\/riccardo-ghiani-and-francesca-carta-copia-copia\\\\\/\\\",\\\"location\\\":\\\"Martha Music Academy , via Siracusa 32\\\",\\\"post_id\\\":28881,\\\"stock_num\\\":6,\\\"className\\\":\\\"\\\",\\\"end\\\":\\\"2025-03-31T23:00:00\\\",\\\"unformated_end_date\\\":\\\"30 Marzo 2025\\\",\\\"in_stock\\\":\\\"yes\\\"},{\\\"title\\\":\\\"ALDO BOTTA AND <br> MARINA PELLEGRINO\\\",\\\"allDay\\\":true,\\\"start\\\":\\\"2025-04-27T18:30:00\\\",\\\"unformated_date\\\":\\\"27 Aprile 2025\\\",\\\"unformated_start_time\\\":\\\"18:30 \\\",\\\"unformated_end_time\\\":\\\"00:00\\\",\\\"timestamp\\\":1745778600,\\\"timezone\\\":\\\"\\\",\\\"url\\\":\\\"https:\\\\\/\\\\\/www.marthapalermo.it\\\\\/en\\\\\/eventi\\\\\/house-concert-en\\\\\/riccardo-ghiani-and-francesca-carta-copia\\\\\/\\\",\\\"location\\\":\\\"Martha Music Academy , via Siracusa 32\\\",\\\"post_id\\\":28861,\\\"stock_num\\\":18,\\\"className\\\":\\\"\\\",\\\"end\\\":\\\"2025-03-31T23:00:00\\\",\\\"unformated_end_date\\\":\\\"30 Marzo 2025\\\",\\\"in_stock\\\":\\\"yes\\\"},{\\\"title\\\":\\\"MASTERCLASS WITH <br>GIANLUCA CAMPO\\\",\\\"allDay\\\":true,\\\"start\\\":\\\"2025-04-14T00:00:00\\\",\\\"unformated_date\\\":\\\"14 Aprile 2025\\\",\\\"unformated_start_time\\\":\\\"00:00 \\\",\\\"unformated_end_time\\\":\\\"00:00\\\",\\\"timestamp\\\":1744588800,\\\"timezone\\\":\\\"\\\",\\\"url\\\":\\\"https:\\\\\/\\\\\/www.marthapalermo.it\\\\\/en\\\\\/eventi\\\\\/masterclass-en\\\\\/masterclass-with-gianluca-campo\\\\\/\\\",\\\"location\\\":\\\"\\\",\\\"post_id\\\":28935,\\\"stock_num\\\":27,\\\"className\\\":\\\"\\\",\\\"end\\\":\\\"2025-04-16T23:00:00\\\",\\\"unformated_end_date\\\":\\\"15 Aprile 2025\\\",\\\"in_stock\\\":\\\"yes\\\"},{\\\"title\\\":\\\"MASTERCLASS WITH <br>GIOVANNI SOLLIMA\\\",\\\"allDay\\\":true,\\\"start\\\":\\\"2025-04-16T00:00:00\\\",\\\"unformated_date\\\":\\\"16 Aprile 2025\\\",\\\"unformated_start_time\\\":\\\"00:00 \\\",\\\"unformated_end_time\\\":\\\"00:00\\\",\\\"timestamp\\\":1744761600,\\\"timezone\\\":\\\"\\\",\\\"url\\\":\\\"https:\\\\\/\\\\\/www.marthapalermo.it\\\\\/en\\\\\/eventi\\\\\/masterclass-en\\\\\/masterclass-with-giovanni-sollima\\\\\/\\\",\\\"location\\\":\\\"\\\",\\\"post_id\\\":28939,\\\"stock_num\\\":30,\\\"className\\\":\\\"\\\",\\\"end\\\":\\\"2025-04-06T23:00:00\\\",\\\"unformated_end_date\\\":\\\"6 Aprile 2025\\\",\\\"in_stock\\\":\\\"yes\\\"},{\\\"title\\\":\\\"RICCARDO GHIANI AND FRANCESCA CARTA\\\",\\\"allDay\\\":true,\\\"start\\\":\\\"2025-03-30T18:30:00\\\",\\\"unformated_date\\\":\\\"30 Marzo 2025\\\",\\\"unformated_start_time\\\":\\\"18:30 \\\",\\\"unformated_end_time\\\":\\\"00:00\\\",\\\"timestamp\\\":1743359400,\\\"timezone\\\":\\\"\\\",\\\"url\\\":\\\"https:\\\\\/\\\\\/www.marthapalermo.it\\\\\/en\\\\\/eventi\\\\\/house-concert-en\\\\\/microseason2-copia-copia\\\\\/\\\",\\\"location\\\":\\\"Martha Music Academy , via Siracusa 32\\\",\\\"post_id\\\":28604,\\\"stock_num\\\":7,\\\"className\\\":\\\"\\\",\\\"end\\\":\\\"2025-03-31T23:00:00\\\",\\\"unformated_end_date\\\":\\\"30 Marzo 2025\\\",\\\"in_stock\\\":\\\"yes\\\"},{\\\"title\\\":\\\"TORINO STRING ENSEMBLE\\\",\\\"allDay\\\":true,\\\"start\\\":\\\"2025-03-23T18:30:00\\\",\\\"unformated_date\\\":\\\"23 Marzo 2025\\\",\\\"unformated_start_time\\\":\\\"18:30 \\\",\\\"unformated_end_time\\\":\\\"00:00\\\",\\\"timestamp\\\":1742754600,\\\"timezone\\\":\\\"\\\",\\\"url\\\":\\\"https:\\\\\/\\\\\/www.marthapalermo.it\\\\\/en\\\\\/eventi\\\\\/house-concert-en\\\\\/microseason2-copia\\\\\/\\\",\\\"location\\\":\\\"Martha Music Academy , via Siracusa 32\\\",\\\"post_id\\\":28560,\\\"stock_num\\\":14,\\\"className\\\":\\\"\\\",\\\"end\\\":\\\"2025-03-24T23:00:00\\\",\\\"unformated_end_date\\\":\\\"23 Marzo 2025\\\",\\\"in_stock\\\":\\\"yes\\\"},{\\\"title\\\":\\\"MICROSEASON#2\\\",\\\"allDay\\\":true,\\\"start\\\":\\\"2025-03-23T18:30:00\\\",\\\"unformated_date\\\":\\\"23 Marzo 2025\\\",\\\"unformated_start_time\\\":\\\"18:30\\\",\\\"timestamp\\\":\\\"1742751000\\\",\\\"unformated_end_time\\\":\\\"00:00\\\",\\\"url\\\":\\\"https:\\\\\/\\\\\/www.marthapalermo.it\\\\\/en\\\\\/?post_type=product&p=29181\\\",\\\"location\\\":\\\"Martha Music Academy , via Siracusa 32\\\",\\\"post_id\\\":28477,\\\"multi_day\\\":\\\"selected\\\",\\\"stock_num\\\":23,\\\"className\\\":\\\"\\\",\\\"color\\\":\\\"#16a75d\\\",\\\"textColor\\\":\\\"#ffffff\\\",\\\"in_stock\\\":\\\"yes\\\"},{\\\"title\\\":\\\"MICROSEASON#2\\\",\\\"allDay\\\":true,\\\"start\\\":\\\"2025-03-30T18:30:00\\\",\\\"unformated_date\\\":\\\"30 Marzo 2025\\\",\\\"unformated_start_time\\\":\\\"18:30\\\",\\\"timestamp\\\":\\\"1742751000\\\",\\\"unformated_end_time\\\":\\\"00:00\\\",\\\"url\\\":\\\"https:\\\\\/\\\\\/www.marthapalermo.it\\\\\/en\\\\\/?post_type=product&p=29181\\\",\\\"location\\\":\\\"Martha Music Academy , via Siracusa 32\\\",\\\"post_id\\\":28477,\\\"multi_day\\\":\\\"selected\\\",\\\"stock_num\\\":23,\\\"className\\\":\\\"\\\",\\\"color\\\":\\\"#16a75d\\\",\\\"textColor\\\":\\\"#ffffff\\\",\\\"in_stock\\\":\\\"yes\\\"},{\\\"title\\\":\\\"MICROSEASON#2\\\",\\\"allDay\\\":true,\\\"start\\\":\\\"2025-04-27T18:30:00\\\",\\\"unformated_date\\\":\\\"27 Aprile 2025\\\",\\\"unformated_start_time\\\":\\\"18:30\\\",\\\"timestamp\\\":\\\"1742751000\\\",\\\"unformated_end_time\\\":\\\"00:00\\\",\\\"url\\\":\\\"https:\\\\\/\\\\\/www.marthapalermo.it\\\\\/en\\\\\/?post_type=product&p=29181\\\",\\\"location\\\":\\\"Martha Music Academy , via Siracusa 32\\\",\\\"post_id\\\":28477,\\\"multi_day\\\":\\\"selected\\\",\\\"stock_num\\\":23,\\\"className\\\":\\\"\\\",\\\"color\\\":\\\"#16a75d\\\",\\\"textColor\\\":\\\"#ffffff\\\",\\\"in_stock\\\":\\\"yes\\\"},{\\\"title\\\":\\\"MICROSEASON#2\\\",\\\"allDay\\\":true,\\\"start\\\":\\\"2025-05-11T18:30:00\\\",\\\"unformated_date\\\":\\\"11 Maggio 2025\\\",\\\"unformated_start_time\\\":\\\"18:30\\\",\\\"timestamp\\\":\\\"1742751000\\\",\\\"unformated_end_time\\\":\\\"00:00\\\",\\\"url\\\":\\\"https:\\\\\/\\\\\/www.marthapalermo.it\\\\\/en\\\\\/?post_type=product&p=29181\\\",\\\"location\\\":\\\"Martha Music Academy , via Siracusa 32\\\",\\\"post_id\\\":28477,\\\"multi_day\\\":\\\"selected\\\",\\\"stock_num\\\":23,\\\"className\\\":\\\"\\\",\\\"color\\\":\\\"#16a75d\\\",\\\"textColor\\\":\\\"#ffffff\\\",\\\"in_stock\\\":\\\"yes\\\"},{\\\"title\\\":\\\"MICROSEASON#2\\\",\\\"allDay\\\":true,\\\"start\\\":\\\"2025-05-25T18:30:00\\\",\\\"unformated_date\\\":\\\"25 Maggio 2025\\\",\\\"unformated_start_time\\\":\\\"18:30\\\",\\\"timestamp\\\":\\\"1742751000\\\",\\\"unformated_end_time\\\":\\\"00:00\\\",\\\"url\\\":\\\"https:\\\\\/\\\\\/www.marthapalermo.it\\\\\/en\\\\\/?post_type=product&p=29181\\\",\\\"location\\\":\\\"Martha Music Academy , via Siracusa 32\\\",\\\"post_id\\\":28477,\\\"multi_day\\\":\\\"selected\\\",\\\"stock_num\\\":23,\\\"className\\\":\\\"\\\",\\\"color\\\":\\\"#16a75d\\\",\\\"textColor\\\":\\\"#ffffff\\\",\\\"in_stock\\\":\\\"yes\\\"},{\\\"title\\\":\\\"FLUTE ORCHESTRA MASTERCLASS AUDITIONS\\\",\\\"allDay\\\":true,\\\"start\\\":\\\"2025-03-30T00:00:00\\\",\\\"unformated_date\\\":\\\"30 Marzo 2025\\\",\\\"unformated_start_time\\\":\\\"00:00 \\\",\\\"unformated_end_time\\\":\\\"00:00\\\",\\\"timestamp\\\":1743292800,\\\"timezone\\\":\\\"\\\",\\\"url\\\":\\\"https:\\\\\/\\\\\/www.marthapalermo.it\\\\\/en\\\\\/eventi\\\\\/masterclass-en\\\\\/flute-orchestra-masterclass-auditions\\\\\/\\\",\\\"location\\\":\\\"Martha Music Academy , via Siracusa 32\\\",\\\"post_id\\\":28660,\\\"stock_num\\\":28,\\\"className\\\":\\\"\\\",\\\"end\\\":\\\"2025-04-01T23:00:00\\\",\\\"unformated_end_date\\\":\\\"31 Marzo 2025\\\",\\\"in_stock\\\":\\\"yes\\\"},{\\\"title\\\":\\\"CELLO ORCHESTRA MASTERCLASS AUDITIONS\\\",\\\"allDay\\\":true,\\\"start\\\":\\\"2025-03-23T00:00:00\\\",\\\"unformated_date\\\":\\\"23 Marzo 2025\\\",\\\"unformated_start_time\\\":\\\"00:00 \\\",\\\"unformated_end_time\\\":\\\"00:00\\\",\\\"timestamp\\\":1742688000,\\\"timezone\\\":\\\"\\\",\\\"url\\\":\\\"https:\\\\\/\\\\\/www.marthapalermo.it\\\\\/en\\\\\/eventi\\\\\/masterclass-en\\\\\/cello-orchestra-masterclass-auditions\\\\\/\\\",\\\"location\\\":\\\"Martha Music Academy , via Siracusa 32\\\",\\\"post_id\\\":28661,\\\"stock_num\\\":30,\\\"className\\\":\\\"\\\",\\\"end\\\":\\\"2025-03-27T23:00:00\\\",\\\"unformated_end_date\\\":\\\"26 Marzo 2025\\\",\\\"in_stock\\\":\\\"yes\\\"},{\\\"title\\\":\\\"Masterclass with Philippe Bernold\\\",\\\"allDay\\\":true,\\\"start\\\":\\\"2025-02-11T00:00:00\\\",\\\"unformated_date\\\":\\\"11 Febbraio 2025\\\",\\\"unformated_start_time\\\":\\\"00:00 \\\",\\\"unformated_end_time\\\":\\\"00:00\\\",\\\"timestamp\\\":1739232000,\\\"timezone\\\":\\\"\\\",\\\"url\\\":\\\"https:\\\\\/\\\\\/www.marthapalermo.it\\\\\/en\\\\\/eventi\\\\\/masterclass-en\\\\\/masterclass-with-philippe-bernold-2\\\\\/\\\",\\\"location\\\":\\\"\\\",\\\"post_id\\\":29213,\\\"stock_num\\\":27,\\\"className\\\":\\\"\\\",\\\"end\\\":\\\"2025-02-13T23:00:00\\\",\\\"unformated_end_date\\\":\\\"12 Febbraio 2025\\\",\\\"in_stock\\\":\\\"yes\\\"},{\\\"title\\\":\\\"Masterclass with Giovanni Sollima\\\",\\\"allDay\\\":true,\\\"start\\\":\\\"2025-02-23T00:00:00\\\",\\\"unformated_date\\\":\\\"23 Febbraio 2025\\\",\\\"unformated_start_time\\\":\\\"00:00 \\\",\\\"unformated_end_time\\\":\\\"00:00\\\",\\\"timestamp\\\":1740268800,\\\"timezone\\\":\\\"\\\",\\\"url\\\":\\\"https:\\\\\/\\\\\/www.marthapalermo.it\\\\\/en\\\\\/eventi\\\\\/masterclass-en\\\\\/masterclass-with-giovanni-sollima-3\\\\\/\\\",\\\"location\\\":\\\"\\\",\\\"post_id\\\":31810,\\\"stock_num\\\":29,\\\"className\\\":\\\"\\\",\\\"end\\\":\\\"2025-02-25T23:00:00\\\",\\\"unformated_end_date\\\":\\\"24 Febbraio 2025\\\",\\\"in_stock\\\":\\\"yes\\\"},{\\\"title\\\":\\\"Masterclass with Riccardo Ghiani\\\",\\\"allDay\\\":true,\\\"start\\\":\\\"2025-01-14T00:00:00\\\",\\\"unformated_date\\\":\\\"14 Gennaio 2025\\\",\\\"unformated_start_time\\\":\\\"00:00 \\\",\\\"unformated_end_time\\\":\\\"00:00\\\",\\\"timestamp\\\":1736812800,\\\"timezone\\\":\\\"\\\",\\\"url\\\":\\\"https:\\\\\/\\\\\/www.marthapalermo.it\\\\\/en\\\\\/eventi\\\\\/masterclass-en\\\\\/masterclass-with-riccardo-ghiani-2\\\\\/\\\",\\\"location\\\":\\\"\\\",\\\"post_id\\\":31804,\\\"stock_num\\\":29,\\\"className\\\":\\\"\\\",\\\"end\\\":\\\"2025-01-16T23:00:00\\\",\\\"unformated_end_date\\\":\\\"15 Gennaio 2025\\\",\\\"in_stock\\\":\\\"yes\\\"},{\\\"title\\\":\\\"Masterclass with Amedeo Cicchese\\\",\\\"allDay\\\":true,\\\"start\\\":\\\"2025-01-12T00:00:00\\\",\\\"unformated_date\\\":\\\"12 Gennaio 2025\\\",\\\"unformated_start_time\\\":\\\"00:00 \\\",\\\"unformated_end_time\\\":\\\"00:00\\\",\\\"timestamp\\\":1736640000,\\\"timezone\\\":\\\"\\\",\\\"url\\\":\\\"https:\\\\\/\\\\\/www.marthapalermo.it\\\\\/en\\\\\/eventi\\\\\/masterclass-en\\\\\/masterclass-with-amedeo-cicchese-2\\\\\/\\\",\\\"location\\\":\\\"\\\",\\\"post_id\\\":31791,\\\"stock_num\\\":30,\\\"className\\\":\\\"\\\",\\\"end\\\":\\\"2025-01-14T23:00:00\\\",\\\"unformated_end_date\\\":\\\"13 Gennaio 2025\\\",\\\"in_stock\\\":\\\"yes\\\"},{\\\"title\\\":\\\"GALA DI BENEFICENZA\\\",\\\"allDay\\\":true,\\\"start\\\":\\\"2025-01-18T21:00:00\\\",\\\"unformated_date\\\":\\\"18 Gennaio 2025\\\",\\\"unformated_start_time\\\":\\\"21:00 \\\",\\\"unformated_end_time\\\":\\\"00:00\\\",\\\"timestamp\\\":1737234000,\\\"timezone\\\":\\\"CEST\\\",\\\"url\\\":\\\"https:\\\\\/\\\\\/www.marthapalermo.it\\\\\/en\\\\\/eventi\\\\\/house-concert-en\\\\\/gala-di-beneficenza\\\\\/\\\",\\\"location\\\":\\\"Martha Music Academy, Via Siracusa 32, Palermo\\\",\\\"post_id\\\":28100,\\\"stock_num\\\":null,\\\"className\\\":\\\"\\\",\\\"textColor\\\":\\\"#ffffff\\\",\\\"in_stock\\\":\\\"yes\\\"},{\\\"title\\\":\\\"Masterclass with Giovanni Sollima\\\",\\\"allDay\\\":true,\\\"start\\\":\\\"2024-12-19T00:00:00\\\",\\\"unformated_date\\\":\\\"19 Dicembre 2024\\\",\\\"unformated_start_time\\\":\\\"00:00 \\\",\\\"unformated_end_time\\\":\\\"00:00\\\",\\\"timestamp\\\":1734566400,\\\"timezone\\\":\\\"\\\",\\\"url\\\":\\\"https:\\\\\/\\\\\/www.marthapalermo.it\\\\\/en\\\\\/eventi\\\\\/masterclass-en\\\\\/masterclass-with-giovanni-sollima-2\\\\\/\\\",\\\"location\\\":\\\"\\\",\\\"post_id\\\":31782,\\\"stock_num\\\":30,\\\"className\\\":\\\"\\\",\\\"end\\\":\\\"2024-12-21T23:00:00\\\",\\\"unformated_end_date\\\":\\\"20 Dicembre 2024\\\",\\\"in_stock\\\":\\\"yes\\\"},{\\\"title\\\":\\\"BLACK AND WHITE DIALOGUES\\\",\\\"allDay\\\":true,\\\"start\\\":\\\"2024-11-24T18:00:00\\\",\\\"unformated_date\\\":\\\"24 Novembre 2024\\\",\\\"unformated_start_time\\\":\\\"18:00 \\\",\\\"unformated_end_time\\\":\\\"00:00\\\",\\\"timestamp\\\":1732471200,\\\"timezone\\\":\\\"\\\",\\\"url\\\":\\\"https:\\\\\/\\\\\/www.marthapalermo.it\\\\\/en\\\\\/eventi\\\\\/house-concert-en\\\\\/black-and-white-dialogues\\\\\/\\\",\\\"location\\\":\\\"Martha Music Academy, Via Siracusa 32, Palermo\\\",\\\"post_id\\\":29385,\\\"stock_num\\\":8,\\\"className\\\":\\\"\\\",\\\"in_stock\\\":\\\"yes\\\",\\\"end\\\":\\\"2024-11-25T23:00:00\\\",\\\"unformated_end_date\\\":\\\"6 Gennaio 2025\\\"},{\\\"title\\\":\\\"SHORT TRIO STORIES\\\",\\\"allDay\\\":true,\\\"start\\\":\\\"2025-01-06T18:00:00\\\",\\\"unformated_date\\\":\\\"6 Gennaio 2025\\\",\\\"unformated_start_time\\\":\\\"18:00 \\\",\\\"unformated_end_time\\\":\\\"00:00\\\",\\\"timestamp\\\":1736186400,\\\"timezone\\\":\\\"\\\",\\\"url\\\":\\\"https:\\\\\/\\\\\/www.marthapalermo.it\\\\\/en\\\\\/eventi\\\\\/house-concert-en\\\\\/short-trio-stories\\\\\/\\\",\\\"location\\\":\\\"Martha Music Academy, Via Siracusa 32, Palermo\\\",\\\"post_id\\\":31775,\\\"stock_num\\\":7,\\\"className\\\":\\\"\\\",\\\"in_stock\\\":\\\"yes\\\"},{\\\"title\\\":\\\"TRIO LAERTE\\\",\\\"allDay\\\":true,\\\"start\\\":\\\"2024-12-22T18:00:00\\\",\\\"unformated_date\\\":\\\"22 Dicembre 2024\\\",\\\"unformated_start_time\\\":\\\"18:00 \\\",\\\"unformated_end_time\\\":\\\"00:00\\\",\\\"timestamp\\\":1734890400,\\\"timezone\\\":\\\"\\\",\\\"url\\\":\\\"https:\\\\\/\\\\\/www.marthapalermo.it\\\\\/en\\\\\/eventi\\\\\/house-concert-en\\\\\/trio-laerte\\\\\/\\\",\\\"location\\\":\\\"Martha Music Academy, Via Siracusa 32, Palermo\\\",\\\"post_id\\\":31770,\\\"stock_num\\\":1,\\\"className\\\":\\\"\\\",\\\"in_stock\\\":\\\"yes\\\"},{\\\"title\\\":\\\"THE THOUSAND AND ONE NOTES\\\",\\\"allDay\\\":true,\\\"start\\\":\\\"2024-12-15T18:00:00\\\",\\\"unformated_date\\\":\\\"15 Dicembre 2024\\\",\\\"unformated_start_time\\\":\\\"18:00 \\\",\\\"unformated_end_time\\\":\\\"00:00\\\",\\\"timestamp\\\":1734285600,\\\"timezone\\\":\\\"\\\",\\\"url\\\":\\\"https:\\\\\/\\\\\/www.marthapalermo.it\\\\\/en\\\\\/eventi\\\\\/house-concert-en\\\\\/the-thousand-and-one-notes\\\\\/\\\",\\\"location\\\":\\\"Martha Music Academy, Via Siracusa 32, Palermo\\\",\\\"post_id\\\":31803,\\\"stock_num\\\":18,\\\"className\\\":\\\"\\\",\\\"in_stock\\\":\\\"yes\\\"},{\\\"title\\\":\\\"DON QUICHOTTE ...IN THE LIVING ROOM!\\\",\\\"allDay\\\":true,\\\"start\\\":\\\"2024-12-01T18:00:00\\\",\\\"unformated_date\\\":\\\"1 Dicembre 2024\\\",\\\"unformated_start_time\\\":\\\"18:00 \\\",\\\"unformated_end_time\\\":\\\"00:00\\\",\\\"timestamp\\\":1733076000,\\\"timezone\\\":\\\"\\\",\\\"url\\\":\\\"https:\\\\\/\\\\\/www.marthapalermo.it\\\\\/en\\\\\/eventi\\\\\/house-concert-en\\\\\/don-quichotte-in-the-living-room\\\\\/\\\",\\\"location\\\":\\\"Martha Music Academy, Via Siracusa 32, Palermo\\\",\\\"post_id\\\":31790,\\\"stock_num\\\":13,\\\"className\\\":\\\"\\\",\\\"in_stock\\\":\\\"yes\\\"},{\\\"title\\\":\\\"Meeting with Massimo Polidori\\\",\\\"allDay\\\":true,\\\"start\\\":\\\"2024-11-08T00:00:00\\\",\\\"unformated_date\\\":\\\"8 Novembre 2024\\\",\\\"unformated_start_time\\\":\\\"00:00 \\\",\\\"unformated_end_time\\\":\\\"00:00\\\",\\\"timestamp\\\":1731024000,\\\"timezone\\\":\\\"\\\",\\\"url\\\":\\\"https:\\\\\/\\\\\/www.marthapalermo.it\\\\\/en\\\\\/eventi\\\\\/masterclass-en\\\\\/meeting-with-massimo-polidori\\\\\/\\\",\\\"location\\\":\\\"\\\",\\\"post_id\\\":31781,\\\"stock_num\\\":null,\\\"className\\\":\\\"fooevents-expired-event-calendar\\\",\\\"end\\\":\\\"2024-11-10T23:00:00\\\",\\\"unformated_end_date\\\":\\\"9 Novembre 2024\\\",\\\"in_stock\\\":\\\"yes\\\"},{\\\"title\\\":\\\"Meeting with Riccardo Ghiani\\\",\\\"allDay\\\":true,\\\"start\\\":\\\"2024-11-05T10:00:00\\\",\\\"unformated_date\\\":\\\"5 Novembre 2024\\\",\\\"unformated_start_time\\\":\\\"10:00 \\\",\\\"unformated_end_time\\\":\\\"19:00\\\",\\\"timestamp\\\":1730800800,\\\"timezone\\\":\\\"\\\",\\\"url\\\":\\\"https:\\\\\/\\\\\/www.marthapalermo.it\\\\\/en\\\\\/eventi\\\\\/masterclass-en\\\\\/meeting-with-riccardo-ghiani\\\\\/\\\",\\\"location\\\":\\\"\\\",\\\"post_id\\\":31774,\\\"stock_num\\\":null,\\\"className\\\":\\\"fooevents-expired-event-calendar\\\",\\\"end\\\":\\\"2024-11-07T23:00:00\\\",\\\"unformated_end_date\\\":\\\"6 Novembre 2024\\\",\\\"in_stock\\\":\\\"yes\\\"},{\\\"title\\\":\\\"PRIMITIVE\\\",\\\"allDay\\\":true,\\\"start\\\":\\\"2024-10-12T16:00:00\\\",\\\"unformated_date\\\":\\\"12 Ottobre 2024\\\",\\\"unformated_start_time\\\":\\\"16:00 \\\",\\\"unformated_end_time\\\":\\\"19:30\\\",\\\"timestamp\\\":1728748800,\\\"timezone\\\":\\\"\\\",\\\"url\\\":\\\"https:\\\\\/\\\\\/www.marthapalermo.it\\\\\/en\\\\\/eventi\\\\\/exhibitions\\\\\/primitive\\\\\/\\\",\\\"location\\\":\\\"\\\",\\\"post_id\\\":31771,\\\"stock_num\\\":null,\\\"className\\\":\\\"\\\",\\\"end\\\":\\\"2025-01-13T23:00:00\\\",\\\"unformated_end_date\\\":\\\"12 Gennaio 2025\\\",\\\"in_stock\\\":\\\"yes\\\"},{\\\"title\\\":\\\"I concerti dell\\\\u0027academy \\\\u25cf Flauto \\\\u25cf\\\",\\\"allDay\\\":true,\\\"start\\\":\\\"2024-07-09T11:00:00\\\",\\\"unformated_date\\\":\\\"9 Luglio 2024\\\",\\\"unformated_start_time\\\":\\\"11:00\\\",\\\"timestamp\\\":\\\"1720522800\\\",\\\"unformated_end_time\\\":\\\"17:00\\\",\\\"url\\\":\\\"https:\\\\\/\\\\\/www.marthapalermo.it\\\\\/en\\\\\/eventi\\\\\/house-concert-en\\\\\/i-concerti-dellacademy-%e2%97%8fflauto%e2%97%8f2024\\\\\/\\\",\\\"location\\\":\\\"\\\",\\\"post_id\\\":27201,\\\"multi_day\\\":\\\"selected\\\",\\\"stock_num\\\":null,\\\"className\\\":\\\"\\\",\\\"color\\\":\\\"#16a75d\\\",\\\"textColor\\\":\\\"#ffffff\\\",\\\"in_stock\\\":\\\"yes\\\"},{\\\"title\\\":\\\"I concerti dell\\\\u0027academy \\\\u25cf Flauto \\\\u25cf\\\",\\\"allDay\\\":true,\\\"start\\\":\\\"2024-07-10T11:00:00\\\",\\\"unformated_date\\\":\\\"10 Luglio 2024\\\",\\\"unformated_start_time\\\":\\\"11:00\\\",\\\"timestamp\\\":\\\"1720522800\\\",\\\"unformated_end_time\\\":\\\"17:00\\\",\\\"url\\\":\\\"https:\\\\\/\\\\\/www.marthapalermo.it\\\\\/en\\\\\/eventi\\\\\/house-concert-en\\\\\/i-concerti-dellacademy-%e2%97%8fflauto%e2%97%8f2024\\\\\/\\\",\\\"location\\\":\\\"\\\",\\\"post_id\\\":27201,\\\"multi_day\\\":\\\"selected\\\",\\\"stock_num\\\":null,\\\"className\\\":\\\"fooevents-expired-event-calendar\\\",\\\"color\\\":\\\"#16a75d\\\",\\\"textColor\\\":\\\"#ffffff\\\",\\\"in_stock\\\":\\\"yes\\\"},{\\\"title\\\":\\\"I concerti dell\\\\u0027academy \\\\u25cf Violoncello \\\\u25cf\\\",\\\"allDay\\\":true,\\\"start\\\":\\\"2024-07-17T18:00:00\\\",\\\"unformated_date\\\":\\\"17 Luglio 2024\\\",\\\"unformated_start_time\\\":\\\"18:00\\\",\\\"timestamp\\\":\\\"1721214000\\\",\\\"unformated_end_time\\\":\\\"00:00\\\",\\\"url\\\":\\\"https:\\\\\/\\\\\/www.marthapalermo.it\\\\\/en\\\\\/eventi\\\\\/house-concert-en\\\\\/i-concerti-dellacademy-%e2%97%8f-violoncello-%e2%97%8f\\\\\/\\\",\\\"location\\\":\\\"\\\",\\\"post_id\\\":27196,\\\"multi_day\\\":\\\"selected\\\",\\\"stock_num\\\":null,\\\"className\\\":\\\"\\\",\\\"color\\\":\\\"#16a75d\\\",\\\"textColor\\\":\\\"#ffffff\\\",\\\"in_stock\\\":\\\"yes\\\"},{\\\"title\\\":\\\"I concerti dell\\\\u0027academy \\\\u25cf Violoncello \\\\u25cf\\\",\\\"allDay\\\":true,\\\"start\\\":\\\"2024-07-18T18:00:00\\\",\\\"unformated_date\\\":\\\"18 Luglio 2024\\\",\\\"unformated_start_time\\\":\\\"18:00\\\",\\\"timestamp\\\":\\\"1721214000\\\",\\\"unformated_end_time\\\":\\\"00:00\\\",\\\"url\\\":\\\"https:\\\\\/\\\\\/www.marthapalermo.it\\\\\/en\\\\\/eventi\\\\\/house-concert-en\\\\\/i-concerti-dellacademy-%e2%97%8f-violoncello-%e2%97%8f\\\\\/\\\",\\\"location\\\":\\\"\\\",\\\"post_id\\\":27196,\\\"multi_day\\\":\\\"selected\\\",\\\"stock_num\\\":null,\\\"className\\\":\\\"fooevents-expired-event-calendar\\\",\\\"color\\\":\\\"#16a75d\\\",\\\"textColor\\\":\\\"#ffffff\\\",\\\"in_stock\\\":\\\"yes\\\"},{\\\"title\\\":\\\"Laboratori artistici per bambini\\\",\\\"allDay\\\":true,\\\"start\\\":\\\"2024-06-12T16:30:00\\\",\\\"unformated_date\\\":\\\"12 Giugno 2024\\\",\\\"unformated_start_time\\\":\\\"16:30\\\",\\\"timestamp\\\":\\\"1718150400\\\",\\\"unformated_end_time\\\":\\\"18:30\\\",\\\"url\\\":\\\"https:\\\\\/\\\\\/www.marthapalermo.it\\\\\/en\\\\\/eventi\\\\\/other-events\\\\\/laboratori-artistici-per-bambini\\\\\/\\\",\\\"location\\\":\\\"\\\",\\\"post_id\\\":26403,\\\"multi_day\\\":\\\"selected\\\",\\\"stock_num\\\":null,\\\"className\\\":\\\"\\\",\\\"color\\\":\\\"#d4625e\\\",\\\"textColor\\\":\\\"#ffffff\\\",\\\"in_stock\\\":\\\"yes\\\"},{\\\"title\\\":\\\"Laboratori artistici per bambini\\\",\\\"allDay\\\":true,\\\"start\\\":\\\"2024-06-14T17:30:00\\\",\\\"unformated_date\\\":\\\"14 Giugno 2024\\\",\\\"unformated_start_time\\\":\\\"17:30\\\",\\\"timestamp\\\":\\\"1718150400\\\",\\\"unformated_end_time\\\":\\\"18:30\\\",\\\"url\\\":\\\"https:\\\\\/\\\\\/www.marthapalermo.it\\\\\/en\\\\\/eventi\\\\\/other-events\\\\\/laboratori-artistici-per-bambini\\\\\/\\\",\\\"location\\\":\\\"\\\",\\\"post_id\\\":26403,\\\"multi_day\\\":\\\"selected\\\",\\\"stock_num\\\":null,\\\"className\\\":\\\"\\\",\\\"color\\\":\\\"#d4625e\\\",\\\"textColor\\\":\\\"#ffffff\\\",\\\"in_stock\\\":\\\"yes\\\"},{\\\"title\\\":\\\"Laboratori artistici per bambini\\\",\\\"allDay\\\":true,\\\"start\\\":\\\"2024-06-21T10:00:00\\\",\\\"unformated_date\\\":\\\"21 Giugno 2024\\\",\\\"unformated_start_time\\\":\\\"10:00\\\",\\\"timestamp\\\":\\\"1718150400\\\",\\\"unformated_end_time\\\":\\\"12:00\\\",\\\"url\\\":\\\"https:\\\\\/\\\\\/www.marthapalermo.it\\\\\/en\\\\\/eventi\\\\\/other-events\\\\\/laboratori-artistici-per-bambini\\\\\/\\\",\\\"location\\\":\\\"\\\",\\\"post_id\\\":26403,\\\"multi_day\\\":\\\"selected\\\",\\\"stock_num\\\":null,\\\"className\\\":\\\"\\\",\\\"color\\\":\\\"#d4625e\\\",\\\"textColor\\\":\\\"#ffffff\\\",\\\"in_stock\\\":\\\"yes\\\"},{\\\"title\\\":\\\"Laboratori artistici per bambini\\\",\\\"allDay\\\":true,\\\"start\\\":\\\"2024-06-15T10:00:00\\\",\\\"unformated_date\\\":\\\"15 Giugno 2024\\\",\\\"unformated_start_time\\\":\\\"10:00\\\",\\\"timestamp\\\":\\\"1718150400\\\",\\\"unformated_end_time\\\":\\\"12:00\\\",\\\"url\\\":\\\"https:\\\\\/\\\\\/www.marthapalermo.it\\\\\/en\\\\\/eventi\\\\\/other-events\\\\\/laboratori-artistici-per-bambini\\\\\/\\\",\\\"location\\\":\\\"\\\",\\\"post_id\\\":26403,\\\"multi_day\\\":\\\"selected\\\",\\\"stock_num\\\":null,\\\"className\\\":\\\"\\\",\\\"color\\\":\\\"#d4625e\\\",\\\"textColor\\\":\\\"#ffffff\\\",\\\"in_stock\\\":\\\"yes\\\"},{\\\"title\\\":\\\"Laboratori artistici per bambini\\\",\\\"allDay\\\":true,\\\"start\\\":\\\"2024-06-22T10:00:00\\\",\\\"unformated_date\\\":\\\"22 Giugno 2024\\\",\\\"unformated_start_time\\\":\\\"10:00\\\",\\\"timestamp\\\":\\\"1718150400\\\",\\\"unformated_end_time\\\":\\\"11:00\\\",\\\"url\\\":\\\"https:\\\\\/\\\\\/www.marthapalermo.it\\\\\/en\\\\\/eventi\\\\\/other-events\\\\\/laboratori-artistici-per-bambini\\\\\/\\\",\\\"location\\\":\\\"\\\",\\\"post_id\\\":26403,\\\"multi_day\\\":\\\"selected\\\",\\\"stock_num\\\":null,\\\"className\\\":\\\"\\\",\\\"color\\\":\\\"#d4625e\\\",\\\"textColor\\\":\\\"#ffffff\\\",\\\"in_stock\\\":\\\"yes\\\"},{\\\"title\\\":\\\"Laboratori artistici per bambini\\\",\\\"allDay\\\":true,\\\"start\\\":\\\"2024-06-22T11:00:00\\\",\\\"unformated_date\\\":\\\"22 Giugno 2024\\\",\\\"unformated_start_time\\\":\\\"11:00\\\",\\\"timestamp\\\":\\\"1718150400\\\",\\\"unformated_end_time\\\":\\\"12:00\\\",\\\"url\\\":\\\"https:\\\\\/\\\\\/www.marthapalermo.it\\\\\/en\\\\\/eventi\\\\\/other-events\\\\\/laboratori-artistici-per-bambini\\\\\/\\\",\\\"location\\\":\\\"\\\",\\\"post_id\\\":26403,\\\"multi_day\\\":\\\"selected\\\",\\\"stock_num\\\":null,\\\"className\\\":\\\"\\\",\\\"color\\\":\\\"#d4625e\\\",\\\"textColor\\\":\\\"#ffffff\\\",\\\"in_stock\\\":\\\"yes\\\"},{\\\"title\\\":\\\"Laboratori artistici per bambini\\\",\\\"allDay\\\":true,\\\"start\\\":\\\"2024-06-14T16:30:00\\\",\\\"unformated_date\\\":\\\"14 Giugno 2024\\\",\\\"unformated_start_time\\\":\\\"16:30\\\",\\\"timestamp\\\":\\\"1718150400\\\",\\\"unformated_end_time\\\":\\\"17:30\\\",\\\"url\\\":\\\"https:\\\\\/\\\\\/www.marthapalermo.it\\\\\/en\\\\\/eventi\\\\\/other-events\\\\\/laboratori-artistici-per-bambini\\\\\/\\\",\\\"location\\\":\\\"\\\",\\\"post_id\\\":26403,\\\"multi_day\\\":\\\"selected\\\",\\\"stock_num\\\":null,\\\"className\\\":\\\"\\\",\\\"color\\\":\\\"#d4625e\\\",\\\"textColor\\\":\\\"#ffffff\\\",\\\"in_stock\\\":\\\"yes\\\"},{\\\"title\\\":\\\"Laboratori artistici per bambini\\\",\\\"allDay\\\":true,\\\"start\\\":\\\"2024-06-21T16:30:00\\\",\\\"unformated_date\\\":\\\"21 Giugno 2024\\\",\\\"unformated_start_time\\\":\\\"16:30\\\",\\\"timestamp\\\":\\\"1718150400\\\",\\\"unformated_end_time\\\":\\\"18:30\\\",\\\"url\\\":\\\"https:\\\\\/\\\\\/www.marthapalermo.it\\\\\/en\\\\\/eventi\\\\\/other-events\\\\\/laboratori-artistici-per-bambini\\\\\/\\\",\\\"location\\\":\\\"\\\",\\\"post_id\\\":26403,\\\"multi_day\\\":\\\"selected\\\",\\\"stock_num\\\":null,\\\"className\\\":\\\"fooevents-expired-event-calendar\\\",\\\"color\\\":\\\"#d4625e\\\",\\\"textColor\\\":\\\"#ffffff\\\",\\\"in_stock\\\":\\\"yes\\\"},{\\\"title\\\":\\\"Incontro con Silvia Careddu\\\",\\\"allDay\\\":true,\\\"start\\\":\\\"2024-07-06T10:00:00\\\",\\\"unformated_date\\\":\\\"6 Luglio 2024\\\",\\\"unformated_start_time\\\":\\\"10:00\\\",\\\"timestamp\\\":\\\"1720224000\\\",\\\"unformated_end_time\\\":\\\"19:00\\\",\\\"url\\\":\\\"https:\\\\\/\\\\\/www.marthapalermo.it\\\\\/en\\\\\/eventi\\\\\/masterclass-en\\\\\/incontro-con-silvia-careddu\\\\\/\\\",\\\"location\\\":\\\"\\\",\\\"post_id\\\":26525,\\\"multi_day\\\":\\\"selected\\\",\\\"stock_num\\\":null,\\\"className\\\":\\\"\\\",\\\"color\\\":\\\"#d4625e\\\",\\\"textColor\\\":\\\"#ffffff\\\",\\\"in_stock\\\":\\\"yes\\\"},{\\\"title\\\":\\\"Incontro con Silvia Careddu\\\",\\\"allDay\\\":true,\\\"start\\\":\\\"2024-07-10T10:00:00\\\",\\\"unformated_date\\\":\\\"10 Luglio 2024\\\",\\\"unformated_start_time\\\":\\\"10:00\\\",\\\"timestamp\\\":\\\"1720224000\\\",\\\"unformated_end_time\\\":\\\"19:00\\\",\\\"url\\\":\\\"https:\\\\\/\\\\\/www.marthapalermo.it\\\\\/en\\\\\/eventi\\\\\/masterclass-en\\\\\/incontro-con-silvia-careddu\\\\\/\\\",\\\"location\\\":\\\"\\\",\\\"post_id\\\":26525,\\\"multi_day\\\":\\\"selected\\\",\\\"stock_num\\\":null,\\\"className\\\":\\\"fooevents-expired-event-calendar\\\",\\\"color\\\":\\\"#d4625e\\\",\\\"textColor\\\":\\\"#ffffff\\\",\\\"in_stock\\\":\\\"yes\\\"},{\\\"title\\\":\\\"Incontro con Massimo Polidori\\\",\\\"allDay\\\":true,\\\"start\\\":\\\"2024-07-16T00:00:00\\\",\\\"unformated_date\\\":\\\"16 Luglio 2024\\\",\\\"unformated_start_time\\\":\\\"00:00 \\\",\\\"unformated_end_time\\\":\\\"00:00\\\",\\\"timestamp\\\":1721088000,\\\"timezone\\\":\\\"\\\",\\\"url\\\":\\\"https:\\\\\/\\\\\/www.marthapalermo.it\\\\\/en\\\\\/eventi\\\\\/masterclass-en\\\\\/incontro-con-massimo-polidori\\\\\/\\\",\\\"location\\\":\\\"\\\",\\\"post_id\\\":26520,\\\"stock_num\\\":null,\\\"className\\\":\\\"fooevents-expired-event-calendar\\\",\\\"color\\\":\\\"#d4625e\\\",\\\"textColor\\\":\\\"#ffffff\\\",\\\"end\\\":\\\"2024-07-18T23:00:00\\\",\\\"unformated_end_date\\\":\\\"17 Luglio 2024\\\",\\\"in_stock\\\":\\\"yes\\\"},{\\\"title\\\":\\\"Incontro con Benoit Fromanger\\\",\\\"allDay\\\":true,\\\"start\\\":\\\"2024-06-18T00:00:00\\\",\\\"unformated_date\\\":\\\"18 Giugno 2024\\\",\\\"unformated_start_time\\\":\\\"00:00 \\\",\\\"unformated_end_time\\\":\\\"00:00\\\",\\\"timestamp\\\":1718668800,\\\"timezone\\\":\\\"\\\",\\\"url\\\":\\\"https:\\\\\/\\\\\/www.marthapalermo.it\\\\\/en\\\\\/eventi\\\\\/masterclass-en\\\\\/incontro-con-benoit-fromanger-2\\\\\/\\\",\\\"location\\\":\\\"\\\",\\\"post_id\\\":26516,\\\"stock_num\\\":null,\\\"className\\\":\\\"fooevents-expired-event-calendar\\\",\\\"color\\\":\\\"#d4625e\\\",\\\"textColor\\\":\\\"#ffffff\\\",\\\"end\\\":\\\"2024-06-20T23:00:00\\\",\\\"unformated_end_date\\\":\\\"19 Giugno 2024\\\",\\\"in_stock\\\":\\\"yes\\\"},{\\\"title\\\":\\\"Incontro con Giovanni Sollima\\\",\\\"allDay\\\":true,\\\"start\\\":\\\"2024-06-05T10:00:00\\\",\\\"unformated_date\\\":\\\"5 Giugno 2024\\\",\\\"unformated_start_time\\\":\\\"10:00 \\\",\\\"unformated_end_time\\\":\\\"19:00\\\",\\\"timestamp\\\":1717581600,\\\"timezone\\\":\\\"\\\",\\\"url\\\":\\\"https:\\\\\/\\\\\/www.marthapalermo.it\\\\\/en\\\\\/eventi\\\\\/masterclass-en\\\\\/incontro-con-giovanni-sollima-3\\\\\/\\\",\\\"location\\\":\\\"\\\",\\\"post_id\\\":26512,\\\"stock_num\\\":null,\\\"className\\\":\\\"fooevents-expired-event-calendar\\\",\\\"color\\\":\\\"#d4625e\\\",\\\"textColor\\\":\\\"#ffffff\\\",\\\"end\\\":\\\"2024-06-07T23:00:00\\\",\\\"unformated_end_date\\\":\\\"6 Giugno 2024\\\",\\\"in_stock\\\":\\\"yes\\\"},{\\\"title\\\":\\\"OMBRA RACCOLTA\\\",\\\"allDay\\\":true,\\\"start\\\":\\\"2024-04-27T16:00:00\\\",\\\"unformated_date\\\":\\\"27 Aprile 2024\\\",\\\"unformated_start_time\\\":\\\"16:00 \\\",\\\"unformated_end_time\\\":\\\"19:30\\\",\\\"timestamp\\\":1714233600,\\\"timezone\\\":\\\"\\\",\\\"url\\\":\\\"https:\\\\\/\\\\\/www.marthapalermo.it\\\\\/en\\\\\/eventi\\\\\/exhibitions\\\\\/ombra-raccolta\\\\\/\\\",\\\"location\\\":\\\"\\\",\\\"post_id\\\":26144,\\\"stock_num\\\":null,\\\"className\\\":\\\"\\\",\\\"color\\\":\\\"#d4625e\\\",\\\"textColor\\\":\\\"#ffffff\\\",\\\"end\\\":\\\"2024-06-28T23:00:00\\\",\\\"unformated_end_date\\\":\\\"27 Giugno 2024\\\",\\\"in_stock\\\":\\\"yes\\\"},{\\\"title\\\":\\\"GIOCHI DI NOTE\\\",\\\"allDay\\\":true,\\\"start\\\":\\\"2024-04-19T21:30:00\\\",\\\"unformated_date\\\":\\\"19 Aprile 2024\\\",\\\"unformated_start_time\\\":\\\"21:30 \\\",\\\"unformated_end_time\\\":\\\"00:00\\\",\\\"timestamp\\\":1713562200,\\\"timezone\\\":\\\"\\\",\\\"url\\\":\\\"https:\\\\\/\\\\\/www.marthapalermo.it\\\\\/en\\\\\/eventi\\\\\/house-concert-en\\\\\/giochi-di-note\\\\\/\\\",\\\"location\\\":\\\"\\\",\\\"post_id\\\":25994,\\\"stock_num\\\":0,\\\"className\\\":\\\"fooevents-expired-event-calendar\\\",\\\"textColor\\\":\\\"#ffffff\\\",\\\"in_stock\\\":\\\"no\\\"},{\\\"title\\\":\\\"SUE\\\\u00d1OS DE TANGO\\\",\\\"allDay\\\":true,\\\"start\\\":\\\"2024-06-09T18:30:00\\\",\\\"unformated_date\\\":\\\"9 Giugno 2024\\\",\\\"unformated_start_time\\\":\\\"18:30 \\\",\\\"unformated_end_time\\\":\\\"00:00\\\",\\\"timestamp\\\":1717957800,\\\"timezone\\\":\\\"\\\",\\\"url\\\":\\\"https:\\\\\/\\\\\/www.marthapalermo.it\\\\\/en\\\\\/eventi\\\\\/house-concert-en\\\\\/suenos-de-tango\\\\\/\\\",\\\"location\\\":\\\"\\\",\\\"post_id\\\":26053,\\\"stock_num\\\":9,\\\"className\\\":\\\"fooevents-expired-event-calendar\\\",\\\"textColor\\\":\\\"#ffffff\\\",\\\"in_stock\\\":\\\"yes\\\"},{\\\"title\\\":\\\"SOGNI E PRESAGI\\\",\\\"allDay\\\":true,\\\"start\\\":\\\"2024-06-02T18:30:00\\\",\\\"unformated_date\\\":\\\"2 Giugno 2024\\\",\\\"unformated_start_time\\\":\\\"18:30 \\\",\\\"unformated_end_time\\\":\\\"00:00\\\",\\\"timestamp\\\":1717353000,\\\"timezone\\\":\\\"\\\",\\\"url\\\":\\\"https:\\\\\/\\\\\/www.marthapalermo.it\\\\\/en\\\\\/eventi\\\\\/house-concert-en\\\\\/sogni-e-presagi\\\\\/\\\",\\\"location\\\":\\\"\\\",\\\"post_id\\\":26046,\\\"stock_num\\\":11,\\\"className\\\":\\\"\\\",\\\"textColor\\\":\\\"#ffffff\\\",\\\"in_stock\\\":\\\"yes\\\"},{\\\"title\\\":\\\"CHORO DA ILHA\\\",\\\"allDay\\\":true,\\\"start\\\":\\\"2024-05-17T21:30:00\\\",\\\"unformated_date\\\":\\\"17 Maggio 2024\\\",\\\"unformated_start_time\\\":\\\"21:30 \\\",\\\"unformated_end_time\\\":\\\"00:00\\\",\\\"timestamp\\\":1715981400,\\\"timezone\\\":\\\"\\\",\\\"url\\\":\\\"https:\\\\\/\\\\\/www.marthapalermo.it\\\\\/en\\\\\/eventi\\\\\/house-concert-en\\\\\/choro-da-ilha\\\\\/\\\",\\\"location\\\":\\\"\\\",\\\"post_id\\\":26033,\\\"stock_num\\\":0,\\\"className\\\":\\\"fooevents_out_of_stock\\\",\\\"textColor\\\":\\\"#ffffff\\\",\\\"in_stock\\\":\\\"no\\\"},{\\\"title\\\":\\\"ECHI DELL\\\\u2019INEFFABILE\\\",\\\"allDay\\\":true,\\\"start\\\":\\\"2024-05-05T18:30:00\\\",\\\"unformated_date\\\":\\\"5 Maggio 2024\\\",\\\"unformated_start_time\\\":\\\"18:30 \\\",\\\"unformated_end_time\\\":\\\"00:00\\\",\\\"timestamp\\\":1714933800,\\\"timezone\\\":\\\"\\\",\\\"url\\\":\\\"https:\\\\\/\\\\\/www.marthapalermo.it\\\\\/en\\\\\/eventi\\\\\/house-concert-en\\\\\/echi-dellineffabile\\\\\/\\\",\\\"location\\\":\\\"\\\",\\\"post_id\\\":26024,\\\"stock_num\\\":0,\\\"className\\\":\\\"fooevents_out_of_stock\\\",\\\"textColor\\\":\\\"#ffffff\\\",\\\"in_stock\\\":\\\"no\\\"},{\\\"title\\\":\\\"VIAGGIO AL CENTRO DEL SUONO\\\",\\\"allDay\\\":true,\\\"start\\\":\\\"2024-04-28T18:30:00\\\",\\\"unformated_date\\\":\\\"28 Aprile 2024\\\",\\\"unformated_start_time\\\":\\\"18:30 \\\",\\\"unformated_end_time\\\":\\\"00:00\\\",\\\"timestamp\\\":1714329000,\\\"timezone\\\":\\\"\\\",\\\"url\\\":\\\"https:\\\\\/\\\\\/www.marthapalermo.it\\\\\/en\\\\\/eventi\\\\\/house-concert-en\\\\\/viaggio-al-centro-del-suono\\\\\/\\\",\\\"location\\\":\\\"\\\",\\\"post_id\\\":26013,\\\"stock_num\\\":7,\\\"className\\\":\\\"fooevents-expired-event-calendar\\\",\\\"textColor\\\":\\\"#ffffff\\\",\\\"in_stock\\\":\\\"yes\\\"},{\\\"title\\\":\\\"Incontro con Riccardo Ghiani\\\",\\\"allDay\\\":true,\\\"start\\\":\\\"2024-05-24T10:00:00\\\",\\\"unformated_date\\\":\\\"24 Maggio 2024\\\",\\\"unformated_start_time\\\":\\\"10:00 \\\",\\\"unformated_end_time\\\":\\\"19:00\\\",\\\"timestamp\\\":1716544800,\\\"timezone\\\":\\\"\\\",\\\"url\\\":\\\"https:\\\\\/\\\\\/www.marthapalermo.it\\\\\/en\\\\\/eventi\\\\\/masterclass-en\\\\\/incontro-con-riccardo-ghiani-maggio\\\\\/\\\",\\\"location\\\":\\\"\\\",\\\"post_id\\\":25888,\\\"stock_num\\\":null,\\\"className\\\":\\\"fooevents-expired-event-calendar\\\",\\\"color\\\":\\\"#d4625e\\\",\\\"textColor\\\":\\\"#ffffff\\\",\\\"end\\\":\\\"2024-05-26T23:00:00\\\",\\\"unformated_end_date\\\":\\\"25 Maggio 2024\\\",\\\"in_stock\\\":\\\"yes\\\"},{\\\"title\\\":\\\"Incontro con Amedeo Cicchese\\\",\\\"allDay\\\":true,\\\"start\\\":\\\"2024-05-02T00:00:00\\\",\\\"unformated_date\\\":\\\"2 Maggio 2024\\\",\\\"unformated_start_time\\\":\\\"00:00 \\\",\\\"unformated_end_time\\\":\\\"00:00\\\",\\\"timestamp\\\":1714608000,\\\"timezone\\\":\\\"\\\",\\\"url\\\":\\\"https:\\\\\/\\\\\/www.marthapalermo.it\\\\\/en\\\\\/eventi\\\\\/masterclass-en\\\\\/incontro-con-amedeo-cicchese-maggio\\\\\/\\\",\\\"location\\\":\\\"\\\",\\\"post_id\\\":25884,\\\"stock_num\\\":null,\\\"className\\\":\\\"fooevents-expired-event-calendar\\\",\\\"color\\\":\\\"#d4625e\\\",\\\"textColor\\\":\\\"#ffffff\\\",\\\"end\\\":\\\"2024-05-04T23:00:00\\\",\\\"unformated_end_date\\\":\\\"3 Maggio 2024\\\",\\\"in_stock\\\":\\\"yes\\\"},{\\\"title\\\":\\\"Incontro con Giovanni Sollima\\\",\\\"allDay\\\":true,\\\"start\\\":\\\"2024-04-08T10:00:00\\\",\\\"unformated_date\\\":\\\"8 Aprile 2024\\\",\\\"unformated_start_time\\\":\\\"10:00 \\\",\\\"unformated_end_time\\\":\\\"19:00\\\",\\\"timestamp\\\":1712570400,\\\"timezone\\\":\\\"\\\",\\\"url\\\":\\\"https:\\\\\/\\\\\/www.marthapalermo.it\\\\\/en\\\\\/eventi\\\\\/masterclass-en\\\\\/incontro-con-giovanni-sollima-2\\\\\/\\\",\\\"location\\\":\\\"\\\",\\\"post_id\\\":25862,\\\"stock_num\\\":null,\\\"className\\\":\\\"fooevents-expired-event-calendar\\\",\\\"color\\\":\\\"#d4625e\\\",\\\"textColor\\\":\\\"#ffffff\\\",\\\"end\\\":\\\"2024-04-10T23:00:00\\\",\\\"unformated_end_date\\\":\\\"9 Aprile 2024\\\",\\\"in_stock\\\":\\\"yes\\\"},{\\\"title\\\":\\\"Incontro con Riccardo Ghiani\\\",\\\"allDay\\\":true,\\\"start\\\":\\\"2024-04-04T10:00:00\\\",\\\"unformated_date\\\":\\\"4 Aprile 2024\\\",\\\"unformated_start_time\\\":\\\"10:00 \\\",\\\"unformated_end_time\\\":\\\"19:00\\\",\\\"timestamp\\\":1712224800,\\\"timezone\\\":\\\"\\\",\\\"url\\\":\\\"https:\\\\\/\\\\\/www.marthapalermo.it\\\\\/en\\\\\/eventi\\\\\/masterclass-en\\\\\/incontro-con-riccardo-ghiani\\\\\/\\\",\\\"location\\\":\\\"\\\",\\\"post_id\\\":25856,\\\"stock_num\\\":null,\\\"className\\\":\\\"fooevents-expired-event-calendar\\\",\\\"color\\\":\\\"#d4625e\\\",\\\"textColor\\\":\\\"#ffffff\\\",\\\"end\\\":\\\"2024-04-06T23:00:00\\\",\\\"unformated_end_date\\\":\\\"5 Aprile 2024\\\",\\\"in_stock\\\":\\\"yes\\\"},{\\\"title\\\":\\\"Incontro con Amedeo Cicchese\\\",\\\"allDay\\\":true,\\\"start\\\":\\\"2024-03-20T00:00:00\\\",\\\"unformated_date\\\":\\\"20 Marzo 2024\\\",\\\"unformated_start_time\\\":\\\"00:00 \\\",\\\"unformated_end_time\\\":\\\"00:00\\\",\\\"timestamp\\\":1710892800,\\\"timezone\\\":\\\"\\\",\\\"url\\\":\\\"https:\\\\\/\\\\\/www.marthapalermo.it\\\\\/en\\\\\/eventi\\\\\/masterclass-en\\\\\/incontro-con-amedeo-cicchese\\\\\/\\\",\\\"location\\\":\\\"\\\",\\\"post_id\\\":25298,\\\"stock_num\\\":null,\\\"className\\\":\\\"\\\",\\\"color\\\":\\\"#d4625e\\\",\\\"textColor\\\":\\\"#ffffff\\\",\\\"end\\\":\\\"2024-03-22T23:00:00\\\",\\\"unformated_end_date\\\":\\\"21 Marzo 2024\\\",\\\"in_stock\\\":\\\"yes\\\"},{\\\"title\\\":\\\"Incontro con Benoit Fromanger\\\",\\\"allDay\\\":true,\\\"start\\\":\\\"2024-03-06T00:00:00\\\",\\\"unformated_date\\\":\\\"6 Marzo 2024\\\",\\\"unformated_start_time\\\":\\\"00:00 \\\",\\\"unformated_end_time\\\":\\\"00:00\\\",\\\"timestamp\\\":1709683200,\\\"timezone\\\":\\\"\\\",\\\"url\\\":\\\"https:\\\\\/\\\\\/www.marthapalermo.it\\\\\/en\\\\\/eventi\\\\\/masterclass-en\\\\\/incontro-con-benoit-fromanger\\\\\/\\\",\\\"location\\\":\\\"\\\",\\\"post_id\\\":25294,\\\"stock_num\\\":null,\\\"className\\\":\\\"\\\",\\\"color\\\":\\\"#d4625e\\\",\\\"textColor\\\":\\\"#ffffff\\\",\\\"end\\\":\\\"2024-03-08T23:00:00\\\",\\\"unformated_end_date\\\":\\\"7 Marzo 2024\\\",\\\"in_stock\\\":\\\"yes\\\"},{\\\"title\\\":\\\"Presentazione del libro TECNICA DELLE SCALE E DEGLI ARPEGGI PER VIOLONCELLO\\\",\\\"allDay\\\":true,\\\"start\\\":\\\"2024-02-26T00:00:00\\\",\\\"unformated_date\\\":\\\"26 Febbraio 2024\\\",\\\"unformated_start_time\\\":\\\"00:00 \\\",\\\"unformated_end_time\\\":\\\"00:00\\\",\\\"timestamp\\\":1708905600,\\\"timezone\\\":\\\"\\\",\\\"url\\\":\\\"https:\\\\\/\\\\\/www.marthapalermo.it\\\\\/en\\\\\/eventi\\\\\/other-events\\\\\/presentazione-del-libro-tecnica-delle-scale-e-degli-arpeggi-per-violoncello-con-studi-repertorio-culture-ed-esercizi-per-ogni-livello\\\\\/\\\",\\\"location\\\":\\\"\\\",\\\"post_id\\\":25265,\\\"stock_num\\\":null,\\\"className\\\":\\\"\\\",\\\"color\\\":\\\"#d4625e\\\",\\\"textColor\\\":\\\"#ffffff\\\",\\\"in_stock\\\":\\\"yes\\\"},{\\\"title\\\":\\\"Incontro con Giovanni Sollima\\\",\\\"allDay\\\":true,\\\"start\\\":\\\"2024-02-26T00:00:00\\\",\\\"unformated_date\\\":\\\"26 Febbraio 2024\\\",\\\"unformated_start_time\\\":\\\"00:00 \\\",\\\"unformated_end_time\\\":\\\"00:00\\\",\\\"timestamp\\\":1708905600,\\\"timezone\\\":\\\"\\\",\\\"url\\\":\\\"https:\\\\\/\\\\\/www.marthapalermo.it\\\\\/en\\\\\/eventi\\\\\/masterclass-en\\\\\/incontro-con-giovanni-sollima\\\\\/\\\",\\\"location\\\":\\\"\\\",\\\"post_id\\\":25261,\\\"stock_num\\\":null,\\\"className\\\":\\\"fooevents-expired-event-calendar\\\",\\\"color\\\":\\\"#d4625e\\\",\\\"textColor\\\":\\\"#ffffff\\\",\\\"end\\\":\\\"2024-02-28T23:00:00\\\",\\\"unformated_end_date\\\":\\\"27 Febbraio 2024\\\",\\\"in_stock\\\":\\\"yes\\\"},{\\\"title\\\":\\\"YOUNIQUE\\\",\\\"allDay\\\":true,\\\"start\\\":\\\"2024-01-23T10:00:00\\\",\\\"unformated_date\\\":\\\"23 Gennaio 2024\\\",\\\"unformated_start_time\\\":\\\"10:00 \\\",\\\"unformated_end_time\\\":\\\"18:00\\\",\\\"timestamp\\\":1706004000,\\\"timezone\\\":\\\"\\\",\\\"url\\\":\\\"https:\\\\\/\\\\\/www.marthapalermo.it\\\\\/en\\\\\/eventi\\\\\/workshops\\\\\/younique\\\\\/\\\",\\\"location\\\":\\\"\\\",\\\"post_id\\\":23723,\\\"stock_num\\\":null,\\\"className\\\":\\\"fooevents-expired-event-calendar\\\",\\\"color\\\":\\\"#16a75d\\\",\\\"textColor\\\":\\\"#ffffff\\\",\\\"end\\\":\\\"2024-01-25T23:00:00\\\",\\\"unformated_end_date\\\":\\\"24 Gennaio 2024\\\",\\\"in_stock\\\":\\\"yes\\\"},{\\\"title\\\":\\\"Riccardo Ghiani - Flute Masterclass\\\",\\\"allDay\\\":true,\\\"start\\\":\\\"2024-01-19T00:00:00\\\",\\\"unformated_date\\\":\\\"19 Gennaio 2024\\\",\\\"unformated_start_time\\\":\\\"00:00 \\\",\\\"unformated_end_time\\\":\\\"00:00\\\",\\\"timestamp\\\":1705622400,\\\"timezone\\\":\\\"\\\",\\\"url\\\":\\\"https:\\\\\/\\\\\/www.marthapalermo.it\\\\\/en\\\\\/eventi\\\\\/masterclass-en\\\\\/riccardo-ghiani-masterclass-di-flauto\\\\\/\\\",\\\"location\\\":\\\"\\\",\\\"post_id\\\":23702,\\\"stock_num\\\":null,\\\"className\\\":\\\"fooevents-expired-event-calendar\\\",\\\"end\\\":\\\"2024-01-22T23:00:00\\\",\\\"unformated_end_date\\\":\\\"21 Gennaio 2024\\\",\\\"in_stock\\\":\\\"yes\\\"},{\\\"title\\\":\\\"Home Recording\\\",\\\"allDay\\\":true,\\\"start\\\":\\\"2024-01-10T10:00:00\\\",\\\"unformated_date\\\":\\\"10 Gennaio 2024\\\",\\\"unformated_start_time\\\":\\\"10:00 \\\",\\\"unformated_end_time\\\":\\\"18:00\\\",\\\"timestamp\\\":1704880800,\\\"timezone\\\":\\\"\\\",\\\"url\\\":\\\"https:\\\\\/\\\\\/www.marthapalermo.it\\\\\/en\\\\\/eventi\\\\\/seminars\\\\\/home-recording\\\\\/\\\",\\\"location\\\":\\\"\\\",\\\"post_id\\\":23729,\\\"stock_num\\\":null,\\\"className\\\":\\\"fooevents-expired-event-calendar\\\",\\\"color\\\":\\\"#d4625e\\\",\\\"textColor\\\":\\\"#ffffff\\\",\\\"in_stock\\\":\\\"yes\\\"},{\\\"title\\\":\\\"House Concert - Suite for flute & Jazz piano trio di Bolling\\\",\\\"allDay\\\":true,\\\"start\\\":\\\"2023-12-22T00:00:00\\\",\\\"unformated_date\\\":\\\"22 Dicembre 2023\\\",\\\"unformated_start_time\\\":\\\"00:00 \\\",\\\"unformated_end_time\\\":\\\"00:00\\\",\\\"timestamp\\\":1703203200,\\\"timezone\\\":\\\"\\\",\\\"url\\\":\\\"https:\\\\\/\\\\\/www.marthapalermo.it\\\\\/en\\\\\/eventi\\\\\/house-concert-en\\\\\/house-concert\\\\\/\\\",\\\"location\\\":\\\"\\\",\\\"post_id\\\":23580,\\\"stock_num\\\":null,\\\"className\\\":\\\"\\\",\\\"color\\\":\\\"#d4625e\\\",\\\"textColor\\\":\\\"#ffffff\\\",\\\"in_stock\\\":\\\"yes\\\"},{\\\"title\\\":\\\"House concert - Suite for cello & Jazz piano trio di Bolling\\\",\\\"allDay\\\":true,\\\"start\\\":\\\"2023-12-20T21:00:00\\\",\\\"unformated_date\\\":\\\"20 Dicembre 2023\\\",\\\"unformated_start_time\\\":\\\"21:00 \\\",\\\"unformated_end_time\\\":\\\"23:00\\\",\\\"timestamp\\\":1703106000,\\\"timezone\\\":\\\"\\\",\\\"url\\\":\\\"https:\\\\\/\\\\\/www.marthapalermo.it\\\\\/en\\\\\/eventi\\\\\/house-concert-en\\\\\/house-concert-2\\\\\/\\\",\\\"location\\\":\\\"\\\",\\\"post_id\\\":23697,\\\"stock_num\\\":null,\\\"className\\\":\\\"\\\",\\\"color\\\":\\\"#d4625e\\\",\\\"textColor\\\":\\\"#ffffff\\\",\\\"in_stock\\\":\\\"yes\\\"},{\\\"title\\\":\\\"HOUSE CONCERT<p style=\\\\u0022font-size: 18px;line-height:23px;\\\\u0022>ALESSANDRO DELJAVAN pianoforte <br>MATTEO MASTROMARINO clarinetto<\\\\\/p>\\\",\\\"allDay\\\":true,\\\"start\\\":\\\"2023-09-20T00:00:00\\\",\\\"unformated_date\\\":\\\"20 Settembre 2023\\\",\\\"unformated_start_time\\\":\\\"00:00 \\\",\\\"unformated_end_time\\\":\\\"00:00\\\",\\\"timestamp\\\":1695168000,\\\"timezone\\\":\\\"CEST\\\",\\\"url\\\":\\\"https:\\\\\/\\\\\/www.marthapalermo.it\\\\\/en\\\\\/eventi\\\\\/house-concert-en\\\\\/deljavan-mastromarino\\\\\/\\\",\\\"location\\\":\\\"\\\",\\\"post_id\\\":21602,\\\"stock_num\\\":null,\\\"className\\\":\\\"fooevents-expired-event-calendar\\\",\\\"color\\\":\\\"#d4625e\\\",\\\"textColor\\\":\\\"#ffffff\\\",\\\"in_stock\\\":\\\"yes\\\"},{\\\"title\\\":\\\"Masterclass di violoncello\\\",\\\"allDay\\\":true,\\\"start\\\":\\\"2023-11-24T00:00:00\\\",\\\"unformated_date\\\":\\\"24 Novembre 2023\\\",\\\"unformated_start_time\\\":\\\"00:00 \\\",\\\"unformated_end_time\\\":\\\"00:00\\\",\\\"timestamp\\\":1700784000,\\\"timezone\\\":\\\"\\\",\\\"url\\\":\\\"https:\\\\\/\\\\\/www.marthapalermo.it\\\\\/en\\\\\/eventi\\\\\/masterclass-en\\\\\/masterclass-di-violoncello\\\\\/\\\",\\\"location\\\":\\\"\\\",\\\"post_id\\\":23518,\\\"stock_num\\\":null,\\\"className\\\":\\\"\\\",\\\"color\\\":\\\"#16a75d\\\",\\\"textColor\\\":\\\"#ffffff\\\",\\\"end\\\":\\\"2023-11-26T23:00:00\\\",\\\"unformated_end_date\\\":\\\"25 Novembre 2023\\\",\\\"in_stock\\\":\\\"yes\\\"},{\\\"title\\\":\\\"Dalla parola al canto\\\",\\\"allDay\\\":true,\\\"start\\\":\\\"2023-10-01T00:00:00\\\",\\\"unformated_date\\\":\\\"1 Ottobre 2023\\\",\\\"unformated_start_time\\\":\\\"00:00\\\",\\\"timestamp\\\":\\\"1696118400\\\",\\\"unformated_end_time\\\":\\\"00:00\\\",\\\"url\\\":\\\"https:\\\\\/\\\\\/www.marthapalermo.it\\\\\/en\\\\\/eventi\\\\\/workshops\\\\\/dalla-parola-al-canto\\\\\/\\\",\\\"location\\\":\\\"\\\",\\\"post_id\\\":21278,\\\"multi_day\\\":\\\"selected\\\",\\\"stock_num\\\":null,\\\"className\\\":\\\"\\\",\\\"color\\\":\\\"#d4625e\\\",\\\"textColor\\\":\\\"#ffffff\\\",\\\"in_stock\\\":\\\"yes\\\"},{\\\"title\\\":\\\"Dalla parola al canto\\\",\\\"allDay\\\":true,\\\"start\\\":\\\"2023-11-01T00:00:00\\\",\\\"unformated_date\\\":\\\"1 Novembre 2023\\\",\\\"unformated_start_time\\\":\\\"00:00\\\",\\\"timestamp\\\":\\\"1696118400\\\",\\\"unformated_end_time\\\":\\\"18:00\\\",\\\"url\\\":\\\"https:\\\\\/\\\\\/www.marthapalermo.it\\\\\/en\\\\\/eventi\\\\\/workshops\\\\\/dalla-parola-al-canto\\\\\/\\\",\\\"location\\\":\\\"\\\",\\\"post_id\\\":21278,\\\"multi_day\\\":\\\"selected\\\",\\\"stock_num\\\":null,\\\"className\\\":\\\"fooevents-expired-event-calendar\\\",\\\"color\\\":\\\"#d4625e\\\",\\\"textColor\\\":\\\"#ffffff\\\",\\\"in_stock\\\":\\\"yes\\\"},{\\\"title\\\":\\\"Andrea Celestino - La strada del bosco\\\",\\\"allDay\\\":true,\\\"start\\\":\\\"2023-10-01T09:00:00\\\",\\\"unformated_date\\\":\\\"1 Ottobre 2023\\\",\\\"unformated_start_time\\\":\\\"09:00 \\\",\\\"unformated_end_time\\\":\\\"18:00\\\",\\\"timestamp\\\":1696150800,\\\"timezone\\\":\\\"\\\",\\\"url\\\":\\\"https:\\\\\/\\\\\/www.marthapalermo.it\\\\\/en\\\\\/eventi\\\\\/exhibitions\\\\\/la-strada-del-bosco\\\\\/\\\",\\\"location\\\":\\\"\\\",\\\"post_id\\\":21713,\\\"stock_num\\\":null,\\\"className\\\":\\\"\\\",\\\"color\\\":\\\"#bfbfbf\\\",\\\"textColor\\\":\\\"#ffffff\\\",\\\"end\\\":\\\"2023-12-02T23:00:00\\\",\\\"unformated_end_date\\\":\\\"1 Dicembre 2023\\\",\\\"in_stock\\\":\\\"yes\\\"},{\\\"title\\\":\\\"I concerti dell\\\\u0027academy \\\\u25cfPianoforte\\\\u25cf\\\",\\\"allDay\\\":true,\\\"start\\\":\\\"2023-09-21T18:00:00\\\",\\\"unformated_date\\\":\\\"21 Settembre 2023\\\",\\\"unformated_start_time\\\":\\\"18:00 \\\",\\\"unformated_end_time\\\":\\\"21:00\\\",\\\"timestamp\\\":1695319200,\\\"timezone\\\":\\\"\\\",\\\"url\\\":\\\"https:\\\\\/\\\\\/www.marthapalermo.it\\\\\/en\\\\\/eventi\\\\\/house-concert-en\\\\\/i-concerti-dellacademy-%e2%97%8fpianoforte%e2%97%8f\\\\\/\\\",\\\"location\\\":\\\"\\\",\\\"post_id\\\":23514,\\\"stock_num\\\":null,\\\"className\\\":\\\"\\\",\\\"textColor\\\":\\\"#ffffff\\\",\\\"in_stock\\\":\\\"yes\\\"},{\\\"title\\\":\\\"I concerti dell\\\\u0027academy \\\\u25cfFlauto\\\\u25cf\\\",\\\"allDay\\\":true,\\\"start\\\":\\\"2023-09-09T19:00:00\\\",\\\"unformated_date\\\":\\\"9 Settembre 2023\\\",\\\"unformated_start_time\\\":\\\"19:00\\\",\\\"timestamp\\\":\\\"1694257200\\\",\\\"unformated_end_time\\\":\\\"00:00\\\",\\\"url\\\":\\\"https:\\\\\/\\\\\/www.marthapalermo.it\\\\\/en\\\\\/eventi\\\\\/house-concert-en\\\\\/i-concerti-dellacademy-%e2%97%8fflauto%e2%97%8f\\\\\/\\\",\\\"location\\\":\\\"\\\",\\\"post_id\\\":23464,\\\"multi_day\\\":\\\"selected\\\",\\\"stock_num\\\":null,\\\"className\\\":\\\"\\\",\\\"color\\\":\\\"#16a75d\\\",\\\"textColor\\\":\\\"#ffffff\\\",\\\"in_stock\\\":\\\"yes\\\"},{\\\"title\\\":\\\"I concerti dell\\\\u0027academy \\\\u25cfFlauto\\\\u25cf\\\",\\\"allDay\\\":true,\\\"start\\\":\\\"2023-09-10T11:00:00\\\",\\\"unformated_date\\\":\\\"10 Settembre 2023\\\",\\\"unformated_start_time\\\":\\\"11:00\\\",\\\"timestamp\\\":\\\"1694257200\\\",\\\"unformated_end_time\\\":\\\"17:00\\\",\\\"url\\\":\\\"https:\\\\\/\\\\\/www.marthapalermo.it\\\\\/en\\\\\/eventi\\\\\/house-concert-en\\\\\/i-concerti-dellacademy-%e2%97%8fflauto%e2%97%8f\\\\\/\\\",\\\"location\\\":\\\"\\\",\\\"post_id\\\":23464,\\\"multi_day\\\":\\\"selected\\\",\\\"stock_num\\\":null,\\\"className\\\":\\\"fooevents-expired-event-calendar\\\",\\\"color\\\":\\\"#16a75d\\\",\\\"textColor\\\":\\\"#ffffff\\\",\\\"in_stock\\\":\\\"yes\\\"},{\\\"title\\\":\\\"VOCE E DAR VOCE\\\",\\\"allDay\\\":true,\\\"start\\\":\\\"2023-03-04T00:00:00\\\",\\\"unformated_date\\\":\\\"4 Marzo 2023\\\",\\\"unformated_start_time\\\":\\\"00:00\\\",\\\"timestamp\\\":\\\"1677888000\\\",\\\"unformated_end_time\\\":\\\"00:00\\\",\\\"url\\\":\\\"https:\\\\\/\\\\\/www.marthapalermo.it\\\\\/en\\\\\/eventi\\\\\/teacher-training\\\\\/voce-e-dar-voce-dal-proprio-se-al-coro-di-bambini\\\\\/\\\",\\\"location\\\":\\\"\\\",\\\"post_id\\\":21688,\\\"multi_day\\\":\\\"selected\\\",\\\"stock_num\\\":null,\\\"className\\\":\\\"\\\",\\\"color\\\":\\\"#16a75d\\\",\\\"textColor\\\":\\\"#ffffff\\\",\\\"in_stock\\\":\\\"yes\\\"},{\\\"title\\\":\\\"VOCE E DAR VOCE\\\",\\\"allDay\\\":true,\\\"start\\\":\\\"2023-03-05T00:00:00\\\",\\\"unformated_date\\\":\\\"5 Marzo 2023\\\",\\\"unformated_start_time\\\":\\\"00:00\\\",\\\"timestamp\\\":\\\"1677888000\\\",\\\"unformated_end_time\\\":\\\"00:00\\\",\\\"url\\\":\\\"https:\\\\\/\\\\\/www.marthapalermo.it\\\\\/en\\\\\/eventi\\\\\/teacher-training\\\\\/voce-e-dar-voce-dal-proprio-se-al-coro-di-bambini\\\\\/\\\",\\\"location\\\":\\\"\\\",\\\"post_id\\\":21688,\\\"multi_day\\\":\\\"selected\\\",\\\"stock_num\\\":null,\\\"className\\\":\\\"\\\",\\\"color\\\":\\\"#16a75d\\\",\\\"textColor\\\":\\\"#ffffff\\\",\\\"in_stock\\\":\\\"yes\\\"},{\\\"title\\\":\\\"VOCE E DAR VOCE\\\",\\\"allDay\\\":true,\\\"start\\\":\\\"2023-05-27T00:00:00\\\",\\\"unformated_date\\\":\\\"27 Maggio 2023\\\",\\\"unformated_start_time\\\":\\\"00:00\\\",\\\"timestamp\\\":\\\"1677888000\\\",\\\"unformated_end_time\\\":\\\"00:00\\\",\\\"url\\\":\\\"https:\\\\\/\\\\\/www.marthapalermo.it\\\\\/en\\\\\/eventi\\\\\/teacher-training\\\\\/voce-e-dar-voce-dal-proprio-se-al-coro-di-bambini\\\\\/\\\",\\\"location\\\":\\\"\\\",\\\"post_id\\\":21688,\\\"multi_day\\\":\\\"selected\\\",\\\"stock_num\\\":null,\\\"className\\\":\\\"\\\",\\\"color\\\":\\\"#16a75d\\\",\\\"textColor\\\":\\\"#ffffff\\\",\\\"in_stock\\\":\\\"yes\\\"},{\\\"title\\\":\\\"VOCE E DAR VOCE\\\",\\\"allDay\\\":true,\\\"start\\\":\\\"2023-05-28T00:00:00\\\",\\\"unformated_date\\\":\\\"28 Maggio 2023\\\",\\\"unformated_start_time\\\":\\\"00:00\\\",\\\"timestamp\\\":\\\"1677888000\\\",\\\"unformated_end_time\\\":\\\"00:00\\\",\\\"url\\\":\\\"https:\\\\\/\\\\\/www.marthapalermo.it\\\\\/en\\\\\/eventi\\\\\/teacher-training\\\\\/voce-e-dar-voce-dal-proprio-se-al-coro-di-bambini\\\\\/\\\",\\\"location\\\":\\\"\\\",\\\"post_id\\\":21688,\\\"multi_day\\\":\\\"selected\\\",\\\"stock_num\\\":null,\\\"className\\\":\\\"\\\",\\\"color\\\":\\\"#16a75d\\\",\\\"textColor\\\":\\\"#ffffff\\\",\\\"in_stock\\\":\\\"yes\\\"},{\\\"title\\\":\\\"VOCE E DAR VOCE\\\",\\\"allDay\\\":true,\\\"start\\\":\\\"2023-06-24T00:00:00\\\",\\\"unformated_date\\\":\\\"24 Giugno 2023\\\",\\\"unformated_start_time\\\":\\\"00:00\\\",\\\"timestamp\\\":\\\"1677888000\\\",\\\"unformated_end_time\\\":\\\"00:00\\\",\\\"url\\\":\\\"https:\\\\\/\\\\\/www.marthapalermo.it\\\\\/en\\\\\/eventi\\\\\/teacher-training\\\\\/voce-e-dar-voce-dal-proprio-se-al-coro-di-bambini\\\\\/\\\",\\\"location\\\":\\\"\\\",\\\"post_id\\\":21688,\\\"multi_day\\\":\\\"selected\\\",\\\"stock_num\\\":null,\\\"className\\\":\\\"\\\",\\\"color\\\":\\\"#16a75d\\\",\\\"textColor\\\":\\\"#ffffff\\\",\\\"in_stock\\\":\\\"yes\\\"},{\\\"title\\\":\\\"VOCE E DAR VOCE\\\",\\\"allDay\\\":true,\\\"start\\\":\\\"2023-06-25T00:00:00\\\",\\\"unformated_date\\\":\\\"25 Giugno 2023\\\",\\\"unformated_start_time\\\":\\\"00:00\\\",\\\"timestamp\\\":\\\"1677888000\\\",\\\"unformated_end_time\\\":\\\"00:00\\\",\\\"url\\\":\\\"https:\\\\\/\\\\\/www.marthapalermo.it\\\\\/en\\\\\/eventi\\\\\/teacher-training\\\\\/voce-e-dar-voce-dal-proprio-se-al-coro-di-bambini\\\\\/\\\",\\\"location\\\":\\\"\\\",\\\"post_id\\\":21688,\\\"multi_day\\\":\\\"selected\\\",\\\"stock_num\\\":null,\\\"className\\\":\\\"\\\",\\\"color\\\":\\\"#16a75d\\\",\\\"textColor\\\":\\\"#ffffff\\\",\\\"in_stock\\\":\\\"yes\\\"},{\\\"title\\\":\\\"I concerti dell\\\\u0027academy \\\\u25cfChitarra\\\\u25cf\\\",\\\"allDay\\\":true,\\\"start\\\":\\\"2023-06-11T11:00:00\\\",\\\"unformated_date\\\":\\\"11 Giugno 2023\\\",\\\"unformated_start_time\\\":\\\"11:00 \\\",\\\"unformated_end_time\\\":\\\"17:00\\\",\\\"timestamp\\\":1686481200,\\\"timezone\\\":\\\"\\\",\\\"url\\\":\\\"https:\\\\\/\\\\\/www.marthapalermo.it\\\\\/en\\\\\/eventi\\\\\/house-concert-en\\\\\/i-concerti-dellacademy-%e2%97%8fchitarra%e2%97%8f\\\\\/\\\",\\\"location\\\":\\\"\\\",\\\"post_id\\\":23527,\\\"stock_num\\\":null,\\\"className\\\":\\\"\\\",\\\"textColor\\\":\\\"#ffffff\\\",\\\"in_stock\\\":\\\"yes\\\"},{\\\"title\\\":\\\"Liutera Moderna\\\",\\\"allDay\\\":true,\\\"start\\\":\\\"2023-06-09T17:00:00\\\",\\\"unformated_date\\\":\\\"9 Giugno 2023\\\",\\\"unformated_start_time\\\":\\\"17:00 \\\",\\\"unformated_end_time\\\":\\\"20:00\\\",\\\"timestamp\\\":1686330000,\\\"timezone\\\":\\\"\\\",\\\"url\\\":\\\"https:\\\\\/\\\\\/www.marthapalermo.it\\\\\/en\\\\\/eventi\\\\\/workshops\\\\\/liutera-moderna\\\\\/\\\",\\\"location\\\":\\\"\\\",\\\"post_id\\\":23500,\\\"stock_num\\\":null,\\\"className\\\":\\\"\\\",\\\"color\\\":\\\"#d26962\\\",\\\"textColor\\\":\\\"#ffffff\\\",\\\"end\\\":\\\"2023-06-11T23:00:00\\\",\\\"unformated_end_date\\\":\\\"10 Giugno 2023\\\",\\\"in_stock\\\":\\\"yes\\\"},{\\\"title\\\":\\\"Dal racconto di vita alla cittadinanza musicale\\\",\\\"allDay\\\":true,\\\"start\\\":\\\"2023-05-07T00:00:00\\\",\\\"unformated_date\\\":\\\"7 Maggio 2023\\\",\\\"unformated_start_time\\\":\\\"00:00 \\\",\\\"unformated_end_time\\\":\\\"00:00\\\",\\\"timestamp\\\":1683417600,\\\"timezone\\\":\\\"\\\",\\\"url\\\":\\\"https:\\\\\/\\\\\/www.marthapalermo.it\\\\\/en\\\\\/eventi\\\\\/seminars\\\\\/7-maggio-2023-musica-e-spiritualita-dal-racconto-di-vita-alla-cittadinanza-musicale\\\\\/\\\",\\\"location\\\":\\\"\\\",\\\"post_id\\\":23364,\\\"stock_num\\\":null,\\\"className\\\":\\\"fooevents-expired-event-calendar\\\",\\\"textColor\\\":\\\"#ffffff\\\",\\\"in_stock\\\":\\\"yes\\\"},{\\\"title\\\":\\\"Masterclass di Oboe\\\",\\\"allDay\\\":true,\\\"start\\\":\\\"2023-04-30T00:00:00\\\",\\\"unformated_date\\\":\\\"30 Aprile 2023\\\",\\\"unformated_start_time\\\":\\\"00:00 \\\",\\\"unformated_end_time\\\":\\\"00:00\\\",\\\"timestamp\\\":1682812800,\\\"timezone\\\":\\\"\\\",\\\"url\\\":\\\"https:\\\\\/\\\\\/www.marthapalermo.it\\\\\/en\\\\\/eventi\\\\\/masterclass-en\\\\\/masterclass-di-oboe\\\\\/\\\",\\\"location\\\":\\\"\\\",\\\"post_id\\\":23489,\\\"stock_num\\\":null,\\\"className\\\":\\\"\\\",\\\"textColor\\\":\\\"#ffffff\\\",\\\"in_stock\\\":\\\"yes\\\"},{\\\"title\\\":\\\"Frauenliebe und Leben\\\",\\\"allDay\\\":true,\\\"start\\\":\\\"2023-04-23T00:00:00\\\",\\\"unformated_date\\\":\\\"23 Aprile 2023\\\",\\\"unformated_start_time\\\":\\\"00:00 \\\",\\\"unformated_end_time\\\":\\\"00:00\\\",\\\"timestamp\\\":1682208000,\\\"timezone\\\":\\\"\\\",\\\"url\\\":\\\"https:\\\\\/\\\\\/www.marthapalermo.it\\\\\/en\\\\\/eventi\\\\\/seminars\\\\\/23-aprile-2023-frauenliebe-und-leben\\\\\/\\\",\\\"location\\\":\\\"\\\",\\\"post_id\\\":23365,\\\"stock_num\\\":null,\\\"className\\\":\\\"fooevents-expired-event-calendar\\\",\\\"textColor\\\":\\\"#ffffff\\\",\\\"in_stock\\\":\\\"yes\\\"},{\\\"title\\\":\\\"Masterclass di Clarinetto\\\",\\\"allDay\\\":true,\\\"start\\\":\\\"2023-04-11T00:00:00\\\",\\\"unformated_date\\\":\\\"11 Aprile 2023\\\",\\\"unformated_start_time\\\":\\\"00:00 \\\",\\\"unformated_end_time\\\":\\\"00:00\\\",\\\"timestamp\\\":1681171200,\\\"timezone\\\":\\\"\\\",\\\"url\\\":\\\"https:\\\\\/\\\\\/www.marthapalermo.it\\\\\/en\\\\\/eventi\\\\\/masterclass-en\\\\\/masterclass-di-clarinetto-con-patrick-messina\\\\\/\\\",\\\"location\\\":\\\"\\\",\\\"post_id\\\":23462,\\\"stock_num\\\":null,\\\"className\\\":\\\"\\\",\\\"color\\\":\\\"#d26962\\\",\\\"textColor\\\":\\\"#ffffff\\\",\\\"end\\\":\\\"2023-04-13T23:00:00\\\",\\\"unformated_end_date\\\":\\\"Aprile 12, 2023\\\",\\\"in_stock\\\":\\\"yes\\\"},{\\\"title\\\":\\\"Forme nello spazio\\\",\\\"allDay\\\":true,\\\"start\\\":\\\"2023-04-03T18:00:00\\\",\\\"unformated_date\\\":\\\"3 Aprile 2023\\\",\\\"unformated_start_time\\\":\\\"18:00 \\\",\\\"unformated_end_time\\\":\\\"20:00\\\",\\\"timestamp\\\":1680544800,\\\"timezone\\\":\\\"\\\",\\\"url\\\":\\\"https:\\\\\/\\\\\/www.marthapalermo.it\\\\\/en\\\\\/eventi\\\\\/other-events\\\\\/forme-nello-spazio\\\\\/\\\",\\\"location\\\":\\\"\\\",\\\"post_id\\\":23478,\\\"stock_num\\\":null,\\\"className\\\":\\\"\\\",\\\"textColor\\\":\\\"#ffffff\\\",\\\"in_stock\\\":\\\"yes\\\"},{\\\"title\\\":\\\"Seminario con Anna Kravtchenko\\\",\\\"allDay\\\":true,\\\"start\\\":\\\"2023-03-07T09:30:00\\\",\\\"unformated_date\\\":\\\"7 Marzo 2023\\\",\\\"unformated_start_time\\\":\\\"09:30 \\\",\\\"unformated_end_time\\\":\\\"13:30\\\",\\\"timestamp\\\":1678181400,\\\"timezone\\\":\\\"\\\",\\\"url\\\":\\\"https:\\\\\/\\\\\/www.marthapalermo.it\\\\\/en\\\\\/eventi\\\\\/seminars\\\\\/seminario-con-anna-kravtchenko\\\\\/\\\",\\\"location\\\":\\\"\\\",\\\"post_id\\\":23468,\\\"stock_num\\\":null,\\\"className\\\":\\\"\\\",\\\"textColor\\\":\\\"#ffffff\\\",\\\"in_stock\\\":\\\"yes\\\"},{\\\"title\\\":\\\"Meditazione della linea melodica: l\\\\u2019introduzione\\\",\\\"allDay\\\":true,\\\"start\\\":\\\"2023-02-19T16:00:00\\\",\\\"unformated_date\\\":\\\"19 Febbraio 2023\\\",\\\"unformated_start_time\\\":\\\"16:00 \\\",\\\"unformated_end_time\\\":\\\"20:00\\\",\\\"timestamp\\\":1676822400,\\\"timezone\\\":\\\"\\\",\\\"url\\\":\\\"https:\\\\\/\\\\\/www.marthapalermo.it\\\\\/en\\\\\/eventi\\\\\/seminars\\\\\/meditazione-della-linea-melodica-lintroduzione\\\\\/\\\",\\\"location\\\":\\\"\\\",\\\"post_id\\\":23362,\\\"stock_num\\\":null,\\\"className\\\":\\\"fooevents-expired-event-calendar\\\",\\\"textColor\\\":\\\"#ffffff\\\",\\\"in_stock\\\":\\\"yes\\\"},{\\\"title\\\":\\\"Musica e Spiritualit\\\\u00e0 nelle composizioni di Eliodoro Sollima\\\",\\\"allDay\\\":true,\\\"start\\\":\\\"2023-01-29T16:00:00\\\",\\\"unformated_date\\\":\\\"29 Gennaio 2023\\\",\\\"unformated_start_time\\\":\\\"16:00 \\\",\\\"unformated_end_time\\\":\\\"20:00\\\",\\\"timestamp\\\":1675008000,\\\"timezone\\\":\\\"\\\",\\\"url\\\":\\\"https:\\\\\/\\\\\/www.marthapalermo.it\\\\\/en\\\\\/eventi\\\\\/seminars\\\\\/musica-e-spiritualita-nelle-composizioni-di-eliodoro-sollima\\\\\/\\\",\\\"location\\\":\\\"\\\",\\\"post_id\\\":23361,\\\"stock_num\\\":null,\\\"className\\\":\\\"\\\",\\\"color\\\":\\\"#d26962\\\",\\\"textColor\\\":\\\"#ffffff\\\",\\\"in_stock\\\":\\\"yes\\\"}]}';\r\n        var settings = JSON.parse(localObj);    \r\n        if( jQuery('#'+settings.id).length ) {\r\n            jQuery('#'+settings.id).fullCalendar(settings);\r\n        }\r\n    })(jQuery);\r\n});\r\n<\/script>\r\n\t\t\t\t<\/div>\n\t\t\t\t<\/div>\n\t\t\t\t<div class=\"elementor-element elementor-element-5fee012 elementor-align-left elementor-widget elementor-widget-button\" data-id=\"5fee012\" data-element_type=\"widget\" data-e-type=\"widget\" data-widget_type=\"button.default\">\n\t\t\t\t<div class=\"elementor-widget-container\">\n\t\t\t\t\t\t\t\t\t<div class=\"elementor-button-wrapper\">\n\t\t\t\t\t<a class=\"elementor-button elementor-button-link elementor-size-sm\" href=\"https:\/\/www.marthapalermo.it\/en\/events\/\">\n\t\t\t\t\t\t<span class=\"elementor-button-content-wrapper\">\n\t\t\t\t\t\t\t\t\t<span class=\"elementor-button-text\">DISCOVER ALL EVENTS<\/span>\n\t\t\t\t\t<\/span>\n\t\t\t\t\t<\/a>\n\t\t\t\t<\/div>\n\t\t\t\t\t\t\t\t<\/div>\n\t\t\t\t<\/div>\n\t\t\t\t\t<\/div>\n\t\t<\/div>\n\t\t\t\t<div class=\"elementor-column elementor-col-50 elementor-top-column elementor-element elementor-element-4c470b2\" data-id=\"4c470b2\" data-element_type=\"column\" data-e-type=\"column\">\n\t\t\t<div class=\"elementor-widget-wrap\">\n\t\t\t\t\t\t\t<\/div>\n\t\t<\/div>\n\t\t\t\t\t<\/div>\n\t\t<\/section>\n\t\t\t\t<section class=\"elementor-section elementor-top-section elementor-element elementor-element-7462904 elementor-section-full_width elementor-section-content-middle elementor-section-height-default elementor-section-height-default\" data-id=\"7462904\" data-element_type=\"section\" data-e-type=\"section\">\n\t\t\t\t\t\t<div class=\"elementor-container elementor-column-gap-narrow\">\n\t\t\t\t\t<div class=\"elementor-column elementor-col-100 elementor-top-column elementor-element elementor-element-6924034\" data-id=\"6924034\" data-element_type=\"column\" data-e-type=\"column\">\n\t\t\t<div class=\"elementor-widget-wrap elementor-element-populated\">\n\t\t\t\t\t\t<div class=\"elementor-element elementor-element-5d90788 elementor-widget-divider--view-line elementor-widget elementor-widget-divider\" data-id=\"5d90788\" data-element_type=\"widget\" data-e-type=\"widget\" data-widget_type=\"divider.default\">\n\t\t\t\t<div class=\"elementor-widget-container\">\n\t\t\t\t\t\t\t<div class=\"elementor-divider\">\n\t\t\t<span class=\"elementor-divider-separator\">\n\t\t\t\t\t\t<\/span>\n\t\t<\/div>\n\t\t\t\t\t\t<\/div>\n\t\t\t\t<\/div>\n\t\t\t\t\t<\/div>\n\t\t<\/div>\n\t\t\t\t\t<\/div>\n\t\t<\/section>\n\t\t\t\t<section class=\"elementor-section elementor-top-section elementor-element elementor-element-d7c339e elementor-section-full_width elementor-section-stretched elementor-section-height-default elementor-section-height-default\" data-id=\"d7c339e\" data-element_type=\"section\" data-e-type=\"section\" data-settings=\"{&quot;stretch_section&quot;:&quot;section-stretched&quot;,&quot;background_background&quot;:&quot;classic&quot;}\">\n\t\t\t\t\t\t<div class=\"elementor-container elementor-column-gap-default\">\n\t\t\t\t\t<div class=\"elementor-column elementor-col-100 elementor-top-column elementor-element elementor-element-1fde824\" data-id=\"1fde824\" data-element_type=\"column\" data-e-type=\"column\">\n\t\t\t<div class=\"elementor-widget-wrap elementor-element-populated\">\n\t\t\t\t\t\t<div class=\"elementor-element elementor-element-ca18dc0 elementor-widget elementor-widget-heading\" data-id=\"ca18dc0\" data-element_type=\"widget\" data-e-type=\"widget\" data-widget_type=\"heading.default\">\n\t\t\t\t<div class=\"elementor-widget-container\">\n\t\t\t\t\t<h1 class=\"elementor-heading-title elementor-size-default\"><b>HOUSE<\/b> CONCERT \u2b24\u2b24<\/h1>\t\t\t\t<\/div>\n\t\t\t\t<\/div>\n\t\t\t\t\t<\/div>\n\t\t<\/div>\n\t\t\t\t\t<\/div>\n\t\t<\/section>\n\t\t\t\t<section class=\"elementor-section elementor-top-section elementor-element elementor-element-038a5d2 elementor-section-full_width elementor-section-content-middle elementor-section-height-default elementor-section-height-default\" data-id=\"038a5d2\" data-element_type=\"section\" data-e-type=\"section\" data-settings=\"{&quot;background_background&quot;:&quot;classic&quot;}\">\n\t\t\t\t\t\t<div class=\"elementor-container elementor-column-gap-no\">\n\t\t\t\t\t<div class=\"elementor-column elementor-col-50 elementor-top-column elementor-element elementor-element-3ddc6c4\" data-id=\"3ddc6c4\" data-element_type=\"column\" data-e-type=\"column\">\n\t\t\t<div class=\"elementor-widget-wrap elementor-element-populated\">\n\t\t\t\t\t\t<div class=\"elementor-element elementor-element-61c344b elementor-widget elementor-widget-heading\" data-id=\"61c344b\" data-element_type=\"widget\" data-e-type=\"widget\" data-widget_type=\"heading.default\">\n\t\t\t\t<div class=\"elementor-widget-container\">\n\t\t\t\t\t<p class=\"elementor-heading-title elementor-size-default\">SHARING AND LISTENING<\/p>\t\t\t\t<\/div>\n\t\t\t\t<\/div>\n\t\t\t\t<div class=\"elementor-element elementor-element-7b2a5a4 elementor-widget elementor-widget-text-editor\" data-id=\"7b2a5a4\" data-element_type=\"widget\" data-e-type=\"widget\" data-widget_type=\"text-editor.default\">\n\t\t\t\t<div class=\"elementor-widget-container\">\n\t\t\t\t\t\t\t\t\tThe House Concerts hosted by MARTHA are immersive experiences where audiences are welcomed into an intimate atmosphere in direct connection with the music and guest artists.\nA precious opportunity for socializing among musicians and enthusiasts.\t\t\t\t\t\t\t\t<\/div>\n\t\t\t\t<\/div>\n\t\t\t\t<div class=\"elementor-element elementor-element-3a82084 elementor-align-left elementor-widget elementor-widget-button\" data-id=\"3a82084\" data-element_type=\"widget\" data-e-type=\"widget\" data-widget_type=\"button.default\">\n\t\t\t\t<div class=\"elementor-widget-container\">\n\t\t\t\t\t\t\t\t\t<div class=\"elementor-button-wrapper\">\n\t\t\t\t\t<a class=\"elementor-button elementor-button-link elementor-size-sm\" href=\"https:\/\/www.marthapalermo.it\/en\/house-concert\/\">\n\t\t\t\t\t\t<span class=\"elementor-button-content-wrapper\">\n\t\t\t\t\t\t\t\t\t<span class=\"elementor-button-text\">FIND OUT MORE<\/span>\n\t\t\t\t\t<\/span>\n\t\t\t\t\t<\/a>\n\t\t\t\t<\/div>\n\t\t\t\t\t\t\t\t<\/div>\n\t\t\t\t<\/div>\n\t\t\t\t\t<\/div>\n\t\t<\/div>\n\t\t\t\t<div class=\"elementor-column elementor-col-50 elementor-top-column elementor-element elementor-element-93e7c1a\" data-id=\"93e7c1a\" data-element_type=\"column\" data-e-type=\"column\">\n\t\t\t<div class=\"elementor-widget-wrap elementor-element-populated\">\n\t\t\t\t\t\t<div class=\"elementor-element elementor-element-1067d17 elementor-grid-2 elementor-grid-tablet-3 elementor-grid-mobile-2 elementor-products-grid elementor-wc-products elementor-widget elementor-widget-woocommerce-products\" data-id=\"1067d17\" data-element_type=\"widget\" data-e-type=\"widget\" data-widget_type=\"woocommerce-products.default\">\n\t\t\t\t<div class=\"elementor-widget-container\">\n\t\t\t\t\t<div class=\"woocommerce columns-2 \"><ul class=\"products elementor-grid columns-2\">\n<li class=\"ast-article-single desktop-align-left tablet-align-left mobile-align-left product type-product post-33630 status-publish first instock product_cat-house-concert-en product_tag-house-concert has-post-thumbnail taxable shipping-taxable purchasable product-type-variable\">\n\t<div class=\"astra-shop-thumbnail-wrap\"><a href=\"https:\/\/www.marthapalermo.it\/en\/eventi\/house-concert-en\/morgen-piano-trio\/\" class=\"woocommerce-LoopProduct-link woocommerce-loop-product__link\"><img fetchpriority=\"high\" decoding=\"async\" width=\"600\" height=\"600\" src=\"https:\/\/www.marthapalermo.it\/wp-content\/uploads\/2025\/12\/MicroSeason_4-concerto_06-600x600.jpg\" class=\"attachment-woocommerce_thumbnail size-woocommerce_thumbnail\" alt=\"MicroSeason_4-concert_06\" srcset=\"https:\/\/www.marthapalermo.it\/wp-content\/uploads\/2025\/12\/MicroSeason_4-concerto_06-600x600.jpg 600w, https:\/\/www.marthapalermo.it\/wp-content\/uploads\/2025\/12\/MicroSeason_4-concerto_06-300x300.jpg 300w, https:\/\/www.marthapalermo.it\/wp-content\/uploads\/2025\/12\/MicroSeason_4-concerto_06-150x150.jpg 150w, https:\/\/www.marthapalermo.it\/wp-content\/uploads\/2025\/12\/MicroSeason_4-concerto_06-768x768.jpg 768w, https:\/\/www.marthapalermo.it\/wp-content\/uploads\/2025\/12\/MicroSeason_4-concerto_06-32x32.jpg 32w, https:\/\/www.marthapalermo.it\/wp-content\/uploads\/2025\/12\/MicroSeason_4-concerto_06-100x100.jpg 100w, https:\/\/www.marthapalermo.it\/wp-content\/uploads\/2025\/12\/MicroSeason_4-concerto_06.jpg 842w\" sizes=\"(max-width: 600px) 100vw, 600px\" \/><\/a><\/div><div class=\"astra-shop-summary-wrap\">\t\t\t<span class=\"ast-woo-product-category\">\n\t\t\t\tHouse concert\t\t\t<\/span>\n\t\t\t<a href=\"https:\/\/www.marthapalermo.it\/en\/eventi\/house-concert-en\/morgen-piano-trio\/\" class=\"ast-loop-product__link\"><h2 class=\"woocommerce-loop-product__title\">Morgen Piano Trio<\/h2><\/a><\/div><\/li>\n<\/ul>\n<\/div>\t\t\t\t<\/div>\n\t\t\t\t<\/div>\n\t\t\t\t\t<\/div>\n\t\t<\/div>\n\t\t\t\t\t<\/div>\n\t\t<\/section>\n\t\t\t\t<\/div>\n\t\t","protected":false},"excerpt":{"rendered":"<p>ANNUAL COURSES OF HIGH MUSIC PERFECTION2024-2025 MARTHA \u2b24 MUSIC ART HOUSE ACADEMY\u2b24Conducted by maestros from the international scene and leading orchestras in Europe. \u2b24 Each annual course comprises eight monthly meetings \u2b24 They include workshops and seminars focusing on topics that are indispensable in a concert performer&#8217;s career today \u2b24 In Palermo, from October 2024 [&hellip;]<\/p>\n","protected":false},"author":1,"featured_media":0,"parent":0,"menu_order":0,"comment_status":"closed","ping_status":"closed","template":"","meta":{"_acf_changed":false,"give_campaign_id":0,"_monsterinsights_skip_tracking":false,"_monsterinsights_sitenote_active":false,"_monsterinsights_sitenote_note":"","_monsterinsights_sitenote_category":0,"site-sidebar-layout":"no-sidebar","site-content-layout":"page-builder","ast-site-content-layout":"full-width-container","site-content-style":"unboxed","site-sidebar-style":"unboxed","ast-global-header-display":"","ast-banner-title-visibility":"","ast-main-header-display":"","ast-hfb-above-header-display":"","ast-hfb-below-header-display":"","ast-hfb-mobile-header-display":"","site-post-title":"disabled","ast-breadcrumbs-content":"","ast-featured-img":"disabled","footer-sml-layout":"","ast-disable-related-posts":"","theme-transparent-header-meta":"","adv-header-id-meta":"","stick-header-meta":"","header-above-stick-meta":"","header-main-stick-meta":"","header-below-stick-meta":"","astra-migrate-meta-layouts":"set","ast-page-background-enabled":"default","ast-page-background-meta":{"desktop":{"background-color":"var(--ast-global-color-4)","background-image":"","background-repeat":"repeat","background-position":"center center","background-size":"auto","background-attachment":"scroll","background-type":"","background-media":"","overlay-type":"","overlay-color":"","overlay-opacity":"","overlay-gradient":""},"tablet":{"background-color":"","background-image":"","background-repeat":"repeat","background-position":"center center","background-size":"auto","background-attachment":"scroll","background-type":"","background-media":"","overlay-type":"","overlay-color":"","overlay-opacity":"","overlay-gradient":""},"mobile":{"background-color":"","background-image":"","background-repeat":"repeat","background-position":"center center","background-size":"auto","background-attachment":"scroll","background-type":"","background-media":"","overlay-type":"","overlay-color":"","overlay-opacity":"","overlay-gradient":""}},"ast-content-background-meta":{"desktop":{"background-color":"var(--ast-global-color-5)","background-image":"","background-repeat":"repeat","background-position":"center center","background-size":"auto","background-attachment":"scroll","background-type":"","background-media":"","overlay-type":"","overlay-color":"","overlay-opacity":"","overlay-gradient":""},"tablet":{"background-color":"var(--ast-global-color-5)","background-image":"","background-repeat":"repeat","background-position":"center center","background-size":"auto","background-attachment":"scroll","background-type":"","background-media":"","overlay-type":"","overlay-color":"","overlay-opacity":"","overlay-gradient":""},"mobile":{"background-color":"var(--ast-global-color-5)","background-image":"","background-repeat":"repeat","background-position":"center center","background-size":"auto","background-attachment":"scroll","background-type":"","background-media":"","overlay-type":"","overlay-color":"","overlay-opacity":"","overlay-gradient":""}},"footnotes":""},"class_list":["post-26663","page","type-page","status-publish","hentry"],"acf":[],"campaignId":"","_links":{"self":[{"href":"https:\/\/www.marthapalermo.it\/en\/wp-json\/wp\/v2\/pages\/26663","targetHints":{"allow":["GET"]}}],"collection":[{"href":"https:\/\/www.marthapalermo.it\/en\/wp-json\/wp\/v2\/pages"}],"about":[{"href":"https:\/\/www.marthapalermo.it\/en\/wp-json\/wp\/v2\/types\/page"}],"author":[{"embeddable":true,"href":"https:\/\/www.marthapalermo.it\/en\/wp-json\/wp\/v2\/users\/1"}],"replies":[{"embeddable":true,"href":"https:\/\/www.marthapalermo.it\/en\/wp-json\/wp\/v2\/comments?post=26663"}],"version-history":[{"count":0,"href":"https:\/\/www.marthapalermo.it\/en\/wp-json\/wp\/v2\/pages\/26663\/revisions"}],"wp:attachment":[{"href":"https:\/\/www.marthapalermo.it\/en\/wp-json\/wp\/v2\/media?parent=26663"}],"curies":[{"name":"wp","href":"https:\/\/api.w.org\/{rel}","templated":true}]}}